{"id":121,"date":"2024-04-30T15:52:49","date_gmt":"2024-04-30T13:52:49","guid":{"rendered":"http:\/\/cdu-kaarst.de\/ueber-uns\/"},"modified":"2025-11-10T13:40:41","modified_gmt":"2025-11-10T12:40:41","slug":"partei","status":"publish","type":"page","link":"https:\/\/cdu-kaarst.de\/en\/partei\/","title":{"rendered":"Party"},"content":{"rendered":"<div data-elementor-type=\"wp-page\" data-elementor-id=\"121\" class=\"elementor elementor-121\" data-elementor-post-type=\"page\">\n\t\t\t\t\t\t<section class=\"elementor-section elementor-top-section elementor-element elementor-element-1b4d7fa elementor-section-boxed elementor-section-height-default elementor-section-height-default\" data-id=\"1b4d7fa\" data-element_type=\"section\" data-e-type=\"section\" data-settings=\"{&quot;jet_parallax_layout_list&quot;:[]}\">\n\t\t\t\t\t\t<div class=\"elementor-container elementor-column-gap-default\">\n\t\t\t\t\t<div class=\"elementor-column elementor-col-100 elementor-top-column elementor-element elementor-element-50a0f53\" data-id=\"50a0f53\" data-element_type=\"column\" data-e-type=\"column\">\n\t\t\t<div class=\"elementor-widget-wrap elementor-element-populated\">\n\t\t\t\t\t\t<div class=\"elementor-element elementor-element-4a434dd elementor-widget elementor-widget-heading\" data-id=\"4a434dd\" data-element_type=\"widget\" data-e-type=\"widget\" data-widget_type=\"heading.default\">\n\t\t\t\t<div class=\"elementor-widget-container\">\n\t\t\t\t\t<h2 class=\"elementor-heading-title elementor-size-default\">Ladies and Gentlemen, <br>\nDear Kaarst citizen,<\/h2>\t\t\t\t<\/div>\n\t\t\t\t<\/div>\n\t\t\t\t<div class=\"elementor-element elementor-element-528729a elementor-widget elementor-widget-text-editor\" data-id=\"528729a\" data-element_type=\"widget\" data-e-type=\"widget\" data-widget_type=\"text-editor.default\">\n\t\t\t\t<div class=\"elementor-widget-container\">\n\t\t\t\t\t\t\t\t\t<p>We are delighted that you have chosen to visit us via this website and find out more about what we do. The <b>CDU Kaarst are committed citizens,<\/b> who have been committed to the interests and future of the town of Kaarst and its five districts for many years.\u00a0<span style=\"color: var( --e-global-color-secondary );\">Each and every one of them puts their mind, knowledge and heart and soul into making our city even more liveable. <\/span><b style=\"color: var( --e-global-color-secondary );\">We represent many interests: We want the economy to flourish, because this is the only way to create good jobs and lots of jobs.\u00a0<\/b><span style=\"color: var( --e-global-color-secondary );\"><b>services.<\/b> The diverse organisation of clubs and associations is as important to us as the healthcare system and, of course, we want you to get from A to B safely and comfortably. A sustainable environment is just as important to us as the education of our children.<\/span><\/p><p>However, a city is also worth living in thanks to many local cultural events - we definitely want to continue to promote this, <b>because community is created through encounters;<\/b> How nice it is when we meet at events such as the shooting festivals, Many Nations One City, at the Albert Einstein Forum for cabaret events or at the Tuppenhof for readings - to name just a few.<\/p><p><span style=\"color: var( --e-global-color-secondary );\">Kaarst - that's B\u00fcttgen, Driesch, Holzb\u00fcttgen, Kaarst-Mitte and Vorst. Kaarst is the Rhineland way of life, urban flair and rural idyll. Kaarst is culture and business. Kaarst is tradition and future.\u00a0<\/span>We want everyone in Kaarst - young and old - to feel at home in this city and\u00a0<span style=\"color: var( --e-global-color-secondary );\">that everyone lives well here.<\/span><\/p><p>The <b>CDU is the party with the most members in Kaarst<\/b> and of course we want to continue to grow, because we can only change things if many people pull together, if many people are committed to a good cause.\u00a0<\/p><p><b>Stay in contact with us<\/b> online and offline, please visit our <a href=\"https:\/\/cdu-kaarst.de\/en\/termine\/\">events<\/a> or write to us at <a href=\"mailto:info@cdu-kaarst.de\">info@cdu-kaarst.de<\/a><\/p><p>I greet you warmly<\/p><p><a href=\"https:\/\/cdu-kaarst.de\/en\/personen\/christian-horn-heinemann\/\"><em>Yours Christian<b> Horn-Heinemann<\/b><\/em><\/a><\/p>\t\t\t\t\t\t\t\t<\/div>\n\t\t\t\t<\/div>\n\t\t\t\t<div class=\"elementor-element elementor-element-2b42201 elementor-view-framed elementor-position-inline-end elementor-widget__width-inherit elementor-shape-circle elementor-mobile-position-block-start elementor-widget elementor-widget-icon-box\" data-id=\"2b42201\" data-element_type=\"widget\" data-e-type=\"widget\" data-widget_type=\"icon-box.default\">\n\t\t\t\t<div class=\"elementor-widget-container\">\n\t\t\t\t\t\t\t<div class=\"elementor-icon-box-wrapper\">\n\n\t\t\t\t\t\t<div class=\"elementor-icon-box-icon\">\n\t\t\t\t<a href=\"https:\/\/cdu-kaarst.de\/en\/partei\/mitglied-werden\/\" class=\"elementor-icon\" tabindex=\"-1\" aria-label=\"&lt;span class=&quot;headline2&quot;&gt;Become a member&lt;\/span&gt;\">\n\t\t\t\t<i aria-hidden=\"true\" class=\"far fa-heart\"><\/i>\t\t\t\t<\/a>\n\t\t\t<\/div>\n\t\t\t\n\t\t\t\t\t\t<div class=\"elementor-icon-box-content\">\n\n\t\t\t\t\t\t\t\t\t<h3 class=\"elementor-icon-box-title\">\n\t\t\t\t\t\t<a href=\"https:\/\/cdu-kaarst.de\/en\/partei\/mitglied-werden\/\" >\n\t\t\t\t\t\t\t<span class=\"headline2\">Become a member<\/span>\t\t\t\t\t\t<\/a>\n\t\t\t\t\t<\/h3>\n\t\t\t\t\n\t\t\t\t\n\t\t\t<\/div>\n\t\t\t\n\t\t<\/div>\n\t\t\t\t\t\t<\/div>\n\t\t\t\t<\/div>\n\t\t\t\t\t<\/div>\n\t\t<\/div>\n\t\t\t\t\t<\/div>\n\t\t<\/section>\n\t\t\t\t<\/div>","protected":false},"excerpt":{"rendered":"<p>Sehr geehrte Damen und Herren, lieber Kaarster B\u00fcrger, wir freuen uns, dass Sie uns \u00fcber diesen Weg besuchen und sich \u00fcber unser Tun informieren wollen. Die CDU Kaarst sind engagierte B\u00fcrger, die sich seit Jahren f\u00fcr die Belange und die Zukunft der Stadt Kaarst mit Ihren f\u00fcnf Ortsteilen einsetzen.\u00a0Jeder von ihnen ist mit Verstand, Wissen [&hellip;]<\/p>\n","protected":false},"author":1,"featured_media":7061,"parent":0,"menu_order":0,"comment_status":"closed","ping_status":"closed","template":"","meta":{"footnotes":""},"class_list":["post-121","page","type-page","status-publish","has-post-thumbnail","hentry"],"yoast_head":"<!-- This site is optimized with the Yoast SEO plugin v27.4 - https:\/\/yoast.com\/product\/yoast-seo-wordpress\/ -->\n<title>Partei - CDU Kaarst-B\u00fcttgen<\/title>\n<meta name=\"robots\" content=\"index, follow, max-snippet:-1, max-image-preview:large, max-video-preview:-1\" \/>\n<link rel=\"canonical\" href=\"https:\/\/cdu-kaarst.de\/en\/partei\/\" \/>\n<meta property=\"og:locale\" content=\"en_GB\" \/>\n<meta property=\"og:type\" content=\"article\" \/>\n<meta property=\"og:title\" content=\"Partei - CDU Kaarst-B\u00fcttgen\" \/>\n<meta property=\"og:description\" content=\"Sehr geehrte Damen und Herren, lieber Kaarster B\u00fcrger, wir freuen uns, dass Sie uns \u00fcber diesen Weg besuchen und sich \u00fcber unser Tun informieren wollen. Die CDU Kaarst sind engagierte B\u00fcrger, die sich seit Jahren f\u00fcr die Belange und die Zukunft der Stadt Kaarst mit Ihren f\u00fcnf Ortsteilen einsetzen.\u00a0Jeder von ihnen ist mit Verstand, Wissen [&hellip;]\" \/>\n<meta property=\"og:url\" content=\"https:\/\/cdu-kaarst.de\/en\/partei\/\" \/>\n<meta property=\"og:site_name\" content=\"CDU Kaarst-B\u00fcttgen\" \/>\n<meta property=\"article:modified_time\" content=\"2025-11-10T12:40:41+00:00\" \/>\n<meta property=\"og:image\" content=\"https:\/\/cdu-kaarst.de\/wp-content\/uploads\/cdu-kaarst-parteispitze.jpg\" \/>\n\t<meta property=\"og:image:width\" content=\"1400\" \/>\n\t<meta property=\"og:image:height\" content=\"933\" \/>\n\t<meta property=\"og:image:type\" content=\"image\/jpeg\" \/>\n<meta name=\"twitter:card\" content=\"summary_large_image\" \/>\n<meta name=\"twitter:label1\" content=\"Estimated reading time\" \/>\n\t<meta name=\"twitter:data1\" content=\"2 minutes\" \/>\n<script type=\"application\/ld+json\" class=\"yoast-schema-graph\">{\"@context\":\"https:\\\/\\\/schema.org\",\"@graph\":[{\"@type\":\"WebPage\",\"@id\":\"https:\\\/\\\/cdu-kaarst.de\\\/partei\\\/\",\"url\":\"https:\\\/\\\/cdu-kaarst.de\\\/partei\\\/\",\"name\":\"Partei - CDU Kaarst-B\u00fcttgen\",\"isPartOf\":{\"@id\":\"https:\\\/\\\/cdu-kaarst.de\\\/#website\"},\"primaryImageOfPage\":{\"@id\":\"https:\\\/\\\/cdu-kaarst.de\\\/partei\\\/#primaryimage\"},\"image\":{\"@id\":\"https:\\\/\\\/cdu-kaarst.de\\\/partei\\\/#primaryimage\"},\"thumbnailUrl\":\"https:\\\/\\\/cdu-kaarst.de\\\/wp-content\\\/uploads\\\/cdu-kaarst-parteispitze.jpg\",\"datePublished\":\"2024-04-30T13:52:49+00:00\",\"dateModified\":\"2025-11-10T12:40:41+00:00\",\"breadcrumb\":{\"@id\":\"https:\\\/\\\/cdu-kaarst.de\\\/partei\\\/#breadcrumb\"},\"inLanguage\":\"en-GB\",\"potentialAction\":[{\"@type\":\"ReadAction\",\"target\":[\"https:\\\/\\\/cdu-kaarst.de\\\/partei\\\/\"]}]},{\"@type\":\"ImageObject\",\"inLanguage\":\"en-GB\",\"@id\":\"https:\\\/\\\/cdu-kaarst.de\\\/partei\\\/#primaryimage\",\"url\":\"https:\\\/\\\/cdu-kaarst.de\\\/wp-content\\\/uploads\\\/cdu-kaarst-parteispitze.jpg\",\"contentUrl\":\"https:\\\/\\\/cdu-kaarst.de\\\/wp-content\\\/uploads\\\/cdu-kaarst-parteispitze.jpg\",\"width\":1400,\"height\":933},{\"@type\":\"BreadcrumbList\",\"@id\":\"https:\\\/\\\/cdu-kaarst.de\\\/partei\\\/#breadcrumb\",\"itemListElement\":[{\"@type\":\"ListItem\",\"position\":1,\"name\":\"Startseite\",\"item\":\"https:\\\/\\\/cdu-kaarst.de\\\/\"},{\"@type\":\"ListItem\",\"position\":2,\"name\":\"Partei\"}]},{\"@type\":\"WebSite\",\"@id\":\"https:\\\/\\\/cdu-kaarst.de\\\/#website\",\"url\":\"https:\\\/\\\/cdu-kaarst.de\\\/\",\"name\":\"CDU Kaarst-B\u00fcttgen\",\"description\":\"gut Leben in Kaarst\",\"publisher\":{\"@id\":\"https:\\\/\\\/cdu-kaarst.de\\\/#organization\"},\"potentialAction\":[{\"@type\":\"SearchAction\",\"target\":{\"@type\":\"EntryPoint\",\"urlTemplate\":\"https:\\\/\\\/cdu-kaarst.de\\\/?s={search_term_string}\"},\"query-input\":{\"@type\":\"PropertyValueSpecification\",\"valueRequired\":true,\"valueName\":\"search_term_string\"}}],\"inLanguage\":\"en-GB\"},{\"@type\":\"Organization\",\"@id\":\"https:\\\/\\\/cdu-kaarst.de\\\/#organization\",\"name\":\"CDU Kaarst-B\u00fcttgen\",\"url\":\"https:\\\/\\\/cdu-kaarst.de\\\/\",\"logo\":{\"@type\":\"ImageObject\",\"inLanguage\":\"en-GB\",\"@id\":\"https:\\\/\\\/cdu-kaarst.de\\\/#\\\/schema\\\/logo\\\/image\\\/\",\"url\":\"https:\\\/\\\/cdu-kaarst.de\\\/wp-content\\\/uploads\\\/cdu-gesamtlogo.png\",\"contentUrl\":\"https:\\\/\\\/cdu-kaarst.de\\\/wp-content\\\/uploads\\\/cdu-gesamtlogo.png\",\"width\":418,\"height\":120,\"caption\":\"CDU Kaarst-B\u00fcttgen\"},\"image\":{\"@id\":\"https:\\\/\\\/cdu-kaarst.de\\\/#\\\/schema\\\/logo\\\/image\\\/\"}}]}<\/script>\n<!-- \/ Yoast SEO plugin. -->","yoast_head_json":{"title":"Party - CDU Kaarst-B\u00fcttgen","robots":{"index":"index","follow":"follow","max-snippet":"max-snippet:-1","max-image-preview":"max-image-preview:large","max-video-preview":"max-video-preview:-1"},"canonical":"https:\/\/cdu-kaarst.de\/en\/partei\/","og_locale":"en_GB","og_type":"article","og_title":"Partei - CDU Kaarst-B\u00fcttgen","og_description":"Sehr geehrte Damen und Herren, lieber Kaarster B\u00fcrger, wir freuen uns, dass Sie uns \u00fcber diesen Weg besuchen und sich \u00fcber unser Tun informieren wollen. Die CDU Kaarst sind engagierte B\u00fcrger, die sich seit Jahren f\u00fcr die Belange und die Zukunft der Stadt Kaarst mit Ihren f\u00fcnf Ortsteilen einsetzen.\u00a0Jeder von ihnen ist mit Verstand, Wissen [&hellip;]","og_url":"https:\/\/cdu-kaarst.de\/en\/partei\/","og_site_name":"CDU Kaarst-B\u00fcttgen","article_modified_time":"2025-11-10T12:40:41+00:00","og_image":[{"width":1400,"height":933,"url":"https:\/\/cdu-kaarst.de\/wp-content\/uploads\/cdu-kaarst-parteispitze.jpg","type":"image\/jpeg"}],"twitter_card":"summary_large_image","twitter_misc":{"Estimated reading time":"2 minutes"},"schema":{"@context":"https:\/\/schema.org","@graph":[{"@type":"WebPage","@id":"https:\/\/cdu-kaarst.de\/partei\/","url":"https:\/\/cdu-kaarst.de\/partei\/","name":"Party - CDU Kaarst-B\u00fcttgen","isPartOf":{"@id":"https:\/\/cdu-kaarst.de\/#website"},"primaryImageOfPage":{"@id":"https:\/\/cdu-kaarst.de\/partei\/#primaryimage"},"image":{"@id":"https:\/\/cdu-kaarst.de\/partei\/#primaryimage"},"thumbnailUrl":"https:\/\/cdu-kaarst.de\/wp-content\/uploads\/cdu-kaarst-parteispitze.jpg","datePublished":"2024-04-30T13:52:49+00:00","dateModified":"2025-11-10T12:40:41+00:00","breadcrumb":{"@id":"https:\/\/cdu-kaarst.de\/partei\/#breadcrumb"},"inLanguage":"en-GB","potentialAction":[{"@type":"ReadAction","target":["https:\/\/cdu-kaarst.de\/partei\/"]}]},{"@type":"ImageObject","inLanguage":"en-GB","@id":"https:\/\/cdu-kaarst.de\/partei\/#primaryimage","url":"https:\/\/cdu-kaarst.de\/wp-content\/uploads\/cdu-kaarst-parteispitze.jpg","contentUrl":"https:\/\/cdu-kaarst.de\/wp-content\/uploads\/cdu-kaarst-parteispitze.jpg","width":1400,"height":933},{"@type":"BreadcrumbList","@id":"https:\/\/cdu-kaarst.de\/partei\/#breadcrumb","itemListElement":[{"@type":"ListItem","position":1,"name":"Startseite","item":"https:\/\/cdu-kaarst.de\/"},{"@type":"ListItem","position":2,"name":"Partei"}]},{"@type":"WebSite","@id":"https:\/\/cdu-kaarst.de\/#website","url":"https:\/\/cdu-kaarst.de\/","name":"CDU Kaarst-B\u00fcttgen","description":"living well in Kaarst","publisher":{"@id":"https:\/\/cdu-kaarst.de\/#organization"},"potentialAction":[{"@type":"SearchAction","target":{"@type":"EntryPoint","urlTemplate":"https:\/\/cdu-kaarst.de\/?s={search_term_string}"},"query-input":{"@type":"PropertyValueSpecification","valueRequired":true,"valueName":"search_term_string"}}],"inLanguage":"en-GB"},{"@type":"Organization","@id":"https:\/\/cdu-kaarst.de\/#organization","name":"CDU Kaarst-B\u00fcttgen","url":"https:\/\/cdu-kaarst.de\/","logo":{"@type":"ImageObject","inLanguage":"en-GB","@id":"https:\/\/cdu-kaarst.de\/#\/schema\/logo\/image\/","url":"https:\/\/cdu-kaarst.de\/wp-content\/uploads\/cdu-gesamtlogo.png","contentUrl":"https:\/\/cdu-kaarst.de\/wp-content\/uploads\/cdu-gesamtlogo.png","width":418,"height":120,"caption":"CDU Kaarst-B\u00fcttgen"},"image":{"@id":"https:\/\/cdu-kaarst.de\/#\/schema\/logo\/image\/"}}]}},"_links":{"self":[{"href":"https:\/\/cdu-kaarst.de\/en\/wp-json\/wp\/v2\/pages\/121","targetHints":{"allow":["GET"]}}],"collection":[{"href":"https:\/\/cdu-kaarst.de\/en\/wp-json\/wp\/v2\/pages"}],"about":[{"href":"https:\/\/cdu-kaarst.de\/en\/wp-json\/wp\/v2\/types\/page"}],"author":[{"embeddable":true,"href":"https:\/\/cdu-kaarst.de\/en\/wp-json\/wp\/v2\/users\/1"}],"replies":[{"embeddable":true,"href":"https:\/\/cdu-kaarst.de\/en\/wp-json\/wp\/v2\/comments?post=121"}],"version-history":[{"count":107,"href":"https:\/\/cdu-kaarst.de\/en\/wp-json\/wp\/v2\/pages\/121\/revisions"}],"predecessor-version":[{"id":7062,"href":"https:\/\/cdu-kaarst.de\/en\/wp-json\/wp\/v2\/pages\/121\/revisions\/7062"}],"wp:featuredmedia":[{"embeddable":true,"href":"https:\/\/cdu-kaarst.de\/en\/wp-json\/wp\/v2\/media\/7061"}],"wp:attachment":[{"href":"https:\/\/cdu-kaarst.de\/en\/wp-json\/wp\/v2\/media?parent=121"}],"curies":[{"name":"wp","href":"https:\/\/api.w.org\/{rel}","templated":true}]}}