{"id":1931,"date":"2024-05-15T11:24:06","date_gmt":"2024-05-15T09:24:06","guid":{"rendered":"http:\/\/cdu-kaarst.de\/?page_id=1931"},"modified":"2024-08-27T15:47:11","modified_gmt":"2024-08-27T13:47:11","slug":"christlich-demokratische-arbeitnehmerschaft-kaarst-cda","status":"publish","type":"page","link":"https:\/\/cdu-kaarst.de\/en\/partei\/vereinigungen\/christlich-demokratische-arbeitnehmerschaft-kaarst-cda\/","title":{"rendered":"Christian Democratic Labour Kaarst (CDA)"},"content":{"rendered":"\t\t<div data-elementor-type=\"wp-page\" data-elementor-id=\"1931\" class=\"elementor elementor-1931\" data-elementor-post-type=\"page\">\n\t\t\t\t\t\t<section class=\"elementor-section elementor-top-section elementor-element elementor-element-9bcbd21 elementor-section-height-min-height elementor-section-items-stretch elementor-section-boxed elementor-section-height-default\" data-id=\"9bcbd21\" data-element_type=\"section\" data-e-type=\"section\" data-settings=\"{&quot;background_background&quot;:&quot;classic&quot;,&quot;jet_parallax_layout_list&quot;:[]}\">\n\t\t\t\t\t\t<div class=\"elementor-container elementor-column-gap-default\">\n\t\t\t\t\t<div class=\"elementor-column elementor-col-50 elementor-top-column elementor-element elementor-element-d640d70\" data-id=\"d640d70\" data-element_type=\"column\" data-e-type=\"column\">\n\t\t\t<div class=\"elementor-widget-wrap elementor-element-populated\">\n\t\t\t\t\t\t<div class=\"elementor-element elementor-element-e19d015 elementor-widget elementor-widget-image\" data-id=\"e19d015\" data-element_type=\"widget\" data-e-type=\"widget\" data-widget_type=\"image.default\">\n\t\t\t\t<div class=\"elementor-widget-container\">\n\t\t\t\t\t\t\t\t\t\t\t\t\t\t\t<img fetchpriority=\"high\" decoding=\"async\" width=\"512\" height=\"512\" src=\"https:\/\/cdu-kaarst.de\/wp-content\/uploads\/cdu-kaarst-vereinigung-cda.jpg\" class=\"attachment-medium_large size-medium_large wp-image-1924\" alt=\"\" srcset=\"https:\/\/cdu-kaarst.de\/wp-content\/uploads\/cdu-kaarst-vereinigung-cda.jpg 512w, https:\/\/cdu-kaarst.de\/wp-content\/uploads\/cdu-kaarst-vereinigung-cda-300x300.jpg 300w, https:\/\/cdu-kaarst.de\/wp-content\/uploads\/cdu-kaarst-vereinigung-cda-150x150.jpg 150w\" sizes=\"(max-width: 512px) 100vw, 512px\" \/>\t\t\t\t\t\t\t\t\t\t\t\t\t\t\t<\/div>\n\t\t\t\t<\/div>\n\t\t\t\t\t<\/div>\n\t\t<\/div>\n\t\t\t\t<div class=\"elementor-column elementor-col-50 elementor-top-column elementor-element elementor-element-c859f3f\" data-id=\"c859f3f\" data-element_type=\"column\" data-e-type=\"column\">\n\t\t\t<div class=\"elementor-widget-wrap elementor-element-populated\">\n\t\t\t\t\t\t<div class=\"elementor-element elementor-element-a595d91 elementor-widget elementor-widget-heading\" data-id=\"a595d91\" data-element_type=\"widget\" data-e-type=\"widget\" data-widget_type=\"heading.default\">\n\t\t\t\t<div class=\"elementor-widget-container\">\n\t\t\t\t\t<h1 class=\"elementor-heading-title elementor-size-default\"><span class=\"headline\">CDA Kaarst <\/span><\/h1>\t\t\t\t<\/div>\n\t\t\t\t<\/div>\n\t\t\t\t\t<\/div>\n\t\t<\/div>\n\t\t\t\t\t<\/div>\n\t\t<\/section>\n\t\t\t\t<section class=\"elementor-section elementor-top-section elementor-element elementor-element-a4873d6 elementor-section-boxed elementor-section-height-default elementor-section-height-default\" data-id=\"a4873d6\" data-element_type=\"section\" data-e-type=\"section\" data-settings=\"{&quot;jet_parallax_layout_list&quot;:[]}\">\n\t\t\t\t\t\t<div class=\"elementor-container elementor-column-gap-default\">\n\t\t\t\t\t<div class=\"elementor-column elementor-col-100 elementor-top-column elementor-element elementor-element-18ca1e0\" data-id=\"18ca1e0\" data-element_type=\"column\" data-e-type=\"column\">\n\t\t\t<div class=\"elementor-widget-wrap elementor-element-populated\">\n\t\t\t\t\t\t<div class=\"elementor-element elementor-element-a1abbfe elementor-widget elementor-widget-heading\" data-id=\"a1abbfe\" data-element_type=\"widget\" data-e-type=\"widget\" data-widget_type=\"heading.default\">\n\t\t\t\t<div class=\"elementor-widget-container\">\n\t\t\t\t\t<h2 class=\"elementor-heading-title elementor-size-default\">Christlich-Demokratische Arbeitnehmerschaft Kaarst<\/h2>\t\t\t\t<\/div>\n\t\t\t\t<\/div>\n\t\t\t\t<div class=\"elementor-element elementor-element-d62aded elementor-widget elementor-widget-text-editor\" data-id=\"d62aded\" data-element_type=\"widget\" data-e-type=\"widget\" data-widget_type=\"text-editor.default\">\n\t\t\t\t<div class=\"elementor-widget-container\">\n\t\t\t\t\t\t\t\t\t<p>Das christliche Menschenbild, unsere Werte und Prinzipien \u2013 Freiheit und Gerechtigkeit, Solidarit\u00e4t und Subsidiarit\u00e4t \u2013 sind der Kompass unserer Politik. Ausgehend von diesem Fundament suchen wir immer wieder neue Antworten auf aktuelle Herausforderungen.<\/p><p>Aus unserem Selbstverst\u00e4ndnis heraus vertreten wir insbesondere die Interessen von Arbeitnehmern und Familien. Wir stehen f\u00fcr Demokratie, Rechtsstaat, Soziale Marktwirtschaft und die Einheit Europas. Jede Diskriminierung von Menschen \u2013 sei es aufgrund ihrer Religion, ihrer ethnischen oder sozialen Herkunft, ihres Geschlechtes oder Alters, ihrer sexuellen Orientierung oder einer Behinderung \u2013 lehnen wir entschieden ab.<br \/>Die Grundlage unserer politischen Arbeit sind die Beschl\u00fcsse von Bundestagung, -ausschuss und -vorstand. Die CDA befasst sich fortlaufend mit den kleinen und gro\u00dfen Problemen unserer Zeit und erarbeitet Vorschl\u00e4ge, wie man sie l\u00f6sen kann.<\/p><p>Das was in der gro\u00dfen Politik im Bund passiert brechen wir runter auf die Stadt Kaarst mit ihren f\u00fcnf Ortsteilen \u2013 nur wenn wir in der Region stark sind, k\u00f6nnen wir es auch im Bund sein. <\/p>\t\t\t\t\t\t\t\t<\/div>\n\t\t\t\t<\/div>\n\t\t\t\t\t<\/div>\n\t\t<\/div>\n\t\t\t\t\t<\/div>\n\t\t<\/section>\n\t\t\t\t<section class=\"elementor-section elementor-top-section elementor-element elementor-element-4a614d9 elementor-section-boxed elementor-section-height-default elementor-section-height-default\" data-id=\"4a614d9\" data-element_type=\"section\" data-e-type=\"section\" data-settings=\"{&quot;jet_parallax_layout_list&quot;:[]}\">\n\t\t\t\t\t\t<div class=\"elementor-container elementor-column-gap-default\">\n\t\t\t\t\t<div class=\"elementor-column elementor-col-100 elementor-top-column elementor-element elementor-element-fe40e44\" data-id=\"fe40e44\" data-element_type=\"column\" data-e-type=\"column\">\n\t\t\t<div class=\"elementor-widget-wrap elementor-element-populated\">\n\t\t\t\t\t\t<div class=\"elementor-element elementor-element-74df058 elementor-widget__width-auto elementor-widget elementor-widget-heading\" data-id=\"74df058\" data-element_type=\"widget\" data-e-type=\"widget\" data-widget_type=\"heading.default\">\n\t\t\t\t<div class=\"elementor-widget-container\">\n\t\t\t\t\t<h2 class=\"elementor-heading-title elementor-size-default\">News<\/h2>\t\t\t\t<\/div>\n\t\t\t\t<\/div>\n\t\t\t\t<div class=\"elementor-element elementor-element-4287bb9 elementor-widget elementor-widget-jet-listing-grid\" data-id=\"4287bb9\" data-element_type=\"widget\" data-e-type=\"widget\" data-settings=\"{&quot;columns&quot;:&quot;2&quot;,&quot;columns_tablet&quot;:&quot;1&quot;}\" data-widget_type=\"jet-listing-grid.default\">\n\t\t\t\t<div class=\"elementor-widget-container\">\n\t\t\t\t\t<div class=\"jet-listing-grid jet-listing\"><div class=\"jet-listing-grid__items grid-col-desk-2 grid-col-tablet-1 grid-col-mobile-1 jet-listing-grid--593\" data-queried-id=\"1931|WP_Post\" data-nav=\"{&quot;enabled&quot;:false,&quot;type&quot;:null,&quot;more_el&quot;:null,&quot;query&quot;:[],&quot;widget_settings&quot;:{&quot;lisitng_id&quot;:593,&quot;posts_num&quot;:6,&quot;columns&quot;:2,&quot;columns_tablet&quot;:1,&quot;columns_mobile&quot;:1,&quot;column_min_width&quot;:240,&quot;column_min_width_tablet&quot;:240,&quot;column_min_width_mobile&quot;:240,&quot;inline_columns_css&quot;:false,&quot;is_archive_template&quot;:&quot;&quot;,&quot;post_status&quot;:[&quot;publish&quot;],&quot;use_random_posts_num&quot;:&quot;&quot;,&quot;max_posts_num&quot;:9,&quot;not_found_message&quot;:&quot;Keine News zugeordnet&quot;,&quot;is_masonry&quot;:false,&quot;equal_columns_height&quot;:&quot;&quot;,&quot;use_load_more&quot;:&quot;&quot;,&quot;load_more_id&quot;:&quot;&quot;,&quot;load_more_type&quot;:&quot;click&quot;,&quot;load_more_offset&quot;:null,&quot;use_custom_post_types&quot;:&quot;&quot;,&quot;custom_post_types&quot;:[],&quot;hide_widget_if&quot;:&quot;&quot;,&quot;carousel_enabled&quot;:&quot;&quot;,&quot;slides_to_scroll&quot;:&quot;1&quot;,&quot;arrows&quot;:&quot;true&quot;,&quot;arrow_icon&quot;:&quot;fa fa-angle-left&quot;,&quot;dots&quot;:&quot;&quot;,&quot;autoplay&quot;:&quot;true&quot;,&quot;pause_on_hover&quot;:&quot;true&quot;,&quot;autoplay_speed&quot;:5000,&quot;infinite&quot;:&quot;true&quot;,&quot;center_mode&quot;:&quot;&quot;,&quot;effect&quot;:&quot;slide&quot;,&quot;speed&quot;:500,&quot;inject_alternative_items&quot;:&quot;&quot;,&quot;injection_items&quot;:[],&quot;scroll_slider_enabled&quot;:&quot;&quot;,&quot;scroll_slider_on&quot;:[&quot;desktop&quot;,&quot;tablet&quot;,&quot;mobile&quot;],&quot;custom_query&quot;:false,&quot;custom_query_id&quot;:&quot;&quot;,&quot;_element_id&quot;:&quot;&quot;,&quot;collapse_first_last_gap&quot;:false,&quot;list_tag_selection&quot;:&quot;&quot;,&quot;list_items_wrapper_tag&quot;:&quot;div&quot;,&quot;list_item_tag&quot;:&quot;div&quot;,&quot;empty_items_wrapper_tag&quot;:&quot;div&quot;}}\" data-page=\"1\" data-pages=\"1\" data-listing-source=\"posts\" data-listing-id=\"593\" data-query-id=\"\"><div class=\"jet-listing-grid__item jet-listing-dynamic-post-7234\" data-post-id=\"7234\"  ><style type=\"text\/css\">.jet-listing-dynamic-post-7234 .elementor-element.elementor-element-3aea1ba:not(.elementor-motion-effects-element-type-background) > .elementor-widget-wrap, .jet-listing-dynamic-post-7234 .elementor-element.elementor-element-3aea1ba > .elementor-widget-wrap > .elementor-motion-effects-container > .elementor-motion-effects-layer{background-image:url(\"https:\/\/cdu-kaarst.de\/wp-content\/uploads\/kaarstmobil.jpg\");}<\/style><div class=\"jet-engine-listing-overlay-wrap\" data-url=\"https:\/\/cdu-kaarst.de\/en\/allgemein\/sitzung-des-ausschusses-fuer-mobilitaet-umwelt-klima-und-landwirtschaft-mukl-am-03-02-2026\/\">\t\t<div data-elementor-type=\"jet-listing-items\" data-elementor-id=\"593\" class=\"elementor elementor-593\" data-elementor-post-type=\"jet-engine\">\n\t\t\t\t\t\t<section class=\"elementor-section elementor-top-section elementor-element elementor-element-4e16759 elementor-section-full_width elementor-section-height-min-height elementor-section-items-stretch elementor-section-height-default\" data-id=\"4e16759\" data-element_type=\"section\" data-e-type=\"section\" data-settings=\"{&quot;jet_parallax_layout_list&quot;:[]}\">\n\t\t\t\t\t\t<div class=\"elementor-container elementor-column-gap-default\">\n\t\t\t\t\t<div class=\"elementor-column elementor-col-50 elementor-top-column elementor-element elementor-element-3aea1ba\" data-id=\"3aea1ba\" data-element_type=\"column\" data-e-type=\"column\" data-settings=\"{&quot;background_background&quot;:&quot;classic&quot;}\">\n\t\t\t<div class=\"elementor-widget-wrap elementor-element-populated\">\n\t\t\t\t\t\t<div class=\"elementor-element elementor-element-5ea0c97 elementor-widget elementor-widget-spacer\" data-id=\"5ea0c97\" data-element_type=\"widget\" data-e-type=\"widget\" data-widget_type=\"spacer.default\">\n\t\t\t\t<div class=\"elementor-widget-container\">\n\t\t\t\t\t\t\t<div class=\"elementor-spacer\">\n\t\t\t<div class=\"elementor-spacer-inner\"><\/div>\n\t\t<\/div>\n\t\t\t\t\t\t<\/div>\n\t\t\t\t<\/div>\n\t\t\t\t\t<\/div>\n\t\t<\/div>\n\t\t\t\t<div class=\"elementor-column elementor-col-50 elementor-top-column elementor-element elementor-element-7ead6e1\" data-id=\"7ead6e1\" data-element_type=\"column\" data-e-type=\"column\">\n\t\t\t<div class=\"elementor-widget-wrap elementor-element-populated\">\n\t\t\t\t\t\t<div class=\"elementor-element elementor-element-ab1af56 elementor-widget elementor-widget-jet-listing-dynamic-field\" data-id=\"ab1af56\" data-element_type=\"widget\" data-e-type=\"widget\" data-widget_type=\"jet-listing-dynamic-field.default\">\n\t\t\t\t<div class=\"elementor-widget-container\">\n\t\t\t\t\t<div class=\"jet-listing jet-listing-dynamic-field display-inline\"><div class=\"jet-listing-dynamic-field__inline-wrap\"><h4 class=\"jet-listing-dynamic-field__content\" >Sitzung des Ausschusses f\u00fcr Mobilit\u00e4t, Umwelt, Kli...<\/h4><\/div><\/div>\t\t\t\t<\/div>\n\t\t\t\t<\/div>\n\t\t\t\t<div class=\"elementor-element elementor-element-cb36231 elementor-widget elementor-widget-jet-listing-dynamic-field\" data-id=\"cb36231\" data-element_type=\"widget\" data-e-type=\"widget\" data-widget_type=\"jet-listing-dynamic-field.default\">\n\t\t\t\t<div class=\"elementor-widget-container\">\n\t\t\t\t\t<div class=\"jet-listing jet-listing-dynamic-field display-inline\"><div class=\"jet-listing-dynamic-field__inline-wrap\"><div class=\"jet-listing-dynamic-field__content\" >11. February 2026<\/div><\/div><\/div>\t\t\t\t<\/div>\n\t\t\t\t<\/div>\n\t\t\t\t\t<\/div>\n\t\t<\/div>\n\t\t\t\t\t<\/div>\n\t\t<\/section>\n\t\t\t\t<\/div>\n\t\t<a href=\"https:\/\/cdu-kaarst.de\/en\/allgemein\/sitzung-des-ausschusses-fuer-mobilitaet-umwelt-klima-und-landwirtschaft-mukl-am-03-02-2026\/\" class=\"jet-engine-listing-overlay-link\"><\/a><\/div><\/div><div class=\"jet-listing-grid__item jet-listing-dynamic-post-6578\" data-post-id=\"6578\"  ><style type=\"text\/css\">.jet-listing-dynamic-post-6578 .elementor-element.elementor-element-3aea1ba:not(.elementor-motion-effects-element-type-background) > .elementor-widget-wrap, .jet-listing-dynamic-post-6578 .elementor-element.elementor-element-3aea1ba > .elementor-widget-wrap > .elementor-motion-effects-container > .elementor-motion-effects-layer{background-image:url(\"https:\/\/cdu-kaarst.de\/wp-content\/uploads\/Grillfest.jpg\");}<\/style><div class=\"jet-engine-listing-overlay-wrap\" data-url=\"https:\/\/cdu-kaarst.de\/en\/allgemein\/grillfest-der-cdu-kaarst-gemeinschaft-erleben-trotz-durchwachsenem-wetter\/\">\t\t<div data-elementor-type=\"jet-listing-items\" data-elementor-id=\"593\" class=\"elementor elementor-593\" data-elementor-post-type=\"jet-engine\">\n\t\t\t\t\t\t<section class=\"elementor-section elementor-top-section elementor-element elementor-element-4e16759 elementor-section-full_width elementor-section-height-min-height elementor-section-items-stretch elementor-section-height-default\" data-id=\"4e16759\" data-element_type=\"section\" data-e-type=\"section\" data-settings=\"{&quot;jet_parallax_layout_list&quot;:[]}\">\n\t\t\t\t\t\t<div class=\"elementor-container elementor-column-gap-default\">\n\t\t\t\t\t<div class=\"elementor-column elementor-col-50 elementor-top-column elementor-element elementor-element-3aea1ba\" data-id=\"3aea1ba\" data-element_type=\"column\" data-e-type=\"column\" data-settings=\"{&quot;background_background&quot;:&quot;classic&quot;}\">\n\t\t\t<div class=\"elementor-widget-wrap elementor-element-populated\">\n\t\t\t\t\t\t<div class=\"elementor-element elementor-element-5ea0c97 elementor-widget elementor-widget-spacer\" data-id=\"5ea0c97\" data-element_type=\"widget\" data-e-type=\"widget\" data-widget_type=\"spacer.default\">\n\t\t\t\t<div class=\"elementor-widget-container\">\n\t\t\t\t\t\t\t<div class=\"elementor-spacer\">\n\t\t\t<div class=\"elementor-spacer-inner\"><\/div>\n\t\t<\/div>\n\t\t\t\t\t\t<\/div>\n\t\t\t\t<\/div>\n\t\t\t\t\t<\/div>\n\t\t<\/div>\n\t\t\t\t<div class=\"elementor-column elementor-col-50 elementor-top-column elementor-element elementor-element-7ead6e1\" data-id=\"7ead6e1\" data-element_type=\"column\" data-e-type=\"column\">\n\t\t\t<div class=\"elementor-widget-wrap elementor-element-populated\">\n\t\t\t\t\t\t<div class=\"elementor-element elementor-element-ab1af56 elementor-widget elementor-widget-jet-listing-dynamic-field\" data-id=\"ab1af56\" data-element_type=\"widget\" data-e-type=\"widget\" data-widget_type=\"jet-listing-dynamic-field.default\">\n\t\t\t\t<div class=\"elementor-widget-container\">\n\t\t\t\t\t<div class=\"jet-listing jet-listing-dynamic-field display-inline\"><div class=\"jet-listing-dynamic-field__inline-wrap\"><h4 class=\"jet-listing-dynamic-field__content\" >Grillfest der CDU Kaarst: Gemeinschaft erleben \u2013 t...<\/h4><\/div><\/div>\t\t\t\t<\/div>\n\t\t\t\t<\/div>\n\t\t\t\t<div class=\"elementor-element elementor-element-cb36231 elementor-widget elementor-widget-jet-listing-dynamic-field\" data-id=\"cb36231\" data-element_type=\"widget\" data-e-type=\"widget\" data-widget_type=\"jet-listing-dynamic-field.default\">\n\t\t\t\t<div class=\"elementor-widget-container\">\n\t\t\t\t\t<div class=\"jet-listing jet-listing-dynamic-field display-inline\"><div class=\"jet-listing-dynamic-field__inline-wrap\"><div class=\"jet-listing-dynamic-field__content\" >30. May 2025<\/div><\/div><\/div>\t\t\t\t<\/div>\n\t\t\t\t<\/div>\n\t\t\t\t\t<\/div>\n\t\t<\/div>\n\t\t\t\t\t<\/div>\n\t\t<\/section>\n\t\t\t\t<\/div>\n\t\t<a href=\"https:\/\/cdu-kaarst.de\/en\/allgemein\/grillfest-der-cdu-kaarst-gemeinschaft-erleben-trotz-durchwachsenem-wetter\/\" class=\"jet-engine-listing-overlay-link\"><\/a><\/div><\/div><div class=\"jet-listing-grid__item jet-listing-dynamic-post-6575\" data-post-id=\"6575\"  ><style type=\"text\/css\">.jet-listing-dynamic-post-6575 .elementor-element.elementor-element-3aea1ba:not(.elementor-motion-effects-element-type-background) > .elementor-widget-wrap, .jet-listing-dynamic-post-6575 .elementor-element.elementor-element-3aea1ba > .elementor-widget-wrap > .elementor-motion-effects-container > .elementor-motion-effects-layer{background-image:url(\"https:\/\/cdu-kaarst.de\/wp-content\/uploads\/Fr__hst__ck.jpg\");}<\/style><div class=\"jet-engine-listing-overlay-wrap\" data-url=\"https:\/\/cdu-kaarst.de\/en\/allgemein\/buergermeistertreffen-beim-fruehstueck-auf-dem-tuppenhof\/\">\t\t<div data-elementor-type=\"jet-listing-items\" data-elementor-id=\"593\" class=\"elementor elementor-593\" data-elementor-post-type=\"jet-engine\">\n\t\t\t\t\t\t<section class=\"elementor-section elementor-top-section elementor-element elementor-element-4e16759 elementor-section-full_width elementor-section-height-min-height elementor-section-items-stretch elementor-section-height-default\" data-id=\"4e16759\" data-element_type=\"section\" data-e-type=\"section\" data-settings=\"{&quot;jet_parallax_layout_list&quot;:[]}\">\n\t\t\t\t\t\t<div class=\"elementor-container elementor-column-gap-default\">\n\t\t\t\t\t<div class=\"elementor-column elementor-col-50 elementor-top-column elementor-element elementor-element-3aea1ba\" data-id=\"3aea1ba\" data-element_type=\"column\" data-e-type=\"column\" data-settings=\"{&quot;background_background&quot;:&quot;classic&quot;}\">\n\t\t\t<div class=\"elementor-widget-wrap elementor-element-populated\">\n\t\t\t\t\t\t<div class=\"elementor-element elementor-element-5ea0c97 elementor-widget elementor-widget-spacer\" data-id=\"5ea0c97\" data-element_type=\"widget\" data-e-type=\"widget\" data-widget_type=\"spacer.default\">\n\t\t\t\t<div class=\"elementor-widget-container\">\n\t\t\t\t\t\t\t<div class=\"elementor-spacer\">\n\t\t\t<div class=\"elementor-spacer-inner\"><\/div>\n\t\t<\/div>\n\t\t\t\t\t\t<\/div>\n\t\t\t\t<\/div>\n\t\t\t\t\t<\/div>\n\t\t<\/div>\n\t\t\t\t<div class=\"elementor-column elementor-col-50 elementor-top-column elementor-element elementor-element-7ead6e1\" data-id=\"7ead6e1\" data-element_type=\"column\" data-e-type=\"column\">\n\t\t\t<div class=\"elementor-widget-wrap elementor-element-populated\">\n\t\t\t\t\t\t<div class=\"elementor-element elementor-element-ab1af56 elementor-widget elementor-widget-jet-listing-dynamic-field\" data-id=\"ab1af56\" data-element_type=\"widget\" data-e-type=\"widget\" data-widget_type=\"jet-listing-dynamic-field.default\">\n\t\t\t\t<div class=\"elementor-widget-container\">\n\t\t\t\t\t<div class=\"jet-listing jet-listing-dynamic-field display-inline\"><div class=\"jet-listing-dynamic-field__inline-wrap\"><h4 class=\"jet-listing-dynamic-field__content\" >B\u00fcrgermeistertreffen beim Fr\u00fchst\u00fcck auf dem Tuppen...<\/h4><\/div><\/div>\t\t\t\t<\/div>\n\t\t\t\t<\/div>\n\t\t\t\t<div class=\"elementor-element elementor-element-cb36231 elementor-widget elementor-widget-jet-listing-dynamic-field\" data-id=\"cb36231\" data-element_type=\"widget\" data-e-type=\"widget\" data-widget_type=\"jet-listing-dynamic-field.default\">\n\t\t\t\t<div class=\"elementor-widget-container\">\n\t\t\t\t\t<div class=\"jet-listing jet-listing-dynamic-field display-inline\"><div class=\"jet-listing-dynamic-field__inline-wrap\"><div class=\"jet-listing-dynamic-field__content\" >30. May 2025<\/div><\/div><\/div>\t\t\t\t<\/div>\n\t\t\t\t<\/div>\n\t\t\t\t\t<\/div>\n\t\t<\/div>\n\t\t\t\t\t<\/div>\n\t\t<\/section>\n\t\t\t\t<\/div>\n\t\t<a href=\"https:\/\/cdu-kaarst.de\/en\/allgemein\/buergermeistertreffen-beim-fruehstueck-auf-dem-tuppenhof\/\" class=\"jet-engine-listing-overlay-link\"><\/a><\/div><\/div><\/div><\/div>\t\t\t\t<\/div>\n\t\t\t\t<\/div>\n\t\t\t\t\t<\/div>\n\t\t<\/div>\n\t\t\t\t\t<\/div>\n\t\t<\/section>\n\t\t\t\t<\/div>\n\t\t","protected":false},"excerpt":{"rendered":"<p>CDA Kaarst Christlich-Demokratische Arbeitnehmerschaft Kaarst Das christliche Menschenbild, unsere Werte und Prinzipien \u2013 Freiheit und Gerechtigkeit, Solidarit\u00e4t und Subsidiarit\u00e4t \u2013 sind der Kompass unserer Politik. Ausgehend von diesem Fundament suchen wir immer wieder neue Antworten auf aktuelle Herausforderungen. Aus unserem Selbstverst\u00e4ndnis heraus vertreten wir insbesondere die Interessen von Arbeitnehmern und Familien. Wir stehen f\u00fcr Demokratie, [&hellip;]<\/p>\n","protected":false},"author":1,"featured_media":1924,"parent":634,"menu_order":0,"comment_status":"closed","ping_status":"closed","template":"","meta":{"footnotes":""},"class_list":["post-1931","page","type-page","status-publish","has-post-thumbnail","hentry"],"yoast_head":"<!-- This site is optimized with the Yoast SEO plugin v27.4 - https:\/\/yoast.com\/product\/yoast-seo-wordpress\/ -->\n<title>Christlich-Demokratische Arbeitnehmerschaft Kaarst (CDA) - CDU Kaarst-B\u00fcttgen<\/title>\n<meta name=\"robots\" content=\"index, follow, max-snippet:-1, max-image-preview:large, max-video-preview:-1\" \/>\n<link rel=\"canonical\" href=\"https:\/\/cdu-kaarst.de\/en\/partei\/vereinigungen\/christlich-demokratische-arbeitnehmerschaft-kaarst-cda\/\" \/>\n<meta property=\"og:locale\" content=\"en_GB\" \/>\n<meta property=\"og:type\" content=\"article\" \/>\n<meta property=\"og:title\" content=\"Christlich-Demokratische Arbeitnehmerschaft Kaarst (CDA) - CDU Kaarst-B\u00fcttgen\" \/>\n<meta property=\"og:description\" content=\"CDA Kaarst Christlich-Demokratische Arbeitnehmerschaft Kaarst Das christliche Menschenbild, unsere Werte und Prinzipien \u2013 Freiheit und Gerechtigkeit, Solidarit\u00e4t und Subsidiarit\u00e4t \u2013 sind der Kompass unserer Politik. Ausgehend von diesem Fundament suchen wir immer wieder neue Antworten auf aktuelle Herausforderungen. Aus unserem Selbstverst\u00e4ndnis heraus vertreten wir insbesondere die Interessen von Arbeitnehmern und Familien. Wir stehen f\u00fcr Demokratie, [&hellip;]\" \/>\n<meta property=\"og:url\" content=\"https:\/\/cdu-kaarst.de\/en\/partei\/vereinigungen\/christlich-demokratische-arbeitnehmerschaft-kaarst-cda\/\" \/>\n<meta property=\"og:site_name\" content=\"CDU Kaarst-B\u00fcttgen\" \/>\n<meta property=\"article:modified_time\" content=\"2024-08-27T13:47:11+00:00\" \/>\n<meta property=\"og:image\" content=\"https:\/\/cdu-kaarst.de\/wp-content\/uploads\/cdu-kaarst-vereinigung-cda.jpg\" \/>\n\t<meta property=\"og:image:width\" content=\"512\" \/>\n\t<meta property=\"og:image:height\" content=\"512\" \/>\n\t<meta property=\"og:image:type\" content=\"image\/jpeg\" \/>\n<meta name=\"twitter:card\" content=\"summary_large_image\" \/>\n<meta name=\"twitter:label1\" content=\"Estimated reading time\" \/>\n\t<meta name=\"twitter:data1\" content=\"2 minutes\" \/>\n<script type=\"application\/ld+json\" class=\"yoast-schema-graph\">{\"@context\":\"https:\\\/\\\/schema.org\",\"@graph\":[{\"@type\":\"WebPage\",\"@id\":\"https:\\\/\\\/cdu-kaarst.de\\\/partei\\\/vereinigungen\\\/christlich-demokratische-arbeitnehmerschaft-kaarst-cda\\\/\",\"url\":\"https:\\\/\\\/cdu-kaarst.de\\\/partei\\\/vereinigungen\\\/christlich-demokratische-arbeitnehmerschaft-kaarst-cda\\\/\",\"name\":\"Christlich-Demokratische Arbeitnehmerschaft Kaarst (CDA) - CDU Kaarst-B\u00fcttgen\",\"isPartOf\":{\"@id\":\"https:\\\/\\\/cdu-kaarst.de\\\/#website\"},\"primaryImageOfPage\":{\"@id\":\"https:\\\/\\\/cdu-kaarst.de\\\/partei\\\/vereinigungen\\\/christlich-demokratische-arbeitnehmerschaft-kaarst-cda\\\/#primaryimage\"},\"image\":{\"@id\":\"https:\\\/\\\/cdu-kaarst.de\\\/partei\\\/vereinigungen\\\/christlich-demokratische-arbeitnehmerschaft-kaarst-cda\\\/#primaryimage\"},\"thumbnailUrl\":\"https:\\\/\\\/cdu-kaarst.de\\\/wp-content\\\/uploads\\\/cdu-kaarst-vereinigung-cda.jpg\",\"datePublished\":\"2024-05-15T09:24:06+00:00\",\"dateModified\":\"2024-08-27T13:47:11+00:00\",\"breadcrumb\":{\"@id\":\"https:\\\/\\\/cdu-kaarst.de\\\/partei\\\/vereinigungen\\\/christlich-demokratische-arbeitnehmerschaft-kaarst-cda\\\/#breadcrumb\"},\"inLanguage\":\"en-GB\",\"potentialAction\":[{\"@type\":\"ReadAction\",\"target\":[\"https:\\\/\\\/cdu-kaarst.de\\\/partei\\\/vereinigungen\\\/christlich-demokratische-arbeitnehmerschaft-kaarst-cda\\\/\"]}]},{\"@type\":\"ImageObject\",\"inLanguage\":\"en-GB\",\"@id\":\"https:\\\/\\\/cdu-kaarst.de\\\/partei\\\/vereinigungen\\\/christlich-demokratische-arbeitnehmerschaft-kaarst-cda\\\/#primaryimage\",\"url\":\"https:\\\/\\\/cdu-kaarst.de\\\/wp-content\\\/uploads\\\/cdu-kaarst-vereinigung-cda.jpg\",\"contentUrl\":\"https:\\\/\\\/cdu-kaarst.de\\\/wp-content\\\/uploads\\\/cdu-kaarst-vereinigung-cda.jpg\",\"width\":512,\"height\":512},{\"@type\":\"BreadcrumbList\",\"@id\":\"https:\\\/\\\/cdu-kaarst.de\\\/partei\\\/vereinigungen\\\/christlich-demokratische-arbeitnehmerschaft-kaarst-cda\\\/#breadcrumb\",\"itemListElement\":[{\"@type\":\"ListItem\",\"position\":1,\"name\":\"Startseite\",\"item\":\"https:\\\/\\\/cdu-kaarst.de\\\/\"},{\"@type\":\"ListItem\",\"position\":2,\"name\":\"Partei\",\"item\":\"https:\\\/\\\/cdu-kaarst.de\\\/partei\\\/\"},{\"@type\":\"ListItem\",\"position\":3,\"name\":\"Vereinigungen\",\"item\":\"https:\\\/\\\/cdu-kaarst.de\\\/partei\\\/vereinigungen\\\/\"},{\"@type\":\"ListItem\",\"position\":4,\"name\":\"Christlich-Demokratische Arbeitnehmerschaft Kaarst (CDA)\"}]},{\"@type\":\"WebSite\",\"@id\":\"https:\\\/\\\/cdu-kaarst.de\\\/#website\",\"url\":\"https:\\\/\\\/cdu-kaarst.de\\\/\",\"name\":\"CDU Kaarst-B\u00fcttgen\",\"description\":\"gut Leben in Kaarst\",\"publisher\":{\"@id\":\"https:\\\/\\\/cdu-kaarst.de\\\/#organization\"},\"potentialAction\":[{\"@type\":\"SearchAction\",\"target\":{\"@type\":\"EntryPoint\",\"urlTemplate\":\"https:\\\/\\\/cdu-kaarst.de\\\/?s={search_term_string}\"},\"query-input\":{\"@type\":\"PropertyValueSpecification\",\"valueRequired\":true,\"valueName\":\"search_term_string\"}}],\"inLanguage\":\"en-GB\"},{\"@type\":\"Organization\",\"@id\":\"https:\\\/\\\/cdu-kaarst.de\\\/#organization\",\"name\":\"CDU Kaarst-B\u00fcttgen\",\"url\":\"https:\\\/\\\/cdu-kaarst.de\\\/\",\"logo\":{\"@type\":\"ImageObject\",\"inLanguage\":\"en-GB\",\"@id\":\"https:\\\/\\\/cdu-kaarst.de\\\/#\\\/schema\\\/logo\\\/image\\\/\",\"url\":\"https:\\\/\\\/cdu-kaarst.de\\\/wp-content\\\/uploads\\\/cdu-gesamtlogo.png\",\"contentUrl\":\"https:\\\/\\\/cdu-kaarst.de\\\/wp-content\\\/uploads\\\/cdu-gesamtlogo.png\",\"width\":418,\"height\":120,\"caption\":\"CDU Kaarst-B\u00fcttgen\"},\"image\":{\"@id\":\"https:\\\/\\\/cdu-kaarst.de\\\/#\\\/schema\\\/logo\\\/image\\\/\"}}]}<\/script>\n<!-- \/ Yoast SEO plugin. -->","yoast_head_json":{"title":"Christian Democratic Labour Kaarst (CDA) - CDU Kaarst-B\u00fcttgen","robots":{"index":"index","follow":"follow","max-snippet":"max-snippet:-1","max-image-preview":"max-image-preview:large","max-video-preview":"max-video-preview:-1"},"canonical":"https:\/\/cdu-kaarst.de\/en\/partei\/vereinigungen\/christlich-demokratische-arbeitnehmerschaft-kaarst-cda\/","og_locale":"en_GB","og_type":"article","og_title":"Christlich-Demokratische Arbeitnehmerschaft Kaarst (CDA) - CDU Kaarst-B\u00fcttgen","og_description":"CDA Kaarst Christlich-Demokratische Arbeitnehmerschaft Kaarst Das christliche Menschenbild, unsere Werte und Prinzipien \u2013 Freiheit und Gerechtigkeit, Solidarit\u00e4t und Subsidiarit\u00e4t \u2013 sind der Kompass unserer Politik. Ausgehend von diesem Fundament suchen wir immer wieder neue Antworten auf aktuelle Herausforderungen. Aus unserem Selbstverst\u00e4ndnis heraus vertreten wir insbesondere die Interessen von Arbeitnehmern und Familien. Wir stehen f\u00fcr Demokratie, [&hellip;]","og_url":"https:\/\/cdu-kaarst.de\/en\/partei\/vereinigungen\/christlich-demokratische-arbeitnehmerschaft-kaarst-cda\/","og_site_name":"CDU Kaarst-B\u00fcttgen","article_modified_time":"2024-08-27T13:47:11+00:00","og_image":[{"width":512,"height":512,"url":"https:\/\/cdu-kaarst.de\/wp-content\/uploads\/cdu-kaarst-vereinigung-cda.jpg","type":"image\/jpeg"}],"twitter_card":"summary_large_image","twitter_misc":{"Estimated reading time":"2 minutes"},"schema":{"@context":"https:\/\/schema.org","@graph":[{"@type":"WebPage","@id":"https:\/\/cdu-kaarst.de\/partei\/vereinigungen\/christlich-demokratische-arbeitnehmerschaft-kaarst-cda\/","url":"https:\/\/cdu-kaarst.de\/partei\/vereinigungen\/christlich-demokratische-arbeitnehmerschaft-kaarst-cda\/","name":"Christian Democratic Labour Kaarst (CDA) - CDU Kaarst-B\u00fcttgen","isPartOf":{"@id":"https:\/\/cdu-kaarst.de\/#website"},"primaryImageOfPage":{"@id":"https:\/\/cdu-kaarst.de\/partei\/vereinigungen\/christlich-demokratische-arbeitnehmerschaft-kaarst-cda\/#primaryimage"},"image":{"@id":"https:\/\/cdu-kaarst.de\/partei\/vereinigungen\/christlich-demokratische-arbeitnehmerschaft-kaarst-cda\/#primaryimage"},"thumbnailUrl":"https:\/\/cdu-kaarst.de\/wp-content\/uploads\/cdu-kaarst-vereinigung-cda.jpg","datePublished":"2024-05-15T09:24:06+00:00","dateModified":"2024-08-27T13:47:11+00:00","breadcrumb":{"@id":"https:\/\/cdu-kaarst.de\/partei\/vereinigungen\/christlich-demokratische-arbeitnehmerschaft-kaarst-cda\/#breadcrumb"},"inLanguage":"en-GB","potentialAction":[{"@type":"ReadAction","target":["https:\/\/cdu-kaarst.de\/partei\/vereinigungen\/christlich-demokratische-arbeitnehmerschaft-kaarst-cda\/"]}]},{"@type":"ImageObject","inLanguage":"en-GB","@id":"https:\/\/cdu-kaarst.de\/partei\/vereinigungen\/christlich-demokratische-arbeitnehmerschaft-kaarst-cda\/#primaryimage","url":"https:\/\/cdu-kaarst.de\/wp-content\/uploads\/cdu-kaarst-vereinigung-cda.jpg","contentUrl":"https:\/\/cdu-kaarst.de\/wp-content\/uploads\/cdu-kaarst-vereinigung-cda.jpg","width":512,"height":512},{"@type":"BreadcrumbList","@id":"https:\/\/cdu-kaarst.de\/partei\/vereinigungen\/christlich-demokratische-arbeitnehmerschaft-kaarst-cda\/#breadcrumb","itemListElement":[{"@type":"ListItem","position":1,"name":"Startseite","item":"https:\/\/cdu-kaarst.de\/"},{"@type":"ListItem","position":2,"name":"Partei","item":"https:\/\/cdu-kaarst.de\/partei\/"},{"@type":"ListItem","position":3,"name":"Vereinigungen","item":"https:\/\/cdu-kaarst.de\/partei\/vereinigungen\/"},{"@type":"ListItem","position":4,"name":"Christlich-Demokratische Arbeitnehmerschaft Kaarst (CDA)"}]},{"@type":"WebSite","@id":"https:\/\/cdu-kaarst.de\/#website","url":"https:\/\/cdu-kaarst.de\/","name":"CDU Kaarst-B\u00fcttgen","description":"living well in Kaarst","publisher":{"@id":"https:\/\/cdu-kaarst.de\/#organization"},"potentialAction":[{"@type":"SearchAction","target":{"@type":"EntryPoint","urlTemplate":"https:\/\/cdu-kaarst.de\/?s={search_term_string}"},"query-input":{"@type":"PropertyValueSpecification","valueRequired":true,"valueName":"search_term_string"}}],"inLanguage":"en-GB"},{"@type":"Organization","@id":"https:\/\/cdu-kaarst.de\/#organization","name":"CDU Kaarst-B\u00fcttgen","url":"https:\/\/cdu-kaarst.de\/","logo":{"@type":"ImageObject","inLanguage":"en-GB","@id":"https:\/\/cdu-kaarst.de\/#\/schema\/logo\/image\/","url":"https:\/\/cdu-kaarst.de\/wp-content\/uploads\/cdu-gesamtlogo.png","contentUrl":"https:\/\/cdu-kaarst.de\/wp-content\/uploads\/cdu-gesamtlogo.png","width":418,"height":120,"caption":"CDU Kaarst-B\u00fcttgen"},"image":{"@id":"https:\/\/cdu-kaarst.de\/#\/schema\/logo\/image\/"}}]}},"_links":{"self":[{"href":"https:\/\/cdu-kaarst.de\/en\/wp-json\/wp\/v2\/pages\/1931","targetHints":{"allow":["GET"]}}],"collection":[{"href":"https:\/\/cdu-kaarst.de\/en\/wp-json\/wp\/v2\/pages"}],"about":[{"href":"https:\/\/cdu-kaarst.de\/en\/wp-json\/wp\/v2\/types\/page"}],"author":[{"embeddable":true,"href":"https:\/\/cdu-kaarst.de\/en\/wp-json\/wp\/v2\/users\/1"}],"replies":[{"embeddable":true,"href":"https:\/\/cdu-kaarst.de\/en\/wp-json\/wp\/v2\/comments?post=1931"}],"version-history":[{"count":52,"href":"https:\/\/cdu-kaarst.de\/en\/wp-json\/wp\/v2\/pages\/1931\/revisions"}],"predecessor-version":[{"id":4154,"href":"https:\/\/cdu-kaarst.de\/en\/wp-json\/wp\/v2\/pages\/1931\/revisions\/4154"}],"up":[{"embeddable":true,"href":"https:\/\/cdu-kaarst.de\/en\/wp-json\/wp\/v2\/pages\/634"}],"wp:featuredmedia":[{"embeddable":true,"href":"https:\/\/cdu-kaarst.de\/en\/wp-json\/wp\/v2\/media\/1924"}],"wp:attachment":[{"href":"https:\/\/cdu-kaarst.de\/en\/wp-json\/wp\/v2\/media?parent=1931"}],"curies":[{"name":"wp","href":"https:\/\/api.w.org\/{rel}","templated":true}]}}