{"id":626,"date":"2024-05-07T08:47:21","date_gmt":"2024-05-07T06:47:21","guid":{"rendered":"http:\/\/cdu-kaarst.de\/?page_id=626"},"modified":"2025-11-24T15:18:37","modified_gmt":"2025-11-24T14:18:37","slug":"ortsverband-buettgen","status":"publish","type":"page","link":"https:\/\/cdu-kaarst.de\/en\/partei\/ortsverbaende\/ortsverband-buettgen\/","title":{"rendered":"B\u00fcttgen local association"},"content":{"rendered":"\t\t<div data-elementor-type=\"wp-page\" data-elementor-id=\"626\" class=\"elementor elementor-626\" data-elementor-post-type=\"page\">\n\t\t\t\t\t\t<section class=\"elementor-section elementor-top-section elementor-element elementor-element-2ea6792 elementor-section-boxed elementor-section-height-default elementor-section-height-default\" data-id=\"2ea6792\" data-element_type=\"section\" data-e-type=\"section\" data-settings=\"{&quot;jet_parallax_layout_list&quot;:[]}\">\n\t\t\t\t\t\t<div class=\"elementor-container elementor-column-gap-default\">\n\t\t\t\t\t<div class=\"elementor-column elementor-col-100 elementor-top-column elementor-element elementor-element-4523363\" data-id=\"4523363\" data-element_type=\"column\" data-e-type=\"column\">\n\t\t\t<div class=\"elementor-widget-wrap elementor-element-populated\">\n\t\t\t\t\t\t<div class=\"elementor-element elementor-element-f52bf53 elementor-widget elementor-widget-heading\" data-id=\"f52bf53\" data-element_type=\"widget\" data-e-type=\"widget\" data-widget_type=\"heading.default\">\n\t\t\t\t<div class=\"elementor-widget-container\">\n\t\t\t\t\t<h2 class=\"elementor-heading-title elementor-size-default\">Vor Ort aktiv \u2013 gemeinsam stark!<\/h2>\t\t\t\t<\/div>\n\t\t\t\t<\/div>\n\t\t\t\t<div class=\"elementor-element elementor-element-67689ba elementor-widget elementor-widget-text-editor\" data-id=\"67689ba\" data-element_type=\"widget\" data-e-type=\"widget\" data-widget_type=\"text-editor.default\">\n\t\t\t\t<div class=\"elementor-widget-container\">\n\t\t\t\t\t\t\t\t\t<p>Traditionell gliedert sich der CDU-Stadtverband Kaarst in zwei Ortsverb\u00e4nde. Zum Ortsverband B\u00fcttgen geh\u00f6ren dabei alle CDU-Mitglieder, die in B\u00fcttgen, Driesch, Holzb\u00fcttgen und Vorst wohnen, also in den Orten, die vor der kommunalen Neugliederung zur Gemeinde B\u00fcttgen z\u00e4hlten.<\/p><p>Die Ortsverb\u00e4nde erm\u00f6glichen es uns, noch n\u00e4her an den Problemen der Menschen vor Ort zu sein. Wir konzentrieren unsere Arbeit daher vor allem auf die lokalen Probleme der genannten Ortsteile, auf die Kontaktpflege mit den B\u00fcrgern und das Miteinander der Mitglieder. Es besteht ein enger Austausch mit dem <a href=\"\/ortsverband-kaarst\/\">Ortsverband Kaarst<\/a> \u2013 sowohl bei inhaltlichen Fragen als auch bei gemeinsamen Veranstaltungen, Festen etc.<\/p>\t\t\t\t\t\t\t\t<\/div>\n\t\t\t\t<\/div>\n\t\t\t\t<section class=\"elementor-section elementor-inner-section elementor-element elementor-element-31a2914 elementor-section-boxed elementor-section-height-default elementor-section-height-default\" data-id=\"31a2914\" data-element_type=\"section\" data-e-type=\"section\" data-settings=\"{&quot;jet_parallax_layout_list&quot;:[]}\">\n\t\t\t\t\t\t<div class=\"elementor-container elementor-column-gap-default\">\n\t\t\t\t\t<div class=\"elementor-column elementor-col-100 elementor-inner-column elementor-element elementor-element-b281a5c\" data-id=\"b281a5c\" data-element_type=\"column\" data-e-type=\"column\" data-settings=\"{&quot;background_background&quot;:&quot;classic&quot;}\">\n\t\t\t<div class=\"elementor-widget-wrap elementor-element-populated\">\n\t\t\t\t\t\t<div class=\"elementor-element elementor-element-5d223fb elementor-widget elementor-widget-heading\" data-id=\"5d223fb\" data-element_type=\"widget\" data-e-type=\"widget\" data-widget_type=\"heading.default\">\n\t\t\t\t<div class=\"elementor-widget-container\">\n\t\t\t\t\t<h4 class=\"elementor-heading-title elementor-size-default\">Wir befassen uns mit den lokalen Themen in den Ortsteilen B\u00fcttgen, Holzb\u00fcttgen, Vorst und Driesch. Dazu geh\u00f6ren zum Beispiel: <\/h4>\t\t\t\t<\/div>\n\t\t\t\t<\/div>\n\t\t\t\t<div class=\"elementor-element elementor-element-eb5f480 elementor-icon-list--layout-traditional elementor-list-item-link-full_width elementor-widget elementor-widget-icon-list\" data-id=\"eb5f480\" data-element_type=\"widget\" data-e-type=\"widget\" data-widget_type=\"icon-list.default\">\n\t\t\t\t<div class=\"elementor-widget-container\">\n\t\t\t\t\t\t\t<ul class=\"elementor-icon-list-items\">\n\t\t\t\t\t\t\t<li class=\"elementor-icon-list-item\">\n\t\t\t\t\t\t\t\t\t\t\t<span class=\"elementor-icon-list-icon\">\n\t\t\t\t\t\t\t<i aria-hidden=\"true\" class=\"fas fa-check\"><\/i>\t\t\t\t\t\t<\/span>\n\t\t\t\t\t\t\t\t\t\t<span class=\"elementor-icon-list-text\">Entwicklung B\u00fcttger Nordwesen (Rasenspielfeld, ehemaliges Feuerwehrger\u00e4tehaus, Gel\u00e4nde der ehemaligen Haupt- und Realschule bzw. Gesamtschule)<\/span>\n\t\t\t\t\t\t\t\t\t<\/li>\n\t\t\t\t\t\t<\/ul>\n\t\t\t\t\t\t<\/div>\n\t\t\t\t<\/div>\n\t\t\t\t\t<\/div>\n\t\t<\/div>\n\t\t\t\t\t<\/div>\n\t\t<\/section>\n\t\t\t\t<div class=\"elementor-element elementor-element-c3ba46e elementor-widget elementor-widget-text-editor\" data-id=\"c3ba46e\" data-element_type=\"widget\" data-e-type=\"widget\" data-widget_type=\"text-editor.default\">\n\t\t\t\t<div class=\"elementor-widget-container\">\n\t\t\t\t\t\t\t\t\t<p>Inhaltliche Anregungen bringen wir erfolgreich in die Arbeit der CDU-Fraktion ein.<\/p>\t\t\t\t\t\t\t\t<\/div>\n\t\t\t\t<\/div>\n\t\t\t\t<div class=\"elementor-element elementor-element-0ffc07e elementor-view-framed elementor-position-inline-end elementor-shape-circle elementor-mobile-position-block-start elementor-widget elementor-widget-global elementor-global-1252 elementor-widget-icon-box\" data-id=\"0ffc07e\" data-element_type=\"widget\" data-e-type=\"widget\" data-widget_type=\"icon-box.default\">\n\t\t\t\t<div class=\"elementor-widget-container\">\n\t\t\t\t\t\t\t<div class=\"elementor-icon-box-wrapper\">\n\n\t\t\t\t\t\t<div class=\"elementor-icon-box-icon\">\n\t\t\t\t<a href=\"https:\/\/cdu-kaarst.de\/partei\/mitglied-werden\/\" class=\"elementor-icon\" tabindex=\"-1\" aria-label=\"&lt;span class=&quot;headline2&quot;&gt;Mitglied werden&lt;\/span&gt;\">\n\t\t\t\t<i aria-hidden=\"true\" class=\"far fa-heart\"><\/i>\t\t\t\t<\/a>\n\t\t\t<\/div>\n\t\t\t\n\t\t\t\t\t\t<div class=\"elementor-icon-box-content\">\n\n\t\t\t\t\t\t\t\t\t<h3 class=\"elementor-icon-box-title\">\n\t\t\t\t\t\t<a href=\"https:\/\/cdu-kaarst.de\/partei\/mitglied-werden\/\" >\n\t\t\t\t\t\t\t<span class=\"headline2\">Mitglied werden<\/span>\t\t\t\t\t\t<\/a>\n\t\t\t\t\t<\/h3>\n\t\t\t\t\n\t\t\t\t\n\t\t\t<\/div>\n\t\t\t\n\t\t<\/div>\n\t\t\t\t\t\t<\/div>\n\t\t\t\t<\/div>\n\t\t\t\t\t<\/div>\n\t\t<\/div>\n\t\t\t\t\t<\/div>\n\t\t<\/section>\n\t\t\t\t<section class=\"elementor-section elementor-top-section elementor-element elementor-element-b42325d elementor-section-height-min-height elementor-section-items-stretch elementor-section-boxed elementor-section-height-default\" data-id=\"b42325d\" data-element_type=\"section\" data-e-type=\"section\" data-settings=\"{&quot;jet_parallax_layout_list&quot;:[]}\">\n\t\t\t\t\t\t<div class=\"elementor-container elementor-column-gap-default\">\n\t\t\t\t\t<div class=\"elementor-column elementor-col-100 elementor-top-column elementor-element elementor-element-9205ca4\" data-id=\"9205ca4\" data-element_type=\"column\" data-e-type=\"column\" data-settings=\"{&quot;background_background&quot;:&quot;classic&quot;}\">\n\t\t\t<div class=\"elementor-widget-wrap elementor-element-populated\">\n\t\t\t\t\t\t<div class=\"elementor-element elementor-element-8c19575 elementor-widget__width-auto elementor-widget elementor-widget-heading\" data-id=\"8c19575\" data-element_type=\"widget\" data-e-type=\"widget\" data-widget_type=\"heading.default\">\n\t\t\t\t<div class=\"elementor-widget-container\">\n\t\t\t\t\t<h3 class=\"elementor-heading-title elementor-size-default\">Das sind wir:<\/h3>\t\t\t\t<\/div>\n\t\t\t\t<\/div>\n\t\t\t\t<div class=\"elementor-element elementor-element-4b2a52e elementor-widget elementor-widget-jet-listing-grid\" data-id=\"4b2a52e\" data-element_type=\"widget\" data-e-type=\"widget\" data-settings=\"{&quot;columns_tablet&quot;:&quot;2&quot;,&quot;columns_mobile&quot;:&quot;1&quot;,&quot;columns&quot;:3}\" data-widget_type=\"jet-listing-grid.default\">\n\t\t\t\t<div class=\"elementor-widget-container\">\n\t\t\t\t\t<div class=\"jet-listing-grid jet-listing\"><div class=\"jet-listing-grid__items grid-col-desk-3 grid-col-tablet-2 grid-col-mobile-1 jet-listing-grid--3050\" data-queried-id=\"626|WP_Post\" data-nav=\"{&quot;enabled&quot;:false,&quot;type&quot;:null,&quot;more_el&quot;:null,&quot;query&quot;:[],&quot;widget_settings&quot;:{&quot;lisitng_id&quot;:3050,&quot;posts_num&quot;:6,&quot;columns&quot;:3,&quot;columns_tablet&quot;:2,&quot;columns_mobile&quot;:1,&quot;column_min_width&quot;:240,&quot;column_min_width_tablet&quot;:240,&quot;column_min_width_mobile&quot;:240,&quot;inline_columns_css&quot;:false,&quot;is_archive_template&quot;:&quot;&quot;,&quot;post_status&quot;:[&quot;publish&quot;],&quot;use_random_posts_num&quot;:&quot;&quot;,&quot;max_posts_num&quot;:9,&quot;not_found_message&quot;:&quot;No data was found&quot;,&quot;is_masonry&quot;:false,&quot;equal_columns_height&quot;:&quot;&quot;,&quot;use_load_more&quot;:&quot;&quot;,&quot;load_more_id&quot;:&quot;&quot;,&quot;load_more_type&quot;:&quot;click&quot;,&quot;load_more_offset&quot;:null,&quot;use_custom_post_types&quot;:&quot;&quot;,&quot;custom_post_types&quot;:[],&quot;hide_widget_if&quot;:&quot;&quot;,&quot;carousel_enabled&quot;:&quot;&quot;,&quot;slides_to_scroll&quot;:&quot;1&quot;,&quot;arrows&quot;:&quot;true&quot;,&quot;arrow_icon&quot;:&quot;fa fa-angle-left&quot;,&quot;dots&quot;:&quot;&quot;,&quot;autoplay&quot;:&quot;true&quot;,&quot;pause_on_hover&quot;:&quot;true&quot;,&quot;autoplay_speed&quot;:5000,&quot;infinite&quot;:&quot;true&quot;,&quot;center_mode&quot;:&quot;&quot;,&quot;effect&quot;:&quot;slide&quot;,&quot;speed&quot;:500,&quot;inject_alternative_items&quot;:&quot;&quot;,&quot;injection_items&quot;:[],&quot;scroll_slider_enabled&quot;:&quot;&quot;,&quot;scroll_slider_on&quot;:[&quot;desktop&quot;,&quot;tablet&quot;,&quot;mobile&quot;],&quot;custom_query&quot;:false,&quot;custom_query_id&quot;:&quot;&quot;,&quot;_element_id&quot;:&quot;&quot;,&quot;collapse_first_last_gap&quot;:false,&quot;list_tag_selection&quot;:&quot;&quot;,&quot;list_items_wrapper_tag&quot;:&quot;div&quot;,&quot;list_item_tag&quot;:&quot;div&quot;,&quot;empty_items_wrapper_tag&quot;:&quot;div&quot;}}\" data-page=\"1\" data-pages=\"1\" data-listing-source=\"query\" data-listing-id=\"3050\" data-query-id=\"16\"><div class=\"jet-listing-grid__item jet-listing-dynamic-post-1502\" data-post-id=\"1502\"  >\t\t<div data-elementor-type=\"jet-listing-items\" data-elementor-id=\"3050\" class=\"elementor elementor-3050\" data-elementor-post-type=\"jet-engine\">\n\t\t\t\t\t\t<section class=\"elementor-section elementor-top-section elementor-element elementor-element-1553fab elementor-section-boxed elementor-section-height-default elementor-section-height-default\" data-id=\"1553fab\" data-element_type=\"section\" data-e-type=\"section\" data-settings=\"{&quot;jet_parallax_layout_list&quot;:[]}\">\n\t\t\t\t\t\t<div class=\"elementor-container elementor-column-gap-default\">\n\t\t\t\t\t<div class=\"elementor-column elementor-col-100 elementor-top-column elementor-element elementor-element-f36f43b\" data-id=\"f36f43b\" data-element_type=\"column\" data-e-type=\"column\">\n\t\t\t<div class=\"elementor-widget-wrap elementor-element-populated\">\n\t\t\t\t\t\t<div class=\"elementor-element elementor-element-9b3694f jedv-enabled--yes elementor-widget elementor-widget-jet-listing-dynamic-image\" data-id=\"9b3694f\" data-element_type=\"widget\" data-e-type=\"widget\" data-widget_type=\"jet-listing-dynamic-image.default\">\n\t\t\t\t<div class=\"elementor-widget-container\">\n\t\t\t\t\t<div class=\"jet-listing jet-listing-dynamic-image\" ><a href=\"https:\/\/cdu-kaarst.de\/en\/personen\/dr-klaus-gerdes\/\" class=\"jet-listing-dynamic-image__link\"><img fetchpriority=\"high\" decoding=\"async\" width=\"768\" height=\"768\" src=\"https:\/\/cdu-kaarst.de\/wp-content\/uploads\/cdu-kaarst_dr-gerdes-klaus-768x768.jpg\" class=\"jet-listing-dynamic-image__img attachment-medium_large size-medium_large wp-post-image\" alt=\"1973-01-02\" srcset=\"https:\/\/cdu-kaarst.de\/wp-content\/uploads\/cdu-kaarst_dr-gerdes-klaus-768x768.jpg 768w, https:\/\/cdu-kaarst.de\/wp-content\/uploads\/cdu-kaarst_dr-gerdes-klaus-300x300.jpg 300w, https:\/\/cdu-kaarst.de\/wp-content\/uploads\/cdu-kaarst_dr-gerdes-klaus-150x150.jpg 150w, https:\/\/cdu-kaarst.de\/wp-content\/uploads\/cdu-kaarst_dr-gerdes-klaus.jpg 1024w\" sizes=\"(max-width: 768px) 100vw, 768px\" loading=\"eager\" \/><\/a><\/div>\t\t\t\t<\/div>\n\t\t\t\t<\/div>\n\t\t\t\t<div class=\"elementor-element elementor-element-2e24629 elementor-widget elementor-widget-jet-listing-dynamic-field\" data-id=\"2e24629\" data-element_type=\"widget\" data-e-type=\"widget\" data-widget_type=\"jet-listing-dynamic-field.default\">\n\t\t\t\t<div class=\"elementor-widget-container\">\n\t\t\t\t\t<div class=\"jet-listing jet-listing-dynamic-field display-inline\"><div class=\"jet-listing-dynamic-field__inline-wrap\"><div class=\"jet-listing-dynamic-field__content\" >Vorsitzender<\/div><\/div><\/div>\t\t\t\t<\/div>\n\t\t\t\t<\/div>\n\t\t\t\t<div class=\"elementor-element elementor-element-086043c jedv-enabled--yes elementor-widget elementor-widget-theme-post-title elementor-page-title elementor-widget-heading\" data-id=\"086043c\" data-element_type=\"widget\" data-e-type=\"widget\" data-widget_type=\"theme-post-title.default\">\n\t\t\t\t<div class=\"elementor-widget-container\">\n\t\t\t\t\t<span class=\"elementor-heading-title elementor-size-default\"><a href=\"https:\/\/cdu-kaarst.de\/en\/personen\/dr-klaus-gerdes\/\">Dr. Klaus Gerdes<\/a><\/span>\t\t\t\t<\/div>\n\t\t\t\t<\/div>\n\t\t\t\t\t<\/div>\n\t\t<\/div>\n\t\t\t\t\t<\/div>\n\t\t<\/section>\n\t\t\t\t<\/div>\n\t\t<\/div><div class=\"jet-listing-grid__item jet-listing-dynamic-post-1420\" data-post-id=\"1420\"  >\t\t<div data-elementor-type=\"jet-listing-items\" data-elementor-id=\"3050\" class=\"elementor elementor-3050\" data-elementor-post-type=\"jet-engine\">\n\t\t\t\t\t\t<section class=\"elementor-section elementor-top-section elementor-element elementor-element-1553fab elementor-section-boxed elementor-section-height-default elementor-section-height-default\" data-id=\"1553fab\" data-element_type=\"section\" data-e-type=\"section\" data-settings=\"{&quot;jet_parallax_layout_list&quot;:[]}\">\n\t\t\t\t\t\t<div class=\"elementor-container elementor-column-gap-default\">\n\t\t\t\t\t<div class=\"elementor-column elementor-col-100 elementor-top-column elementor-element elementor-element-f36f43b\" data-id=\"f36f43b\" data-element_type=\"column\" data-e-type=\"column\">\n\t\t\t<div class=\"elementor-widget-wrap elementor-element-populated\">\n\t\t\t\t\t\t<div class=\"elementor-element elementor-element-9b3694f jedv-enabled--yes elementor-widget elementor-widget-jet-listing-dynamic-image\" data-id=\"9b3694f\" data-element_type=\"widget\" data-e-type=\"widget\" data-widget_type=\"jet-listing-dynamic-image.default\">\n\t\t\t\t<div class=\"elementor-widget-container\">\n\t\t\t\t\t<div class=\"jet-listing jet-listing-dynamic-image\" ><a href=\"https:\/\/cdu-kaarst.de\/en\/personen\/petra-indenhuck\/\" class=\"jet-listing-dynamic-image__link\"><img decoding=\"async\" width=\"768\" height=\"768\" src=\"https:\/\/cdu-kaarst.de\/wp-content\/uploads\/cdu-kaarst_indenhuck-petra-768x768.jpg\" class=\"jet-listing-dynamic-image__img attachment-medium_large size-medium_large wp-post-image\" alt=\"cdu-kaarst_indenhuck-petra\" srcset=\"https:\/\/cdu-kaarst.de\/wp-content\/uploads\/cdu-kaarst_indenhuck-petra-768x768.jpg 768w, https:\/\/cdu-kaarst.de\/wp-content\/uploads\/cdu-kaarst_indenhuck-petra-300x300.jpg 300w, https:\/\/cdu-kaarst.de\/wp-content\/uploads\/cdu-kaarst_indenhuck-petra-150x150.jpg 150w, https:\/\/cdu-kaarst.de\/wp-content\/uploads\/cdu-kaarst_indenhuck-petra.jpg 1024w\" sizes=\"(max-width: 768px) 100vw, 768px\" loading=\"eager\" \/><\/a><\/div>\t\t\t\t<\/div>\n\t\t\t\t<\/div>\n\t\t\t\t<div class=\"elementor-element elementor-element-2e24629 elementor-widget elementor-widget-jet-listing-dynamic-field\" data-id=\"2e24629\" data-element_type=\"widget\" data-e-type=\"widget\" data-widget_type=\"jet-listing-dynamic-field.default\">\n\t\t\t\t<div class=\"elementor-widget-container\">\n\t\t\t\t\t<div class=\"jet-listing jet-listing-dynamic-field display-inline\"><div class=\"jet-listing-dynamic-field__inline-wrap\"><div class=\"jet-listing-dynamic-field__content\" >stellv. Vorsitzende<\/div><\/div><\/div>\t\t\t\t<\/div>\n\t\t\t\t<\/div>\n\t\t\t\t<div class=\"elementor-element elementor-element-086043c jedv-enabled--yes elementor-widget elementor-widget-theme-post-title elementor-page-title elementor-widget-heading\" data-id=\"086043c\" data-element_type=\"widget\" data-e-type=\"widget\" data-widget_type=\"theme-post-title.default\">\n\t\t\t\t<div class=\"elementor-widget-container\">\n\t\t\t\t\t<span class=\"elementor-heading-title elementor-size-default\"><a href=\"https:\/\/cdu-kaarst.de\/en\/personen\/petra-indenhuck\/\">Petra Indenhuck<\/a><\/span>\t\t\t\t<\/div>\n\t\t\t\t<\/div>\n\t\t\t\t\t<\/div>\n\t\t<\/div>\n\t\t\t\t\t<\/div>\n\t\t<\/section>\n\t\t\t\t<\/div>\n\t\t<\/div><div class=\"jet-listing-grid__item jet-listing-dynamic-post-1520\" data-post-id=\"1520\"  >\t\t<div data-elementor-type=\"jet-listing-items\" data-elementor-id=\"3050\" class=\"elementor elementor-3050\" data-elementor-post-type=\"jet-engine\">\n\t\t\t\t\t\t<section class=\"elementor-section elementor-top-section elementor-element elementor-element-1553fab elementor-section-boxed elementor-section-height-default elementor-section-height-default\" data-id=\"1553fab\" data-element_type=\"section\" data-e-type=\"section\" data-settings=\"{&quot;jet_parallax_layout_list&quot;:[]}\">\n\t\t\t\t\t\t<div class=\"elementor-container elementor-column-gap-default\">\n\t\t\t\t\t<div class=\"elementor-column elementor-col-100 elementor-top-column elementor-element elementor-element-f36f43b\" data-id=\"f36f43b\" data-element_type=\"column\" data-e-type=\"column\">\n\t\t\t<div class=\"elementor-widget-wrap elementor-element-populated\">\n\t\t\t\t\t\t<div class=\"elementor-element elementor-element-9b3694f jedv-enabled--yes elementor-widget elementor-widget-jet-listing-dynamic-image\" data-id=\"9b3694f\" data-element_type=\"widget\" data-e-type=\"widget\" data-widget_type=\"jet-listing-dynamic-image.default\">\n\t\t\t\t<div class=\"elementor-widget-container\">\n\t\t\t\t\t<div class=\"jet-listing jet-listing-dynamic-image\" ><a href=\"https:\/\/cdu-kaarst.de\/en\/personen\/volker-begas\/\" class=\"jet-listing-dynamic-image__link\"><img decoding=\"async\" width=\"768\" height=\"768\" src=\"https:\/\/cdu-kaarst.de\/wp-content\/uploads\/cdu-kaarst_volker-begas-01-768x768.jpg\" class=\"jet-listing-dynamic-image__img attachment-medium_large size-medium_large wp-post-image\" alt=\"1972-01-05\" srcset=\"https:\/\/cdu-kaarst.de\/wp-content\/uploads\/cdu-kaarst_volker-begas-01-768x768.jpg 768w, https:\/\/cdu-kaarst.de\/wp-content\/uploads\/cdu-kaarst_volker-begas-01-300x300.jpg 300w, https:\/\/cdu-kaarst.de\/wp-content\/uploads\/cdu-kaarst_volker-begas-01-150x150.jpg 150w, https:\/\/cdu-kaarst.de\/wp-content\/uploads\/cdu-kaarst_volker-begas-01-12x12.jpg 12w, https:\/\/cdu-kaarst.de\/wp-content\/uploads\/cdu-kaarst_volker-begas-01.jpg 1024w\" sizes=\"(max-width: 768px) 100vw, 768px\" loading=\"eager\" \/><\/a><\/div>\t\t\t\t<\/div>\n\t\t\t\t<\/div>\n\t\t\t\t<div class=\"elementor-element elementor-element-2e24629 elementor-widget elementor-widget-jet-listing-dynamic-field\" data-id=\"2e24629\" data-element_type=\"widget\" data-e-type=\"widget\" data-widget_type=\"jet-listing-dynamic-field.default\">\n\t\t\t\t<div class=\"elementor-widget-container\">\n\t\t\t\t\t<div class=\"jet-listing jet-listing-dynamic-field display-inline\"><div class=\"jet-listing-dynamic-field__inline-wrap\"><div class=\"jet-listing-dynamic-field__content\" >Stellv. Vorsitzender<\/div><\/div><\/div>\t\t\t\t<\/div>\n\t\t\t\t<\/div>\n\t\t\t\t<div class=\"elementor-element elementor-element-086043c jedv-enabled--yes elementor-widget elementor-widget-theme-post-title elementor-page-title elementor-widget-heading\" data-id=\"086043c\" data-element_type=\"widget\" data-e-type=\"widget\" data-widget_type=\"theme-post-title.default\">\n\t\t\t\t<div class=\"elementor-widget-container\">\n\t\t\t\t\t<span class=\"elementor-heading-title elementor-size-default\"><a href=\"https:\/\/cdu-kaarst.de\/en\/personen\/volker-begas\/\">Volker Begas<\/a><\/span>\t\t\t\t<\/div>\n\t\t\t\t<\/div>\n\t\t\t\t\t<\/div>\n\t\t<\/div>\n\t\t\t\t\t<\/div>\n\t\t<\/section>\n\t\t\t\t<\/div>\n\t\t<\/div><div class=\"jet-listing-grid__item jet-listing-dynamic-post-2452\" data-post-id=\"2452\"  >\t\t<div data-elementor-type=\"jet-listing-items\" data-elementor-id=\"3050\" class=\"elementor elementor-3050\" data-elementor-post-type=\"jet-engine\">\n\t\t\t\t\t\t<section class=\"elementor-section elementor-top-section elementor-element elementor-element-1553fab elementor-section-boxed elementor-section-height-default elementor-section-height-default\" data-id=\"1553fab\" data-element_type=\"section\" data-e-type=\"section\" data-settings=\"{&quot;jet_parallax_layout_list&quot;:[]}\">\n\t\t\t\t\t\t<div class=\"elementor-container elementor-column-gap-default\">\n\t\t\t\t\t<div class=\"elementor-column elementor-col-100 elementor-top-column elementor-element elementor-element-f36f43b\" data-id=\"f36f43b\" data-element_type=\"column\" data-e-type=\"column\">\n\t\t\t<div class=\"elementor-widget-wrap elementor-element-populated\">\n\t\t\t\t\t\t<div class=\"elementor-element elementor-element-9b3694f jedv-enabled--yes elementor-widget elementor-widget-jet-listing-dynamic-image\" data-id=\"9b3694f\" data-element_type=\"widget\" data-e-type=\"widget\" data-widget_type=\"jet-listing-dynamic-image.default\">\n\t\t\t\t<div class=\"elementor-widget-container\">\n\t\t\t\t\t<div class=\"jet-listing jet-listing-dynamic-image\" ><a href=\"https:\/\/cdu-kaarst.de\/en\/personen\/stefan-schwengers\/\" class=\"jet-listing-dynamic-image__link\"><img decoding=\"async\" width=\"768\" height=\"768\" src=\"https:\/\/cdu-kaarst.de\/wp-content\/uploads\/cdu-kaarst_schwengers-stefan-768x768.jpg\" class=\"jet-listing-dynamic-image__img attachment-medium_large size-medium_large wp-post-image\" alt=\"1982-01-01\" srcset=\"https:\/\/cdu-kaarst.de\/wp-content\/uploads\/cdu-kaarst_schwengers-stefan-768x768.jpg 768w, https:\/\/cdu-kaarst.de\/wp-content\/uploads\/cdu-kaarst_schwengers-stefan-300x300.jpg 300w, https:\/\/cdu-kaarst.de\/wp-content\/uploads\/cdu-kaarst_schwengers-stefan-150x150.jpg 150w, https:\/\/cdu-kaarst.de\/wp-content\/uploads\/cdu-kaarst_schwengers-stefan.jpg 1024w\" sizes=\"(max-width: 768px) 100vw, 768px\" loading=\"eager\" \/><\/a><\/div>\t\t\t\t<\/div>\n\t\t\t\t<\/div>\n\t\t\t\t<div class=\"elementor-element elementor-element-2e24629 elementor-widget elementor-widget-jet-listing-dynamic-field\" data-id=\"2e24629\" data-element_type=\"widget\" data-e-type=\"widget\" data-widget_type=\"jet-listing-dynamic-field.default\">\n\t\t\t\t<div class=\"elementor-widget-container\">\n\t\t\t\t\t<div class=\"jet-listing jet-listing-dynamic-field display-inline\"><div class=\"jet-listing-dynamic-field__inline-wrap\"><div class=\"jet-listing-dynamic-field__content\" >Schatzmeister<\/div><\/div><\/div>\t\t\t\t<\/div>\n\t\t\t\t<\/div>\n\t\t\t\t<div class=\"elementor-element elementor-element-086043c jedv-enabled--yes elementor-widget elementor-widget-theme-post-title elementor-page-title elementor-widget-heading\" data-id=\"086043c\" data-element_type=\"widget\" data-e-type=\"widget\" data-widget_type=\"theme-post-title.default\">\n\t\t\t\t<div class=\"elementor-widget-container\">\n\t\t\t\t\t<span class=\"elementor-heading-title elementor-size-default\"><a href=\"https:\/\/cdu-kaarst.de\/en\/personen\/stefan-schwengers\/\">Stefan Schwengers<\/a><\/span>\t\t\t\t<\/div>\n\t\t\t\t<\/div>\n\t\t\t\t\t<\/div>\n\t\t<\/div>\n\t\t\t\t\t<\/div>\n\t\t<\/section>\n\t\t\t\t<\/div>\n\t\t<\/div><div class=\"jet-listing-grid__item jet-listing-dynamic-post-2433\" data-post-id=\"2433\"  >\t\t<div data-elementor-type=\"jet-listing-items\" data-elementor-id=\"3050\" class=\"elementor elementor-3050\" data-elementor-post-type=\"jet-engine\">\n\t\t\t\t\t\t<section class=\"elementor-section elementor-top-section elementor-element elementor-element-1553fab elementor-section-boxed elementor-section-height-default elementor-section-height-default\" data-id=\"1553fab\" data-element_type=\"section\" data-e-type=\"section\" data-settings=\"{&quot;jet_parallax_layout_list&quot;:[]}\">\n\t\t\t\t\t\t<div class=\"elementor-container elementor-column-gap-default\">\n\t\t\t\t\t<div class=\"elementor-column elementor-col-100 elementor-top-column elementor-element elementor-element-f36f43b\" data-id=\"f36f43b\" data-element_type=\"column\" data-e-type=\"column\">\n\t\t\t<div class=\"elementor-widget-wrap elementor-element-populated\">\n\t\t\t\t\t\t<div class=\"elementor-element elementor-element-ea56535 jedv-enabled--yes elementor-widget elementor-widget-jet-listing-dynamic-image\" data-id=\"ea56535\" data-element_type=\"widget\" data-e-type=\"widget\" data-widget_type=\"jet-listing-dynamic-image.default\">\n\t\t\t\t<div class=\"elementor-widget-container\">\n\t\t\t\t\t<div class=\"jet-listing jet-listing-dynamic-image\" ><img decoding=\"async\" width=\"768\" height=\"768\" src=\"https:\/\/cdu-kaarst.de\/wp-content\/uploads\/cdu-kaarst-profil-01-768x768.jpg\" class=\"jet-listing-dynamic-image__img attachment-medium_large size-medium_large wp-post-image\" alt=\"cdu-kaarst-profil-01\" srcset=\"https:\/\/cdu-kaarst.de\/wp-content\/uploads\/cdu-kaarst-profil-01-768x768.jpg 768w, https:\/\/cdu-kaarst.de\/wp-content\/uploads\/cdu-kaarst-profil-01-300x300.jpg 300w, https:\/\/cdu-kaarst.de\/wp-content\/uploads\/cdu-kaarst-profil-01-150x150.jpg 150w, https:\/\/cdu-kaarst.de\/wp-content\/uploads\/cdu-kaarst-profil-01.jpg 800w\" sizes=\"(max-width: 768px) 100vw, 768px\" loading=\"eager\" \/><\/div>\t\t\t\t<\/div>\n\t\t\t\t<\/div>\n\t\t\t\t<div class=\"elementor-element elementor-element-2e24629 elementor-widget elementor-widget-jet-listing-dynamic-field\" data-id=\"2e24629\" data-element_type=\"widget\" data-e-type=\"widget\" data-widget_type=\"jet-listing-dynamic-field.default\">\n\t\t\t\t<div class=\"elementor-widget-container\">\n\t\t\t\t\t<div class=\"jet-listing jet-listing-dynamic-field display-inline\"><div class=\"jet-listing-dynamic-field__inline-wrap\"><div class=\"jet-listing-dynamic-field__content\" >stellv. Schatzmeister<\/div><\/div><\/div>\t\t\t\t<\/div>\n\t\t\t\t<\/div>\n\t\t\t\t<div class=\"elementor-element elementor-element-7f917b7 jedv-enabled--yes elementor-widget elementor-widget-theme-post-title elementor-page-title elementor-widget-heading\" data-id=\"7f917b7\" data-element_type=\"widget\" data-e-type=\"widget\" data-widget_type=\"theme-post-title.default\">\n\t\t\t\t<div class=\"elementor-widget-container\">\n\t\t\t\t\t<span class=\"elementor-heading-title elementor-size-default\">Rainer Linden<\/span>\t\t\t\t<\/div>\n\t\t\t\t<\/div>\n\t\t\t\t\t<\/div>\n\t\t<\/div>\n\t\t\t\t\t<\/div>\n\t\t<\/section>\n\t\t\t\t<\/div>\n\t\t<\/div><div class=\"jet-listing-grid__item jet-listing-dynamic-post-7082\" data-post-id=\"7082\"  >\t\t<div data-elementor-type=\"jet-listing-items\" data-elementor-id=\"3050\" class=\"elementor elementor-3050\" data-elementor-post-type=\"jet-engine\">\n\t\t\t\t\t\t<section class=\"elementor-section elementor-top-section elementor-element elementor-element-1553fab elementor-section-boxed elementor-section-height-default elementor-section-height-default\" data-id=\"1553fab\" data-element_type=\"section\" data-e-type=\"section\" data-settings=\"{&quot;jet_parallax_layout_list&quot;:[]}\">\n\t\t\t\t\t\t<div class=\"elementor-container elementor-column-gap-default\">\n\t\t\t\t\t<div class=\"elementor-column elementor-col-100 elementor-top-column elementor-element elementor-element-f36f43b\" data-id=\"f36f43b\" data-element_type=\"column\" data-e-type=\"column\">\n\t\t\t<div class=\"elementor-widget-wrap elementor-element-populated\">\n\t\t\t\t\t\t<div class=\"elementor-element elementor-element-ea56535 jedv-enabled--yes elementor-widget elementor-widget-jet-listing-dynamic-image\" data-id=\"ea56535\" data-element_type=\"widget\" data-e-type=\"widget\" data-widget_type=\"jet-listing-dynamic-image.default\">\n\t\t\t\t<div class=\"elementor-widget-container\">\n\t\t\t\t\t<div class=\"jet-listing jet-listing-dynamic-image\" ><img decoding=\"async\" width=\"768\" height=\"768\" src=\"https:\/\/cdu-kaarst.de\/wp-content\/uploads\/cdu-kaarst-profil-01-768x768.jpg\" class=\"jet-listing-dynamic-image__img attachment-medium_large size-medium_large wp-post-image\" alt=\"cdu-kaarst-profil-01\" srcset=\"https:\/\/cdu-kaarst.de\/wp-content\/uploads\/cdu-kaarst-profil-01-768x768.jpg 768w, https:\/\/cdu-kaarst.de\/wp-content\/uploads\/cdu-kaarst-profil-01-300x300.jpg 300w, https:\/\/cdu-kaarst.de\/wp-content\/uploads\/cdu-kaarst-profil-01-150x150.jpg 150w, https:\/\/cdu-kaarst.de\/wp-content\/uploads\/cdu-kaarst-profil-01.jpg 800w\" sizes=\"(max-width: 768px) 100vw, 768px\" loading=\"eager\" \/><\/div>\t\t\t\t<\/div>\n\t\t\t\t<\/div>\n\t\t\t\t<div class=\"elementor-element elementor-element-2e24629 elementor-widget elementor-widget-jet-listing-dynamic-field\" data-id=\"2e24629\" data-element_type=\"widget\" data-e-type=\"widget\" data-widget_type=\"jet-listing-dynamic-field.default\">\n\t\t\t\t<div class=\"elementor-widget-container\">\n\t\t\t\t\t<div class=\"jet-listing jet-listing-dynamic-field display-inline\"><div class=\"jet-listing-dynamic-field__inline-wrap\"><div class=\"jet-listing-dynamic-field__content\" >Gesch\u00e4ftsf\u00fchrer<\/div><\/div><\/div>\t\t\t\t<\/div>\n\t\t\t\t<\/div>\n\t\t\t\t<div class=\"elementor-element elementor-element-7f917b7 jedv-enabled--yes elementor-widget elementor-widget-theme-post-title elementor-page-title elementor-widget-heading\" data-id=\"7f917b7\" data-element_type=\"widget\" data-e-type=\"widget\" data-widget_type=\"theme-post-title.default\">\n\t\t\t\t<div class=\"elementor-widget-container\">\n\t\t\t\t\t<span class=\"elementor-heading-title elementor-size-default\">Philipp Fischer<\/span>\t\t\t\t<\/div>\n\t\t\t\t<\/div>\n\t\t\t\t\t<\/div>\n\t\t<\/div>\n\t\t\t\t\t<\/div>\n\t\t<\/section>\n\t\t\t\t<\/div>\n\t\t<\/div><div class=\"jet-listing-grid__item jet-listing-dynamic-post-1782\" data-post-id=\"1782\"  >\t\t<div data-elementor-type=\"jet-listing-items\" data-elementor-id=\"3050\" class=\"elementor elementor-3050\" data-elementor-post-type=\"jet-engine\">\n\t\t\t\t\t\t<section class=\"elementor-section elementor-top-section elementor-element elementor-element-1553fab elementor-section-boxed elementor-section-height-default elementor-section-height-default\" data-id=\"1553fab\" data-element_type=\"section\" data-e-type=\"section\" data-settings=\"{&quot;jet_parallax_layout_list&quot;:[]}\">\n\t\t\t\t\t\t<div class=\"elementor-container elementor-column-gap-default\">\n\t\t\t\t\t<div class=\"elementor-column elementor-col-100 elementor-top-column elementor-element elementor-element-f36f43b\" data-id=\"f36f43b\" data-element_type=\"column\" data-e-type=\"column\">\n\t\t\t<div class=\"elementor-widget-wrap elementor-element-populated\">\n\t\t\t\t\t\t<div class=\"elementor-element elementor-element-9b3694f jedv-enabled--yes elementor-widget elementor-widget-jet-listing-dynamic-image\" data-id=\"9b3694f\" data-element_type=\"widget\" data-e-type=\"widget\" data-widget_type=\"jet-listing-dynamic-image.default\">\n\t\t\t\t<div class=\"elementor-widget-container\">\n\t\t\t\t\t<div class=\"jet-listing jet-listing-dynamic-image\" ><a href=\"https:\/\/cdu-kaarst.de\/en\/personen\/elena-otero-lopez\/\" class=\"jet-listing-dynamic-image__link\"><img decoding=\"async\" width=\"768\" height=\"768\" src=\"https:\/\/cdu-kaarst.de\/wp-content\/uploads\/cdu-kaarst_otero-lopez-elena-768x768.jpg\" class=\"jet-listing-dynamic-image__img attachment-medium_large size-medium_large wp-post-image\" alt=\"1978-01-01\" srcset=\"https:\/\/cdu-kaarst.de\/wp-content\/uploads\/cdu-kaarst_otero-lopez-elena-768x768.jpg 768w, https:\/\/cdu-kaarst.de\/wp-content\/uploads\/cdu-kaarst_otero-lopez-elena-300x300.jpg 300w, https:\/\/cdu-kaarst.de\/wp-content\/uploads\/cdu-kaarst_otero-lopez-elena-150x150.jpg 150w, https:\/\/cdu-kaarst.de\/wp-content\/uploads\/cdu-kaarst_otero-lopez-elena.jpg 1024w\" sizes=\"(max-width: 768px) 100vw, 768px\" loading=\"eager\" \/><\/a><\/div>\t\t\t\t<\/div>\n\t\t\t\t<\/div>\n\t\t\t\t<div class=\"elementor-element elementor-element-2e24629 elementor-widget elementor-widget-jet-listing-dynamic-field\" data-id=\"2e24629\" data-element_type=\"widget\" data-e-type=\"widget\" data-widget_type=\"jet-listing-dynamic-field.default\">\n\t\t\t\t<div class=\"elementor-widget-container\">\n\t\t\t\t\t<div class=\"jet-listing jet-listing-dynamic-field display-inline\"><div class=\"jet-listing-dynamic-field__inline-wrap\"><div class=\"jet-listing-dynamic-field__content\" >Mitgliederbeauftragte<\/div><\/div><\/div>\t\t\t\t<\/div>\n\t\t\t\t<\/div>\n\t\t\t\t<div class=\"elementor-element elementor-element-086043c jedv-enabled--yes elementor-widget elementor-widget-theme-post-title elementor-page-title elementor-widget-heading\" data-id=\"086043c\" data-element_type=\"widget\" data-e-type=\"widget\" data-widget_type=\"theme-post-title.default\">\n\t\t\t\t<div class=\"elementor-widget-container\">\n\t\t\t\t\t<span class=\"elementor-heading-title elementor-size-default\"><a href=\"https:\/\/cdu-kaarst.de\/en\/personen\/elena-otero-lopez\/\">Elena Otero Lopez<\/a><\/span>\t\t\t\t<\/div>\n\t\t\t\t<\/div>\n\t\t\t\t\t<\/div>\n\t\t<\/div>\n\t\t\t\t\t<\/div>\n\t\t<\/section>\n\t\t\t\t<\/div>\n\t\t<\/div><\/div><\/div>\t\t\t\t<\/div>\n\t\t\t\t<\/div>\n\t\t\t\t\t<\/div>\n\t\t<\/div>\n\t\t\t\t\t<\/div>\n\t\t<\/section>\n\t\t\t\t<section class=\"elementor-section elementor-top-section elementor-element elementor-element-a2134ca elementor-section-height-min-height elementor-section-items-stretch elementor-section-boxed elementor-section-height-default\" data-id=\"a2134ca\" data-element_type=\"section\" data-e-type=\"section\" data-settings=\"{&quot;jet_parallax_layout_list&quot;:[]}\">\n\t\t\t\t\t\t<div class=\"elementor-container elementor-column-gap-default\">\n\t\t\t\t\t<div class=\"elementor-column elementor-col-100 elementor-top-column elementor-element elementor-element-32c7765\" data-id=\"32c7765\" data-element_type=\"column\" data-e-type=\"column\" data-settings=\"{&quot;background_background&quot;:&quot;classic&quot;}\">\n\t\t\t<div class=\"elementor-widget-wrap elementor-element-populated\">\n\t\t\t\t\t\t<div class=\"elementor-element elementor-element-4dd8cbb elementor-widget__width-auto elementor-widget elementor-widget-heading\" data-id=\"4dd8cbb\" data-element_type=\"widget\" data-e-type=\"widget\" data-widget_type=\"heading.default\">\n\t\t\t\t<div class=\"elementor-widget-container\">\n\t\t\t\t\t<h3 class=\"elementor-heading-title elementor-size-default\">Beisitzer<\/h3>\t\t\t\t<\/div>\n\t\t\t\t<\/div>\n\t\t\t\t<div class=\"elementor-element elementor-element-1d6504c elementor-widget elementor-widget-jet-listing-grid\" data-id=\"1d6504c\" data-element_type=\"widget\" data-e-type=\"widget\" data-settings=\"{&quot;columns_tablet&quot;:&quot;2&quot;,&quot;columns_mobile&quot;:&quot;1&quot;,&quot;columns&quot;:3}\" data-widget_type=\"jet-listing-grid.default\">\n\t\t\t\t<div class=\"elementor-widget-container\">\n\t\t\t\t\t<div class=\"jet-listing-grid jet-listing\"><div class=\"jet-listing-grid__items grid-col-desk-3 grid-col-tablet-2 grid-col-mobile-1 jet-listing-grid--3395\" data-queried-id=\"626|WP_Post\" data-nav=\"{&quot;enabled&quot;:false,&quot;type&quot;:null,&quot;more_el&quot;:null,&quot;query&quot;:[],&quot;widget_settings&quot;:{&quot;lisitng_id&quot;:3395,&quot;posts_num&quot;:6,&quot;columns&quot;:3,&quot;columns_tablet&quot;:2,&quot;columns_mobile&quot;:1,&quot;column_min_width&quot;:240,&quot;column_min_width_tablet&quot;:240,&quot;column_min_width_mobile&quot;:240,&quot;inline_columns_css&quot;:false,&quot;is_archive_template&quot;:&quot;&quot;,&quot;post_status&quot;:[&quot;publish&quot;],&quot;use_random_posts_num&quot;:&quot;&quot;,&quot;max_posts_num&quot;:9,&quot;not_found_message&quot;:&quot;No data was found&quot;,&quot;is_masonry&quot;:false,&quot;equal_columns_height&quot;:&quot;&quot;,&quot;use_load_more&quot;:&quot;&quot;,&quot;load_more_id&quot;:&quot;&quot;,&quot;load_more_type&quot;:&quot;click&quot;,&quot;load_more_offset&quot;:null,&quot;use_custom_post_types&quot;:&quot;&quot;,&quot;custom_post_types&quot;:[],&quot;hide_widget_if&quot;:&quot;&quot;,&quot;carousel_enabled&quot;:&quot;&quot;,&quot;slides_to_scroll&quot;:&quot;1&quot;,&quot;arrows&quot;:&quot;true&quot;,&quot;arrow_icon&quot;:&quot;fa fa-angle-left&quot;,&quot;dots&quot;:&quot;&quot;,&quot;autoplay&quot;:&quot;true&quot;,&quot;pause_on_hover&quot;:&quot;true&quot;,&quot;autoplay_speed&quot;:5000,&quot;infinite&quot;:&quot;true&quot;,&quot;center_mode&quot;:&quot;&quot;,&quot;effect&quot;:&quot;slide&quot;,&quot;speed&quot;:500,&quot;inject_alternative_items&quot;:&quot;&quot;,&quot;injection_items&quot;:[],&quot;scroll_slider_enabled&quot;:&quot;&quot;,&quot;scroll_slider_on&quot;:[&quot;desktop&quot;,&quot;tablet&quot;,&quot;mobile&quot;],&quot;custom_query&quot;:false,&quot;custom_query_id&quot;:&quot;&quot;,&quot;_element_id&quot;:&quot;&quot;,&quot;collapse_first_last_gap&quot;:false,&quot;list_tag_selection&quot;:&quot;&quot;,&quot;list_items_wrapper_tag&quot;:&quot;div&quot;,&quot;list_item_tag&quot;:&quot;div&quot;,&quot;empty_items_wrapper_tag&quot;:&quot;div&quot;}}\" data-page=\"1\" data-pages=\"1\" data-listing-source=\"query\" data-listing-id=\"3395\" data-query-id=\"25\"><div class=\"jet-listing-grid__item jet-listing-dynamic-post-2398\" data-post-id=\"2398\"  >\t\t<div data-elementor-type=\"jet-listing-items\" data-elementor-id=\"3395\" class=\"elementor elementor-3395\" data-elementor-post-type=\"jet-engine\">\n\t\t\t\t\t\t<section class=\"elementor-section elementor-top-section elementor-element elementor-element-3f11e4b elementor-section-boxed elementor-section-height-default elementor-section-height-default\" data-id=\"3f11e4b\" data-element_type=\"section\" data-e-type=\"section\" data-settings=\"{&quot;jet_parallax_layout_list&quot;:[]}\">\n\t\t\t\t\t\t<div class=\"elementor-container elementor-column-gap-default\">\n\t\t\t\t\t<div class=\"elementor-column elementor-col-100 elementor-top-column elementor-element elementor-element-feeb017\" data-id=\"feeb017\" data-element_type=\"column\" data-e-type=\"column\">\n\t\t\t<div class=\"elementor-widget-wrap elementor-element-populated\">\n\t\t\t\t\t\t<div class=\"elementor-element elementor-element-8ce27c9 jedv-enabled--yes elementor-widget elementor-widget-jet-listing-dynamic-image\" data-id=\"8ce27c9\" data-element_type=\"widget\" data-e-type=\"widget\" data-widget_type=\"jet-listing-dynamic-image.default\">\n\t\t\t\t<div class=\"elementor-widget-container\">\n\t\t\t\t\t<div class=\"jet-listing jet-listing-dynamic-image\" ><a href=\"https:\/\/cdu-kaarst.de\/en\/personen\/gabi-brumann\/\" class=\"jet-listing-dynamic-image__link\"><img decoding=\"async\" width=\"768\" height=\"768\" src=\"https:\/\/cdu-kaarst.de\/wp-content\/uploads\/cdu-kaarst_brumann-gabi-768x768.jpg\" class=\"jet-listing-dynamic-image__img attachment-medium_large size-medium_large wp-post-image\" alt=\"1955-01-01\" srcset=\"https:\/\/cdu-kaarst.de\/wp-content\/uploads\/cdu-kaarst_brumann-gabi-768x768.jpg 768w, https:\/\/cdu-kaarst.de\/wp-content\/uploads\/cdu-kaarst_brumann-gabi-300x300.jpg 300w, https:\/\/cdu-kaarst.de\/wp-content\/uploads\/cdu-kaarst_brumann-gabi-150x150.jpg 150w, https:\/\/cdu-kaarst.de\/wp-content\/uploads\/cdu-kaarst_brumann-gabi.jpg 1024w\" sizes=\"(max-width: 768px) 100vw, 768px\" loading=\"eager\" \/><\/a><\/div>\t\t\t\t<\/div>\n\t\t\t\t<\/div>\n\t\t\t\t<div class=\"elementor-element elementor-element-4e0ff11 jedv-enabled--yes elementor-widget elementor-widget-theme-post-title elementor-page-title elementor-widget-heading\" data-id=\"4e0ff11\" data-element_type=\"widget\" data-e-type=\"widget\" data-widget_type=\"theme-post-title.default\">\n\t\t\t\t<div class=\"elementor-widget-container\">\n\t\t\t\t\t<span class=\"elementor-heading-title elementor-size-default\"><a href=\"https:\/\/cdu-kaarst.de\/en\/personen\/gabi-brumann\/\">Gabi Brumann<\/a><\/span>\t\t\t\t<\/div>\n\t\t\t\t<\/div>\n\t\t\t\t\t<\/div>\n\t\t<\/div>\n\t\t\t\t\t<\/div>\n\t\t<\/section>\n\t\t\t\t<\/div>\n\t\t<\/div><div class=\"jet-listing-grid__item jet-listing-dynamic-post-7083\" data-post-id=\"7083\"  >\t\t<div data-elementor-type=\"jet-listing-items\" data-elementor-id=\"3395\" class=\"elementor elementor-3395\" data-elementor-post-type=\"jet-engine\">\n\t\t\t\t\t\t<section class=\"elementor-section elementor-top-section elementor-element elementor-element-3f11e4b elementor-section-boxed elementor-section-height-default elementor-section-height-default\" data-id=\"3f11e4b\" data-element_type=\"section\" data-e-type=\"section\" data-settings=\"{&quot;jet_parallax_layout_list&quot;:[]}\">\n\t\t\t\t\t\t<div class=\"elementor-container elementor-column-gap-default\">\n\t\t\t\t\t<div class=\"elementor-column elementor-col-100 elementor-top-column elementor-element elementor-element-feeb017\" data-id=\"feeb017\" data-element_type=\"column\" data-e-type=\"column\">\n\t\t\t<div class=\"elementor-widget-wrap elementor-element-populated\">\n\t\t\t\t\t\t<div class=\"elementor-element elementor-element-4fa4287 jedv-enabled--yes elementor-widget elementor-widget-jet-listing-dynamic-image\" data-id=\"4fa4287\" data-element_type=\"widget\" data-e-type=\"widget\" data-widget_type=\"jet-listing-dynamic-image.default\">\n\t\t\t\t<div class=\"elementor-widget-container\">\n\t\t\t\t\t<div class=\"jet-listing jet-listing-dynamic-image\" ><img decoding=\"async\" width=\"768\" height=\"768\" src=\"https:\/\/cdu-kaarst.de\/wp-content\/uploads\/cdu-kaarst-profil-01-768x768.jpg\" class=\"jet-listing-dynamic-image__img attachment-medium_large size-medium_large wp-post-image\" alt=\"cdu-kaarst-profil-01\" srcset=\"https:\/\/cdu-kaarst.de\/wp-content\/uploads\/cdu-kaarst-profil-01-768x768.jpg 768w, https:\/\/cdu-kaarst.de\/wp-content\/uploads\/cdu-kaarst-profil-01-300x300.jpg 300w, https:\/\/cdu-kaarst.de\/wp-content\/uploads\/cdu-kaarst-profil-01-150x150.jpg 150w, https:\/\/cdu-kaarst.de\/wp-content\/uploads\/cdu-kaarst-profil-01.jpg 800w\" sizes=\"(max-width: 768px) 100vw, 768px\" loading=\"eager\" \/><\/div>\t\t\t\t<\/div>\n\t\t\t\t<\/div>\n\t\t\t\t<div class=\"elementor-element elementor-element-4dae669 jedv-enabled--yes elementor-widget elementor-widget-theme-post-title elementor-page-title elementor-widget-heading\" data-id=\"4dae669\" data-element_type=\"widget\" data-e-type=\"widget\" data-widget_type=\"theme-post-title.default\">\n\t\t\t\t<div class=\"elementor-widget-container\">\n\t\t\t\t\t<span class=\"elementor-heading-title elementor-size-default\">Wolfgang Heider<\/span>\t\t\t\t<\/div>\n\t\t\t\t<\/div>\n\t\t\t\t\t<\/div>\n\t\t<\/div>\n\t\t\t\t\t<\/div>\n\t\t<\/section>\n\t\t\t\t<\/div>\n\t\t<\/div><div class=\"jet-listing-grid__item jet-listing-dynamic-post-2420\" data-post-id=\"2420\"  >\t\t<div data-elementor-type=\"jet-listing-items\" data-elementor-id=\"3395\" class=\"elementor elementor-3395\" data-elementor-post-type=\"jet-engine\">\n\t\t\t\t\t\t<section class=\"elementor-section elementor-top-section elementor-element elementor-element-3f11e4b elementor-section-boxed elementor-section-height-default elementor-section-height-default\" data-id=\"3f11e4b\" data-element_type=\"section\" data-e-type=\"section\" data-settings=\"{&quot;jet_parallax_layout_list&quot;:[]}\">\n\t\t\t\t\t\t<div class=\"elementor-container elementor-column-gap-default\">\n\t\t\t\t\t<div class=\"elementor-column elementor-col-100 elementor-top-column elementor-element elementor-element-feeb017\" data-id=\"feeb017\" data-element_type=\"column\" data-e-type=\"column\">\n\t\t\t<div class=\"elementor-widget-wrap elementor-element-populated\">\n\t\t\t\t\t\t<div class=\"elementor-element elementor-element-8ce27c9 jedv-enabled--yes elementor-widget elementor-widget-jet-listing-dynamic-image\" data-id=\"8ce27c9\" data-element_type=\"widget\" data-e-type=\"widget\" data-widget_type=\"jet-listing-dynamic-image.default\">\n\t\t\t\t<div class=\"elementor-widget-container\">\n\t\t\t\t\t<div class=\"jet-listing jet-listing-dynamic-image\" ><a href=\"https:\/\/cdu-kaarst.de\/en\/personen\/marita-heindrichs-krusch\/\" class=\"jet-listing-dynamic-image__link\"><img decoding=\"async\" width=\"768\" height=\"768\" src=\"https:\/\/cdu-kaarst.de\/wp-content\/uploads\/cdu-kaarst_heindrichs-krush-marita-768x768.jpg\" class=\"jet-listing-dynamic-image__img attachment-medium_large size-medium_large wp-post-image\" alt=\"1959-08-20\" srcset=\"https:\/\/cdu-kaarst.de\/wp-content\/uploads\/cdu-kaarst_heindrichs-krush-marita-768x768.jpg 768w, https:\/\/cdu-kaarst.de\/wp-content\/uploads\/cdu-kaarst_heindrichs-krush-marita-300x300.jpg 300w, https:\/\/cdu-kaarst.de\/wp-content\/uploads\/cdu-kaarst_heindrichs-krush-marita-150x150.jpg 150w, https:\/\/cdu-kaarst.de\/wp-content\/uploads\/cdu-kaarst_heindrichs-krush-marita.jpg 1024w\" sizes=\"(max-width: 768px) 100vw, 768px\" loading=\"eager\" \/><\/a><\/div>\t\t\t\t<\/div>\n\t\t\t\t<\/div>\n\t\t\t\t<div class=\"elementor-element elementor-element-4e0ff11 jedv-enabled--yes elementor-widget elementor-widget-theme-post-title elementor-page-title elementor-widget-heading\" data-id=\"4e0ff11\" data-element_type=\"widget\" data-e-type=\"widget\" data-widget_type=\"theme-post-title.default\">\n\t\t\t\t<div class=\"elementor-widget-container\">\n\t\t\t\t\t<span class=\"elementor-heading-title elementor-size-default\"><a href=\"https:\/\/cdu-kaarst.de\/en\/personen\/marita-heindrichs-krusch\/\">Marita Heindrichs-Krusch<\/a><\/span>\t\t\t\t<\/div>\n\t\t\t\t<\/div>\n\t\t\t\t\t<\/div>\n\t\t<\/div>\n\t\t\t\t\t<\/div>\n\t\t<\/section>\n\t\t\t\t<\/div>\n\t\t<\/div><div class=\"jet-listing-grid__item jet-listing-dynamic-post-1421\" data-post-id=\"1421\"  >\t\t<div data-elementor-type=\"jet-listing-items\" data-elementor-id=\"3395\" class=\"elementor elementor-3395\" data-elementor-post-type=\"jet-engine\">\n\t\t\t\t\t\t<section class=\"elementor-section elementor-top-section elementor-element elementor-element-3f11e4b elementor-section-boxed elementor-section-height-default elementor-section-height-default\" data-id=\"3f11e4b\" data-element_type=\"section\" data-e-type=\"section\" data-settings=\"{&quot;jet_parallax_layout_list&quot;:[]}\">\n\t\t\t\t\t\t<div class=\"elementor-container elementor-column-gap-default\">\n\t\t\t\t\t<div class=\"elementor-column elementor-col-100 elementor-top-column elementor-element elementor-element-feeb017\" data-id=\"feeb017\" data-element_type=\"column\" data-e-type=\"column\">\n\t\t\t<div class=\"elementor-widget-wrap elementor-element-populated\">\n\t\t\t\t\t\t<div class=\"elementor-element elementor-element-8ce27c9 jedv-enabled--yes elementor-widget elementor-widget-jet-listing-dynamic-image\" data-id=\"8ce27c9\" data-element_type=\"widget\" data-e-type=\"widget\" data-widget_type=\"jet-listing-dynamic-image.default\">\n\t\t\t\t<div class=\"elementor-widget-container\">\n\t\t\t\t\t<div class=\"jet-listing jet-listing-dynamic-image\" ><a href=\"https:\/\/cdu-kaarst.de\/en\/personen\/hans-gerd-schievink\/\" class=\"jet-listing-dynamic-image__link\"><img decoding=\"async\" width=\"768\" height=\"768\" src=\"https:\/\/cdu-kaarst.de\/wp-content\/uploads\/cdu-kaarst_schievink-hans-gerd-1-768x768.jpg\" class=\"jet-listing-dynamic-image__img attachment-medium_large size-medium_large wp-post-image\" alt=\"1959-05-26\" srcset=\"https:\/\/cdu-kaarst.de\/wp-content\/uploads\/cdu-kaarst_schievink-hans-gerd-1-768x768.jpg 768w, https:\/\/cdu-kaarst.de\/wp-content\/uploads\/cdu-kaarst_schievink-hans-gerd-1-300x300.jpg 300w, https:\/\/cdu-kaarst.de\/wp-content\/uploads\/cdu-kaarst_schievink-hans-gerd-1-150x150.jpg 150w, https:\/\/cdu-kaarst.de\/wp-content\/uploads\/cdu-kaarst_schievink-hans-gerd-1.jpg 1024w\" sizes=\"(max-width: 768px) 100vw, 768px\" loading=\"eager\" \/><\/a><\/div>\t\t\t\t<\/div>\n\t\t\t\t<\/div>\n\t\t\t\t<div class=\"elementor-element elementor-element-4e0ff11 jedv-enabled--yes elementor-widget elementor-widget-theme-post-title elementor-page-title elementor-widget-heading\" data-id=\"4e0ff11\" data-element_type=\"widget\" data-e-type=\"widget\" data-widget_type=\"theme-post-title.default\">\n\t\t\t\t<div class=\"elementor-widget-container\">\n\t\t\t\t\t<span class=\"elementor-heading-title elementor-size-default\"><a href=\"https:\/\/cdu-kaarst.de\/en\/personen\/hans-gerd-schievink\/\">Hans-Gerd Schievink<\/a><\/span>\t\t\t\t<\/div>\n\t\t\t\t<\/div>\n\t\t\t\t\t<\/div>\n\t\t<\/div>\n\t\t\t\t\t<\/div>\n\t\t<\/section>\n\t\t\t\t<\/div>\n\t\t<\/div><div class=\"jet-listing-grid__item jet-listing-dynamic-post-2441\" data-post-id=\"2441\"  >\t\t<div data-elementor-type=\"jet-listing-items\" data-elementor-id=\"3395\" class=\"elementor elementor-3395\" data-elementor-post-type=\"jet-engine\">\n\t\t\t\t\t\t<section class=\"elementor-section elementor-top-section elementor-element elementor-element-3f11e4b elementor-section-boxed elementor-section-height-default elementor-section-height-default\" data-id=\"3f11e4b\" data-element_type=\"section\" data-e-type=\"section\" data-settings=\"{&quot;jet_parallax_layout_list&quot;:[]}\">\n\t\t\t\t\t\t<div class=\"elementor-container elementor-column-gap-default\">\n\t\t\t\t\t<div class=\"elementor-column elementor-col-100 elementor-top-column elementor-element elementor-element-feeb017\" data-id=\"feeb017\" data-element_type=\"column\" data-e-type=\"column\">\n\t\t\t<div class=\"elementor-widget-wrap elementor-element-populated\">\n\t\t\t\t\t\t<div class=\"elementor-element elementor-element-8ce27c9 jedv-enabled--yes elementor-widget elementor-widget-jet-listing-dynamic-image\" data-id=\"8ce27c9\" data-element_type=\"widget\" data-e-type=\"widget\" data-widget_type=\"jet-listing-dynamic-image.default\">\n\t\t\t\t<div class=\"elementor-widget-container\">\n\t\t\t\t\t<div class=\"jet-listing jet-listing-dynamic-image\" ><a href=\"https:\/\/cdu-kaarst.de\/en\/personen\/reimer-schubert\/\" class=\"jet-listing-dynamic-image__link\"><img decoding=\"async\" width=\"768\" height=\"768\" src=\"https:\/\/cdu-kaarst.de\/wp-content\/uploads\/cdu-kaarst_schubert-reimer-768x768.jpg\" class=\"jet-listing-dynamic-image__img attachment-medium_large size-medium_large wp-post-image\" alt=\"1939-01-01\" srcset=\"https:\/\/cdu-kaarst.de\/wp-content\/uploads\/cdu-kaarst_schubert-reimer-768x768.jpg 768w, https:\/\/cdu-kaarst.de\/wp-content\/uploads\/cdu-kaarst_schubert-reimer-300x300.jpg 300w, https:\/\/cdu-kaarst.de\/wp-content\/uploads\/cdu-kaarst_schubert-reimer-150x150.jpg 150w, https:\/\/cdu-kaarst.de\/wp-content\/uploads\/cdu-kaarst_schubert-reimer.jpg 1024w\" sizes=\"(max-width: 768px) 100vw, 768px\" loading=\"eager\" \/><\/a><\/div>\t\t\t\t<\/div>\n\t\t\t\t<\/div>\n\t\t\t\t<div class=\"elementor-element elementor-element-4e0ff11 jedv-enabled--yes elementor-widget elementor-widget-theme-post-title elementor-page-title elementor-widget-heading\" data-id=\"4e0ff11\" data-element_type=\"widget\" data-e-type=\"widget\" data-widget_type=\"theme-post-title.default\">\n\t\t\t\t<div class=\"elementor-widget-container\">\n\t\t\t\t\t<span class=\"elementor-heading-title elementor-size-default\"><a href=\"https:\/\/cdu-kaarst.de\/en\/personen\/reimer-schubert\/\">Reimer Schubert<\/a><\/span>\t\t\t\t<\/div>\n\t\t\t\t<\/div>\n\t\t\t\t\t<\/div>\n\t\t<\/div>\n\t\t\t\t\t<\/div>\n\t\t<\/section>\n\t\t\t\t<\/div>\n\t\t<\/div><div class=\"jet-listing-grid__item jet-listing-dynamic-post-2461\" data-post-id=\"2461\"  >\t\t<div data-elementor-type=\"jet-listing-items\" data-elementor-id=\"3395\" class=\"elementor elementor-3395\" data-elementor-post-type=\"jet-engine\">\n\t\t\t\t\t\t<section class=\"elementor-section elementor-top-section elementor-element elementor-element-3f11e4b elementor-section-boxed elementor-section-height-default elementor-section-height-default\" data-id=\"3f11e4b\" data-element_type=\"section\" data-e-type=\"section\" data-settings=\"{&quot;jet_parallax_layout_list&quot;:[]}\">\n\t\t\t\t\t\t<div class=\"elementor-container elementor-column-gap-default\">\n\t\t\t\t\t<div class=\"elementor-column elementor-col-100 elementor-top-column elementor-element elementor-element-feeb017\" data-id=\"feeb017\" data-element_type=\"column\" data-e-type=\"column\">\n\t\t\t<div class=\"elementor-widget-wrap elementor-element-populated\">\n\t\t\t\t\t\t<div class=\"elementor-element elementor-element-8ce27c9 jedv-enabled--yes elementor-widget elementor-widget-jet-listing-dynamic-image\" data-id=\"8ce27c9\" data-element_type=\"widget\" data-e-type=\"widget\" data-widget_type=\"jet-listing-dynamic-image.default\">\n\t\t\t\t<div class=\"elementor-widget-container\">\n\t\t\t\t\t<div class=\"jet-listing jet-listing-dynamic-image\" ><a href=\"https:\/\/cdu-kaarst.de\/en\/personen\/edmund-van-dyck\/\" class=\"jet-listing-dynamic-image__link\"><img decoding=\"async\" width=\"768\" height=\"768\" src=\"https:\/\/cdu-kaarst.de\/wp-content\/uploads\/cdu-kaarst_van-dyck-edmund-768x768.jpg\" class=\"jet-listing-dynamic-image__img attachment-medium_large size-medium_large wp-post-image\" alt=\"1944-01-01\" srcset=\"https:\/\/cdu-kaarst.de\/wp-content\/uploads\/cdu-kaarst_van-dyck-edmund-768x768.jpg 768w, https:\/\/cdu-kaarst.de\/wp-content\/uploads\/cdu-kaarst_van-dyck-edmund-300x300.jpg 300w, https:\/\/cdu-kaarst.de\/wp-content\/uploads\/cdu-kaarst_van-dyck-edmund-150x150.jpg 150w, https:\/\/cdu-kaarst.de\/wp-content\/uploads\/cdu-kaarst_van-dyck-edmund.jpg 1024w\" sizes=\"(max-width: 768px) 100vw, 768px\" loading=\"eager\" \/><\/a><\/div>\t\t\t\t<\/div>\n\t\t\t\t<\/div>\n\t\t\t\t<div class=\"elementor-element elementor-element-4e0ff11 jedv-enabled--yes elementor-widget elementor-widget-theme-post-title elementor-page-title elementor-widget-heading\" data-id=\"4e0ff11\" data-element_type=\"widget\" data-e-type=\"widget\" data-widget_type=\"theme-post-title.default\">\n\t\t\t\t<div class=\"elementor-widget-container\">\n\t\t\t\t\t<span class=\"elementor-heading-title elementor-size-default\"><a href=\"https:\/\/cdu-kaarst.de\/en\/personen\/edmund-van-dyck\/\">Edmund Van Dyck<\/a><\/span>\t\t\t\t<\/div>\n\t\t\t\t<\/div>\n\t\t\t\t\t<\/div>\n\t\t<\/div>\n\t\t\t\t\t<\/div>\n\t\t<\/section>\n\t\t\t\t<\/div>\n\t\t<\/div><\/div><\/div>\t\t\t\t<\/div>\n\t\t\t\t<\/div>\n\t\t\t\t\t<\/div>\n\t\t<\/div>\n\t\t\t\t\t<\/div>\n\t\t<\/section>\n\t\t\t\t<section class=\"elementor-section elementor-top-section elementor-element elementor-element-c886883 elementor-section-height-min-height elementor-section-items-stretch elementor-section-boxed elementor-section-height-default\" data-id=\"c886883\" data-element_type=\"section\" data-e-type=\"section\" data-settings=\"{&quot;jet_parallax_layout_list&quot;:[]}\">\n\t\t\t\t\t\t<div class=\"elementor-container elementor-column-gap-default\">\n\t\t\t\t\t<div class=\"elementor-column elementor-col-100 elementor-top-column elementor-element elementor-element-4d0a4f1\" data-id=\"4d0a4f1\" data-element_type=\"column\" data-e-type=\"column\" data-settings=\"{&quot;background_background&quot;:&quot;classic&quot;}\">\n\t\t\t<div class=\"elementor-widget-wrap elementor-element-populated\">\n\t\t\t\t\t\t<div class=\"elementor-element elementor-element-ad11a65 elementor-widget__width-auto elementor-widget elementor-widget-heading\" data-id=\"ad11a65\" data-element_type=\"widget\" data-e-type=\"widget\" data-widget_type=\"heading.default\">\n\t\t\t\t<div class=\"elementor-widget-container\">\n\t\t\t\t\t<h3 class=\"elementor-heading-title elementor-size-default\">Kassenpr\u00fcfer<\/h3>\t\t\t\t<\/div>\n\t\t\t\t<\/div>\n\t\t\t\t<div class=\"elementor-element elementor-element-974398e elementor-widget elementor-widget-jet-listing-grid\" data-id=\"974398e\" data-element_type=\"widget\" data-e-type=\"widget\" data-settings=\"{&quot;columns_tablet&quot;:&quot;2&quot;,&quot;columns_mobile&quot;:&quot;1&quot;,&quot;columns&quot;:3}\" data-widget_type=\"jet-listing-grid.default\">\n\t\t\t\t<div class=\"elementor-widget-container\">\n\t\t\t\t\t<div class=\"jet-listing-grid jet-listing\"><div class=\"jet-listing-grid__items grid-col-desk-3 grid-col-tablet-2 grid-col-mobile-1 jet-listing-grid--3395\" data-queried-id=\"626|WP_Post\" data-nav=\"{&quot;enabled&quot;:false,&quot;type&quot;:null,&quot;more_el&quot;:null,&quot;query&quot;:[],&quot;widget_settings&quot;:{&quot;lisitng_id&quot;:3395,&quot;posts_num&quot;:6,&quot;columns&quot;:3,&quot;columns_tablet&quot;:2,&quot;columns_mobile&quot;:1,&quot;column_min_width&quot;:240,&quot;column_min_width_tablet&quot;:240,&quot;column_min_width_mobile&quot;:240,&quot;inline_columns_css&quot;:false,&quot;is_archive_template&quot;:&quot;&quot;,&quot;post_status&quot;:[&quot;publish&quot;],&quot;use_random_posts_num&quot;:&quot;&quot;,&quot;max_posts_num&quot;:9,&quot;not_found_message&quot;:&quot;No data was found&quot;,&quot;is_masonry&quot;:false,&quot;equal_columns_height&quot;:&quot;&quot;,&quot;use_load_more&quot;:&quot;&quot;,&quot;load_more_id&quot;:&quot;&quot;,&quot;load_more_type&quot;:&quot;click&quot;,&quot;load_more_offset&quot;:null,&quot;use_custom_post_types&quot;:&quot;&quot;,&quot;custom_post_types&quot;:[],&quot;hide_widget_if&quot;:&quot;&quot;,&quot;carousel_enabled&quot;:&quot;&quot;,&quot;slides_to_scroll&quot;:&quot;1&quot;,&quot;arrows&quot;:&quot;true&quot;,&quot;arrow_icon&quot;:&quot;fa fa-angle-left&quot;,&quot;dots&quot;:&quot;&quot;,&quot;autoplay&quot;:&quot;true&quot;,&quot;pause_on_hover&quot;:&quot;true&quot;,&quot;autoplay_speed&quot;:5000,&quot;infinite&quot;:&quot;true&quot;,&quot;center_mode&quot;:&quot;&quot;,&quot;effect&quot;:&quot;slide&quot;,&quot;speed&quot;:500,&quot;inject_alternative_items&quot;:&quot;&quot;,&quot;injection_items&quot;:[],&quot;scroll_slider_enabled&quot;:&quot;&quot;,&quot;scroll_slider_on&quot;:[&quot;desktop&quot;,&quot;tablet&quot;,&quot;mobile&quot;],&quot;custom_query&quot;:&quot;yes&quot;,&quot;custom_query_id&quot;:&quot;36&quot;,&quot;_element_id&quot;:&quot;&quot;,&quot;collapse_first_last_gap&quot;:false,&quot;list_tag_selection&quot;:&quot;&quot;,&quot;list_items_wrapper_tag&quot;:&quot;div&quot;,&quot;list_item_tag&quot;:&quot;div&quot;,&quot;empty_items_wrapper_tag&quot;:&quot;div&quot;}}\" data-page=\"1\" data-pages=\"1\" data-listing-source=\"query\" data-listing-id=\"3395\" data-query-id=\"36\"><div class=\"jet-listing-grid__item jet-listing-dynamic-post-1067\" data-post-id=\"1067\"  >\t\t<div data-elementor-type=\"jet-listing-items\" data-elementor-id=\"3395\" class=\"elementor elementor-3395\" data-elementor-post-type=\"jet-engine\">\n\t\t\t\t\t\t<section class=\"elementor-section elementor-top-section elementor-element elementor-element-3f11e4b elementor-section-boxed elementor-section-height-default elementor-section-height-default\" data-id=\"3f11e4b\" data-element_type=\"section\" data-e-type=\"section\" data-settings=\"{&quot;jet_parallax_layout_list&quot;:[]}\">\n\t\t\t\t\t\t<div class=\"elementor-container elementor-column-gap-default\">\n\t\t\t\t\t<div class=\"elementor-column elementor-col-100 elementor-top-column elementor-element elementor-element-feeb017\" data-id=\"feeb017\" data-element_type=\"column\" data-e-type=\"column\">\n\t\t\t<div class=\"elementor-widget-wrap elementor-element-populated\">\n\t\t\t\t\t\t<div class=\"elementor-element elementor-element-8ce27c9 jedv-enabled--yes elementor-widget elementor-widget-jet-listing-dynamic-image\" data-id=\"8ce27c9\" data-element_type=\"widget\" data-e-type=\"widget\" data-widget_type=\"jet-listing-dynamic-image.default\">\n\t\t\t\t<div class=\"elementor-widget-container\">\n\t\t\t\t\t<div class=\"jet-listing jet-listing-dynamic-image\" ><a href=\"https:\/\/cdu-kaarst.de\/en\/personen\/elke-bong\/\" class=\"jet-listing-dynamic-image__link\"><img decoding=\"async\" width=\"768\" height=\"768\" src=\"https:\/\/cdu-kaarst.de\/wp-content\/uploads\/cdu-kaarst_bong-elke-1-768x768.jpg\" class=\"jet-listing-dynamic-image__img attachment-medium_large size-medium_large wp-post-image\" alt=\"1963-01-01\" srcset=\"https:\/\/cdu-kaarst.de\/wp-content\/uploads\/cdu-kaarst_bong-elke-1-768x768.jpg 768w, https:\/\/cdu-kaarst.de\/wp-content\/uploads\/cdu-kaarst_bong-elke-1-300x300.jpg 300w, https:\/\/cdu-kaarst.de\/wp-content\/uploads\/cdu-kaarst_bong-elke-1-150x150.jpg 150w, https:\/\/cdu-kaarst.de\/wp-content\/uploads\/cdu-kaarst_bong-elke-1.jpg 1024w\" sizes=\"(max-width: 768px) 100vw, 768px\" loading=\"eager\" \/><\/a><\/div>\t\t\t\t<\/div>\n\t\t\t\t<\/div>\n\t\t\t\t<div class=\"elementor-element elementor-element-4e0ff11 jedv-enabled--yes elementor-widget elementor-widget-theme-post-title elementor-page-title elementor-widget-heading\" data-id=\"4e0ff11\" data-element_type=\"widget\" data-e-type=\"widget\" data-widget_type=\"theme-post-title.default\">\n\t\t\t\t<div class=\"elementor-widget-container\">\n\t\t\t\t\t<span class=\"elementor-heading-title elementor-size-default\"><a href=\"https:\/\/cdu-kaarst.de\/en\/personen\/elke-bong\/\">Elke Bong<\/a><\/span>\t\t\t\t<\/div>\n\t\t\t\t<\/div>\n\t\t\t\t\t<\/div>\n\t\t<\/div>\n\t\t\t\t\t<\/div>\n\t\t<\/section>\n\t\t\t\t<\/div>\n\t\t<\/div><div class=\"jet-listing-grid__item jet-listing-dynamic-post-7084\" data-post-id=\"7084\"  >\t\t<div data-elementor-type=\"jet-listing-items\" data-elementor-id=\"3395\" class=\"elementor elementor-3395\" data-elementor-post-type=\"jet-engine\">\n\t\t\t\t\t\t<section class=\"elementor-section elementor-top-section elementor-element elementor-element-3f11e4b elementor-section-boxed elementor-section-height-default elementor-section-height-default\" data-id=\"3f11e4b\" data-element_type=\"section\" data-e-type=\"section\" data-settings=\"{&quot;jet_parallax_layout_list&quot;:[]}\">\n\t\t\t\t\t\t<div class=\"elementor-container elementor-column-gap-default\">\n\t\t\t\t\t<div class=\"elementor-column elementor-col-100 elementor-top-column elementor-element elementor-element-feeb017\" data-id=\"feeb017\" data-element_type=\"column\" data-e-type=\"column\">\n\t\t\t<div class=\"elementor-widget-wrap elementor-element-populated\">\n\t\t\t\t\t\t<div class=\"elementor-element elementor-element-4fa4287 jedv-enabled--yes elementor-widget elementor-widget-jet-listing-dynamic-image\" data-id=\"4fa4287\" data-element_type=\"widget\" data-e-type=\"widget\" data-widget_type=\"jet-listing-dynamic-image.default\">\n\t\t\t\t<div class=\"elementor-widget-container\">\n\t\t\t\t\t<div class=\"jet-listing jet-listing-dynamic-image\" ><img decoding=\"async\" width=\"768\" height=\"768\" src=\"https:\/\/cdu-kaarst.de\/wp-content\/uploads\/cdu-kaarst-profil-01-768x768.jpg\" class=\"jet-listing-dynamic-image__img attachment-medium_large size-medium_large wp-post-image\" alt=\"cdu-kaarst-profil-01\" srcset=\"https:\/\/cdu-kaarst.de\/wp-content\/uploads\/cdu-kaarst-profil-01-768x768.jpg 768w, https:\/\/cdu-kaarst.de\/wp-content\/uploads\/cdu-kaarst-profil-01-300x300.jpg 300w, https:\/\/cdu-kaarst.de\/wp-content\/uploads\/cdu-kaarst-profil-01-150x150.jpg 150w, https:\/\/cdu-kaarst.de\/wp-content\/uploads\/cdu-kaarst-profil-01.jpg 800w\" sizes=\"(max-width: 768px) 100vw, 768px\" loading=\"eager\" \/><\/div>\t\t\t\t<\/div>\n\t\t\t\t<\/div>\n\t\t\t\t<div class=\"elementor-element elementor-element-4dae669 jedv-enabled--yes elementor-widget elementor-widget-theme-post-title elementor-page-title elementor-widget-heading\" data-id=\"4dae669\" data-element_type=\"widget\" data-e-type=\"widget\" data-widget_type=\"theme-post-title.default\">\n\t\t\t\t<div class=\"elementor-widget-container\">\n\t\t\t\t\t<span class=\"elementor-heading-title elementor-size-default\">Heinz Kampermann<\/span>\t\t\t\t<\/div>\n\t\t\t\t<\/div>\n\t\t\t\t\t<\/div>\n\t\t<\/div>\n\t\t\t\t\t<\/div>\n\t\t<\/section>\n\t\t\t\t<\/div>\n\t\t<\/div><\/div><\/div>\t\t\t\t<\/div>\n\t\t\t\t<\/div>\n\t\t\t\t\t<\/div>\n\t\t<\/div>\n\t\t\t\t\t<\/div>\n\t\t<\/section>\n\t\t\t\t<section class=\"elementor-section elementor-top-section elementor-element elementor-element-fab09b4 elementor-section-boxed elementor-section-height-default elementor-section-height-default\" data-id=\"fab09b4\" data-element_type=\"section\" data-e-type=\"section\" data-settings=\"{&quot;jet_parallax_layout_list&quot;:[]}\">\n\t\t\t\t\t\t<div class=\"elementor-container elementor-column-gap-default\">\n\t\t\t\t\t<div class=\"elementor-column elementor-col-100 elementor-top-column elementor-element elementor-element-1d76843\" data-id=\"1d76843\" data-element_type=\"column\" data-e-type=\"column\">\n\t\t\t<div class=\"elementor-widget-wrap elementor-element-populated\">\n\t\t\t\t\t\t<div class=\"elementor-element elementor-element-0a08b9d elementor-widget__width-auto elementor-widget elementor-widget-heading\" data-id=\"0a08b9d\" data-element_type=\"widget\" data-e-type=\"widget\" data-widget_type=\"heading.default\">\n\t\t\t\t<div class=\"elementor-widget-container\">\n\t\t\t\t\t<h2 class=\"elementor-heading-title elementor-size-default\">News<\/h2>\t\t\t\t<\/div>\n\t\t\t\t<\/div>\n\t\t\t\t<div class=\"elementor-element elementor-element-b24f7b4 elementor-widget elementor-widget-jet-listing-grid\" data-id=\"b24f7b4\" data-element_type=\"widget\" data-e-type=\"widget\" data-settings=\"{&quot;columns&quot;:&quot;2&quot;,&quot;columns_tablet&quot;:&quot;1&quot;}\" data-widget_type=\"jet-listing-grid.default\">\n\t\t\t\t<div class=\"elementor-widget-container\">\n\t\t\t\t\t<div class=\"jet-listing-grid jet-listing\"><div class=\"jet-listing-grid__items grid-col-desk-2 grid-col-tablet-1 grid-col-mobile-1 jet-listing-grid--593\" data-queried-id=\"626|WP_Post\" data-nav=\"{&quot;enabled&quot;:false,&quot;type&quot;:null,&quot;more_el&quot;:null,&quot;query&quot;:[],&quot;widget_settings&quot;:{&quot;lisitng_id&quot;:593,&quot;posts_num&quot;:6,&quot;columns&quot;:2,&quot;columns_tablet&quot;:1,&quot;columns_mobile&quot;:1,&quot;column_min_width&quot;:240,&quot;column_min_width_tablet&quot;:240,&quot;column_min_width_mobile&quot;:240,&quot;inline_columns_css&quot;:false,&quot;is_archive_template&quot;:&quot;&quot;,&quot;post_status&quot;:[&quot;publish&quot;],&quot;use_random_posts_num&quot;:&quot;&quot;,&quot;max_posts_num&quot;:9,&quot;not_found_message&quot;:&quot;Keine News zugeordnet&quot;,&quot;is_masonry&quot;:false,&quot;equal_columns_height&quot;:&quot;&quot;,&quot;use_load_more&quot;:&quot;&quot;,&quot;load_more_id&quot;:&quot;&quot;,&quot;load_more_type&quot;:&quot;click&quot;,&quot;load_more_offset&quot;:null,&quot;use_custom_post_types&quot;:&quot;&quot;,&quot;custom_post_types&quot;:[],&quot;hide_widget_if&quot;:&quot;&quot;,&quot;carousel_enabled&quot;:&quot;&quot;,&quot;slides_to_scroll&quot;:&quot;1&quot;,&quot;arrows&quot;:&quot;true&quot;,&quot;arrow_icon&quot;:&quot;fa fa-angle-left&quot;,&quot;dots&quot;:&quot;&quot;,&quot;autoplay&quot;:&quot;true&quot;,&quot;pause_on_hover&quot;:&quot;true&quot;,&quot;autoplay_speed&quot;:5000,&quot;infinite&quot;:&quot;true&quot;,&quot;center_mode&quot;:&quot;&quot;,&quot;effect&quot;:&quot;slide&quot;,&quot;speed&quot;:500,&quot;inject_alternative_items&quot;:&quot;&quot;,&quot;injection_items&quot;:[],&quot;scroll_slider_enabled&quot;:&quot;&quot;,&quot;scroll_slider_on&quot;:[&quot;desktop&quot;,&quot;tablet&quot;,&quot;mobile&quot;],&quot;custom_query&quot;:false,&quot;custom_query_id&quot;:&quot;&quot;,&quot;_element_id&quot;:&quot;&quot;,&quot;collapse_first_last_gap&quot;:false,&quot;list_tag_selection&quot;:&quot;&quot;,&quot;list_items_wrapper_tag&quot;:&quot;div&quot;,&quot;list_item_tag&quot;:&quot;div&quot;,&quot;empty_items_wrapper_tag&quot;:&quot;div&quot;}}\" data-page=\"1\" data-pages=\"1\" data-listing-source=\"posts\" data-listing-id=\"593\" data-query-id=\"\"><div class=\"jet-listing-grid__item jet-listing-dynamic-post-4128\" data-post-id=\"4128\"  ><style type=\"text\/css\">.jet-listing-dynamic-post-4128 .elementor-element.elementor-element-3aea1ba:not(.elementor-motion-effects-element-type-background) > .elementor-widget-wrap, .jet-listing-dynamic-post-4128 .elementor-element.elementor-element-3aea1ba > .elementor-widget-wrap > .elementor-motion-effects-container > .elementor-motion-effects-layer{background-image:url(\"https:\/\/cdu-kaarst.de\/wp-content\/uploads\/cdu-news-oek-vorst.jpg\");}<\/style><div class=\"jet-engine-listing-overlay-wrap\" data-url=\"https:\/\/cdu-kaarst.de\/en\/ortsverband-buettgen\/bau-und-planungsausschuss-beschliesst-ortsteilentwicklungskonzept-vorst\/\">\t\t<div data-elementor-type=\"jet-listing-items\" data-elementor-id=\"593\" class=\"elementor elementor-593\" data-elementor-post-type=\"jet-engine\">\n\t\t\t\t\t\t<section class=\"elementor-section elementor-top-section elementor-element elementor-element-4e16759 elementor-section-full_width elementor-section-height-min-height elementor-section-items-stretch elementor-section-height-default\" data-id=\"4e16759\" data-element_type=\"section\" data-e-type=\"section\" data-settings=\"{&quot;jet_parallax_layout_list&quot;:[]}\">\n\t\t\t\t\t\t<div class=\"elementor-container elementor-column-gap-default\">\n\t\t\t\t\t<div class=\"elementor-column elementor-col-50 elementor-top-column elementor-element elementor-element-3aea1ba\" data-id=\"3aea1ba\" data-element_type=\"column\" data-e-type=\"column\" data-settings=\"{&quot;background_background&quot;:&quot;classic&quot;}\">\n\t\t\t<div class=\"elementor-widget-wrap elementor-element-populated\">\n\t\t\t\t\t\t<div class=\"elementor-element elementor-element-5ea0c97 elementor-widget elementor-widget-spacer\" data-id=\"5ea0c97\" data-element_type=\"widget\" data-e-type=\"widget\" data-widget_type=\"spacer.default\">\n\t\t\t\t<div class=\"elementor-widget-container\">\n\t\t\t\t\t\t\t<div class=\"elementor-spacer\">\n\t\t\t<div class=\"elementor-spacer-inner\"><\/div>\n\t\t<\/div>\n\t\t\t\t\t\t<\/div>\n\t\t\t\t<\/div>\n\t\t\t\t\t<\/div>\n\t\t<\/div>\n\t\t\t\t<div class=\"elementor-column elementor-col-50 elementor-top-column elementor-element elementor-element-7ead6e1\" data-id=\"7ead6e1\" data-element_type=\"column\" data-e-type=\"column\">\n\t\t\t<div class=\"elementor-widget-wrap elementor-element-populated\">\n\t\t\t\t\t\t<div class=\"elementor-element elementor-element-ab1af56 elementor-widget elementor-widget-jet-listing-dynamic-field\" data-id=\"ab1af56\" data-element_type=\"widget\" data-e-type=\"widget\" data-widget_type=\"jet-listing-dynamic-field.default\">\n\t\t\t\t<div class=\"elementor-widget-container\">\n\t\t\t\t\t<div class=\"jet-listing jet-listing-dynamic-field display-inline\"><div class=\"jet-listing-dynamic-field__inline-wrap\"><h4 class=\"jet-listing-dynamic-field__content\" >Bau und Planungsausschuss beschlie\u00dft Ortsteil&shy;...<\/h4><\/div><\/div>\t\t\t\t<\/div>\n\t\t\t\t<\/div>\n\t\t\t\t<div class=\"elementor-element elementor-element-cb36231 elementor-widget elementor-widget-jet-listing-dynamic-field\" data-id=\"cb36231\" data-element_type=\"widget\" data-e-type=\"widget\" data-widget_type=\"jet-listing-dynamic-field.default\">\n\t\t\t\t<div class=\"elementor-widget-container\">\n\t\t\t\t\t<div class=\"jet-listing jet-listing-dynamic-field display-inline\"><div class=\"jet-listing-dynamic-field__inline-wrap\"><div class=\"jet-listing-dynamic-field__content\" >27. August 2024<\/div><\/div><\/div>\t\t\t\t<\/div>\n\t\t\t\t<\/div>\n\t\t\t\t\t<\/div>\n\t\t<\/div>\n\t\t\t\t\t<\/div>\n\t\t<\/section>\n\t\t\t\t<\/div>\n\t\t<a href=\"https:\/\/cdu-kaarst.de\/en\/ortsverband-buettgen\/bau-und-planungsausschuss-beschliesst-ortsteilentwicklungskonzept-vorst\/\" class=\"jet-engine-listing-overlay-link\"><\/a><\/div><\/div><\/div><\/div>\t\t\t\t<\/div>\n\t\t\t\t<\/div>\n\t\t\t\t\t<\/div>\n\t\t<\/div>\n\t\t\t\t\t<\/div>\n\t\t<\/section>\n\t\t\t\t<\/div>\n\t\t","protected":false},"excerpt":{"rendered":"<p>Vor Ort aktiv \u2013 gemeinsam stark! Traditionell gliedert sich der CDU-Stadtverband Kaarst in zwei Ortsverb\u00e4nde. Zum Ortsverband B\u00fcttgen geh\u00f6ren dabei alle CDU-Mitglieder, die in B\u00fcttgen, Driesch, Holzb\u00fcttgen und Vorst wohnen, also in den Orten, die vor der kommunalen Neugliederung zur Gemeinde B\u00fcttgen z\u00e4hlten. Die Ortsverb\u00e4nde erm\u00f6glichen es uns, noch n\u00e4her an den Problemen der Menschen [&hellip;]<\/p>\n","protected":false},"author":1,"featured_media":3392,"parent":632,"menu_order":0,"comment_status":"closed","ping_status":"closed","template":"","meta":{"footnotes":""},"class_list":["post-626","page","type-page","status-publish","has-post-thumbnail","hentry"],"yoast_head":"<!-- This site is optimized with the Yoast SEO plugin v27.4 - https:\/\/yoast.com\/product\/yoast-seo-wordpress\/ -->\n<title>Ortsverband B\u00fcttgen - CDU Kaarst-B\u00fcttgen<\/title>\n<meta name=\"robots\" content=\"index, follow, max-snippet:-1, max-image-preview:large, max-video-preview:-1\" \/>\n<link rel=\"canonical\" href=\"https:\/\/cdu-kaarst.de\/en\/partei\/ortsverbaende\/ortsverband-buettgen\/\" \/>\n<meta property=\"og:locale\" content=\"en_GB\" \/>\n<meta property=\"og:type\" content=\"article\" \/>\n<meta property=\"og:title\" content=\"Ortsverband B\u00fcttgen - CDU Kaarst-B\u00fcttgen\" \/>\n<meta property=\"og:description\" content=\"Vor Ort aktiv \u2013 gemeinsam stark! Traditionell gliedert sich der CDU-Stadtverband Kaarst in zwei Ortsverb\u00e4nde. Zum Ortsverband B\u00fcttgen geh\u00f6ren dabei alle CDU-Mitglieder, die in B\u00fcttgen, Driesch, Holzb\u00fcttgen und Vorst wohnen, also in den Orten, die vor der kommunalen Neugliederung zur Gemeinde B\u00fcttgen z\u00e4hlten. Die Ortsverb\u00e4nde erm\u00f6glichen es uns, noch n\u00e4her an den Problemen der Menschen [&hellip;]\" \/>\n<meta property=\"og:url\" content=\"https:\/\/cdu-kaarst.de\/en\/partei\/ortsverbaende\/ortsverband-buettgen\/\" \/>\n<meta property=\"og:site_name\" content=\"CDU Kaarst-B\u00fcttgen\" \/>\n<meta property=\"article:modified_time\" content=\"2025-11-24T14:18:37+00:00\" \/>\n<meta property=\"og:image\" content=\"https:\/\/cdu-kaarst.de\/wp-content\/uploads\/Header_Collagen_1080x460px_OrtsverbandBuettgen.jpg\" \/>\n\t<meta property=\"og:image:width\" content=\"1080\" \/>\n\t<meta property=\"og:image:height\" content=\"460\" \/>\n\t<meta property=\"og:image:type\" content=\"image\/jpeg\" \/>\n<meta name=\"twitter:card\" content=\"summary_large_image\" \/>\n<meta name=\"twitter:label1\" content=\"Estimated reading time\" \/>\n\t<meta name=\"twitter:data1\" content=\"14 minutes\" \/>\n<script type=\"application\/ld+json\" class=\"yoast-schema-graph\">{\"@context\":\"https:\\\/\\\/schema.org\",\"@graph\":[{\"@type\":\"WebPage\",\"@id\":\"https:\\\/\\\/cdu-kaarst.de\\\/partei\\\/ortsverbaende\\\/ortsverband-buettgen\\\/\",\"url\":\"https:\\\/\\\/cdu-kaarst.de\\\/partei\\\/ortsverbaende\\\/ortsverband-buettgen\\\/\",\"name\":\"Ortsverband B\u00fcttgen - CDU Kaarst-B\u00fcttgen\",\"isPartOf\":{\"@id\":\"https:\\\/\\\/cdu-kaarst.de\\\/#website\"},\"primaryImageOfPage\":{\"@id\":\"https:\\\/\\\/cdu-kaarst.de\\\/partei\\\/ortsverbaende\\\/ortsverband-buettgen\\\/#primaryimage\"},\"image\":{\"@id\":\"https:\\\/\\\/cdu-kaarst.de\\\/partei\\\/ortsverbaende\\\/ortsverband-buettgen\\\/#primaryimage\"},\"thumbnailUrl\":\"https:\\\/\\\/cdu-kaarst.de\\\/wp-content\\\/uploads\\\/Header_Collagen_1080x460px_OrtsverbandBuettgen.jpg\",\"datePublished\":\"2024-05-07T06:47:21+00:00\",\"dateModified\":\"2025-11-24T14:18:37+00:00\",\"breadcrumb\":{\"@id\":\"https:\\\/\\\/cdu-kaarst.de\\\/partei\\\/ortsverbaende\\\/ortsverband-buettgen\\\/#breadcrumb\"},\"inLanguage\":\"en-GB\",\"potentialAction\":[{\"@type\":\"ReadAction\",\"target\":[\"https:\\\/\\\/cdu-kaarst.de\\\/partei\\\/ortsverbaende\\\/ortsverband-buettgen\\\/\"]}]},{\"@type\":\"ImageObject\",\"inLanguage\":\"en-GB\",\"@id\":\"https:\\\/\\\/cdu-kaarst.de\\\/partei\\\/ortsverbaende\\\/ortsverband-buettgen\\\/#primaryimage\",\"url\":\"https:\\\/\\\/cdu-kaarst.de\\\/wp-content\\\/uploads\\\/Header_Collagen_1080x460px_OrtsverbandBuettgen.jpg\",\"contentUrl\":\"https:\\\/\\\/cdu-kaarst.de\\\/wp-content\\\/uploads\\\/Header_Collagen_1080x460px_OrtsverbandBuettgen.jpg\",\"width\":1080,\"height\":460},{\"@type\":\"BreadcrumbList\",\"@id\":\"https:\\\/\\\/cdu-kaarst.de\\\/partei\\\/ortsverbaende\\\/ortsverband-buettgen\\\/#breadcrumb\",\"itemListElement\":[{\"@type\":\"ListItem\",\"position\":1,\"name\":\"Startseite\",\"item\":\"https:\\\/\\\/cdu-kaarst.de\\\/\"},{\"@type\":\"ListItem\",\"position\":2,\"name\":\"Partei\",\"item\":\"https:\\\/\\\/cdu-kaarst.de\\\/partei\\\/\"},{\"@type\":\"ListItem\",\"position\":3,\"name\":\"Ortsverb\u00e4nde\",\"item\":\"https:\\\/\\\/cdu-kaarst.de\\\/partei\\\/ortsverbaende\\\/\"},{\"@type\":\"ListItem\",\"position\":4,\"name\":\"Ortsverband B\u00fcttgen\"}]},{\"@type\":\"WebSite\",\"@id\":\"https:\\\/\\\/cdu-kaarst.de\\\/#website\",\"url\":\"https:\\\/\\\/cdu-kaarst.de\\\/\",\"name\":\"CDU Kaarst-B\u00fcttgen\",\"description\":\"gut Leben in Kaarst\",\"publisher\":{\"@id\":\"https:\\\/\\\/cdu-kaarst.de\\\/#organization\"},\"potentialAction\":[{\"@type\":\"SearchAction\",\"target\":{\"@type\":\"EntryPoint\",\"urlTemplate\":\"https:\\\/\\\/cdu-kaarst.de\\\/?s={search_term_string}\"},\"query-input\":{\"@type\":\"PropertyValueSpecification\",\"valueRequired\":true,\"valueName\":\"search_term_string\"}}],\"inLanguage\":\"en-GB\"},{\"@type\":\"Organization\",\"@id\":\"https:\\\/\\\/cdu-kaarst.de\\\/#organization\",\"name\":\"CDU Kaarst-B\u00fcttgen\",\"url\":\"https:\\\/\\\/cdu-kaarst.de\\\/\",\"logo\":{\"@type\":\"ImageObject\",\"inLanguage\":\"en-GB\",\"@id\":\"https:\\\/\\\/cdu-kaarst.de\\\/#\\\/schema\\\/logo\\\/image\\\/\",\"url\":\"https:\\\/\\\/cdu-kaarst.de\\\/wp-content\\\/uploads\\\/cdu-gesamtlogo.png\",\"contentUrl\":\"https:\\\/\\\/cdu-kaarst.de\\\/wp-content\\\/uploads\\\/cdu-gesamtlogo.png\",\"width\":418,\"height\":120,\"caption\":\"CDU Kaarst-B\u00fcttgen\"},\"image\":{\"@id\":\"https:\\\/\\\/cdu-kaarst.de\\\/#\\\/schema\\\/logo\\\/image\\\/\"}}]}<\/script>\n<!-- \/ Yoast SEO plugin. -->","yoast_head_json":{"title":"B\u00fcttgen local branch - CDU Kaarst-B\u00fcttgen","robots":{"index":"index","follow":"follow","max-snippet":"max-snippet:-1","max-image-preview":"max-image-preview:large","max-video-preview":"max-video-preview:-1"},"canonical":"https:\/\/cdu-kaarst.de\/en\/partei\/ortsverbaende\/ortsverband-buettgen\/","og_locale":"en_GB","og_type":"article","og_title":"Ortsverband B\u00fcttgen - CDU Kaarst-B\u00fcttgen","og_description":"Vor Ort aktiv \u2013 gemeinsam stark! Traditionell gliedert sich der CDU-Stadtverband Kaarst in zwei Ortsverb\u00e4nde. Zum Ortsverband B\u00fcttgen geh\u00f6ren dabei alle CDU-Mitglieder, die in B\u00fcttgen, Driesch, Holzb\u00fcttgen und Vorst wohnen, also in den Orten, die vor der kommunalen Neugliederung zur Gemeinde B\u00fcttgen z\u00e4hlten. Die Ortsverb\u00e4nde erm\u00f6glichen es uns, noch n\u00e4her an den Problemen der Menschen [&hellip;]","og_url":"https:\/\/cdu-kaarst.de\/en\/partei\/ortsverbaende\/ortsverband-buettgen\/","og_site_name":"CDU Kaarst-B\u00fcttgen","article_modified_time":"2025-11-24T14:18:37+00:00","og_image":[{"width":1080,"height":460,"url":"https:\/\/cdu-kaarst.de\/wp-content\/uploads\/Header_Collagen_1080x460px_OrtsverbandBuettgen.jpg","type":"image\/jpeg"}],"twitter_card":"summary_large_image","twitter_misc":{"Estimated reading time":"14 minutes"},"schema":{"@context":"https:\/\/schema.org","@graph":[{"@type":"WebPage","@id":"https:\/\/cdu-kaarst.de\/partei\/ortsverbaende\/ortsverband-buettgen\/","url":"https:\/\/cdu-kaarst.de\/partei\/ortsverbaende\/ortsverband-buettgen\/","name":"B\u00fcttgen local branch - CDU Kaarst-B\u00fcttgen","isPartOf":{"@id":"https:\/\/cdu-kaarst.de\/#website"},"primaryImageOfPage":{"@id":"https:\/\/cdu-kaarst.de\/partei\/ortsverbaende\/ortsverband-buettgen\/#primaryimage"},"image":{"@id":"https:\/\/cdu-kaarst.de\/partei\/ortsverbaende\/ortsverband-buettgen\/#primaryimage"},"thumbnailUrl":"https:\/\/cdu-kaarst.de\/wp-content\/uploads\/Header_Collagen_1080x460px_OrtsverbandBuettgen.jpg","datePublished":"2024-05-07T06:47:21+00:00","dateModified":"2025-11-24T14:18:37+00:00","breadcrumb":{"@id":"https:\/\/cdu-kaarst.de\/partei\/ortsverbaende\/ortsverband-buettgen\/#breadcrumb"},"inLanguage":"en-GB","potentialAction":[{"@type":"ReadAction","target":["https:\/\/cdu-kaarst.de\/partei\/ortsverbaende\/ortsverband-buettgen\/"]}]},{"@type":"ImageObject","inLanguage":"en-GB","@id":"https:\/\/cdu-kaarst.de\/partei\/ortsverbaende\/ortsverband-buettgen\/#primaryimage","url":"https:\/\/cdu-kaarst.de\/wp-content\/uploads\/Header_Collagen_1080x460px_OrtsverbandBuettgen.jpg","contentUrl":"https:\/\/cdu-kaarst.de\/wp-content\/uploads\/Header_Collagen_1080x460px_OrtsverbandBuettgen.jpg","width":1080,"height":460},{"@type":"BreadcrumbList","@id":"https:\/\/cdu-kaarst.de\/partei\/ortsverbaende\/ortsverband-buettgen\/#breadcrumb","itemListElement":[{"@type":"ListItem","position":1,"name":"Startseite","item":"https:\/\/cdu-kaarst.de\/"},{"@type":"ListItem","position":2,"name":"Partei","item":"https:\/\/cdu-kaarst.de\/partei\/"},{"@type":"ListItem","position":3,"name":"Ortsverb\u00e4nde","item":"https:\/\/cdu-kaarst.de\/partei\/ortsverbaende\/"},{"@type":"ListItem","position":4,"name":"Ortsverband B\u00fcttgen"}]},{"@type":"WebSite","@id":"https:\/\/cdu-kaarst.de\/#website","url":"https:\/\/cdu-kaarst.de\/","name":"CDU Kaarst-B\u00fcttgen","description":"living well in Kaarst","publisher":{"@id":"https:\/\/cdu-kaarst.de\/#organization"},"potentialAction":[{"@type":"SearchAction","target":{"@type":"EntryPoint","urlTemplate":"https:\/\/cdu-kaarst.de\/?s={search_term_string}"},"query-input":{"@type":"PropertyValueSpecification","valueRequired":true,"valueName":"search_term_string"}}],"inLanguage":"en-GB"},{"@type":"Organization","@id":"https:\/\/cdu-kaarst.de\/#organization","name":"CDU Kaarst-B\u00fcttgen","url":"https:\/\/cdu-kaarst.de\/","logo":{"@type":"ImageObject","inLanguage":"en-GB","@id":"https:\/\/cdu-kaarst.de\/#\/schema\/logo\/image\/","url":"https:\/\/cdu-kaarst.de\/wp-content\/uploads\/cdu-gesamtlogo.png","contentUrl":"https:\/\/cdu-kaarst.de\/wp-content\/uploads\/cdu-gesamtlogo.png","width":418,"height":120,"caption":"CDU Kaarst-B\u00fcttgen"},"image":{"@id":"https:\/\/cdu-kaarst.de\/#\/schema\/logo\/image\/"}}]}},"_links":{"self":[{"href":"https:\/\/cdu-kaarst.de\/en\/wp-json\/wp\/v2\/pages\/626","targetHints":{"allow":["GET"]}}],"collection":[{"href":"https:\/\/cdu-kaarst.de\/en\/wp-json\/wp\/v2\/pages"}],"about":[{"href":"https:\/\/cdu-kaarst.de\/en\/wp-json\/wp\/v2\/types\/page"}],"author":[{"embeddable":true,"href":"https:\/\/cdu-kaarst.de\/en\/wp-json\/wp\/v2\/users\/1"}],"replies":[{"embeddable":true,"href":"https:\/\/cdu-kaarst.de\/en\/wp-json\/wp\/v2\/comments?post=626"}],"version-history":[{"count":85,"href":"https:\/\/cdu-kaarst.de\/en\/wp-json\/wp\/v2\/pages\/626\/revisions"}],"predecessor-version":[{"id":7087,"href":"https:\/\/cdu-kaarst.de\/en\/wp-json\/wp\/v2\/pages\/626\/revisions\/7087"}],"up":[{"embeddable":true,"href":"https:\/\/cdu-kaarst.de\/en\/wp-json\/wp\/v2\/pages\/632"}],"wp:featuredmedia":[{"embeddable":true,"href":"https:\/\/cdu-kaarst.de\/en\/wp-json\/wp\/v2\/media\/3392"}],"wp:attachment":[{"href":"https:\/\/cdu-kaarst.de\/en\/wp-json\/wp\/v2\/media?parent=626"}],"curies":[{"name":"wp","href":"https:\/\/api.w.org\/{rel}","templated":true}]}}