{"id":636,"date":"2024-05-07T08:49:55","date_gmt":"2024-05-07T06:49:55","guid":{"rendered":"http:\/\/cdu-kaarst.de\/?page_id=636"},"modified":"2025-02-10T11:45:12","modified_gmt":"2025-02-10T10:45:12","slug":"abgeordnete","status":"publish","type":"page","link":"https:\/\/cdu-kaarst.de\/en\/partei\/abgeordnete\/","title":{"rendered":"MPs"},"content":{"rendered":"\t\t<div data-elementor-type=\"wp-page\" data-elementor-id=\"636\" class=\"elementor elementor-636\" data-elementor-post-type=\"page\">\n\t\t\t\t\t\t<section class=\"elementor-section elementor-top-section elementor-element elementor-element-c76a9b4 elementor-section-boxed elementor-section-height-default elementor-section-height-default\" data-id=\"c76a9b4\" data-element_type=\"section\" data-e-type=\"section\" data-settings=\"{&quot;jet_parallax_layout_list&quot;:[]}\">\n\t\t\t\t\t\t<div class=\"elementor-container elementor-column-gap-default\">\n\t\t\t\t\t<div class=\"elementor-column elementor-col-100 elementor-top-column elementor-element elementor-element-b82e963\" data-id=\"b82e963\" data-element_type=\"column\" data-e-type=\"column\">\n\t\t\t<div class=\"elementor-widget-wrap elementor-element-populated\">\n\t\t\t\t\t\t<div class=\"elementor-element elementor-element-be4b5a1 elementor-widget elementor-widget-heading\" data-id=\"be4b5a1\" data-element_type=\"widget\" data-e-type=\"widget\" data-widget_type=\"heading.default\">\n\t\t\t\t<div class=\"elementor-widget-container\">\n\t\t\t\t\t<h2 class=\"elementor-heading-title elementor-size-default\">Bundestags&shy;abgeordneter Ansgar Heveling<\/h2>\t\t\t\t<\/div>\n\t\t\t\t<\/div>\n\t\t\t\t<div class=\"elementor-element elementor-element-dc4cf83 elementor-widget elementor-widget-heading\" data-id=\"dc4cf83\" data-element_type=\"widget\" data-e-type=\"widget\" data-widget_type=\"heading.default\">\n\t\t\t\t<div class=\"elementor-widget-container\">\n\t\t\t\t\t<h3 class=\"elementor-heading-title elementor-size-default\">F\u00fcr Kaarst im Bundestag <\/h3>\t\t\t\t<\/div>\n\t\t\t\t<\/div>\n\t\t\t\t<div class=\"elementor-element elementor-element-2ec1fb3 elementor-widget elementor-widget-text-editor\" data-id=\"2ec1fb3\" data-element_type=\"widget\" data-e-type=\"widget\" data-widget_type=\"text-editor.default\">\n\t\t\t\t<div class=\"elementor-widget-container\">\n\t\t\t\t\t\t\t\t\t<p>Aus Kaarst direkt ist kein Abgeordneter im Landtag bzw. Bundestag. Kaarst wird seit 2009 durch den Bundestagsabgeordneten\u00a0Ansgar Heveling vertreten.<\/p><p>Neben der Arbeit im Parlament ist f\u00fcr Ansgar Heveling die Arbeit im Wahlkreis ein ebenso wichtiger Bestandteil seiner T\u00e4tigkeit als Abgeordneter.<\/p><p>Politik findet nicht im luftleeren Raum in Berlin statt. Die konkreten Auswirkungen der Beschl\u00fcsse in Berlin sind hier am Niederrhein sp\u00fcrbar. Nur im Gespr\u00e4ch mit dem B\u00fcrger vor Ort kann ich erfahren, was die Menschen bewegt, was sie von der Politik erwarten.\u00a0<\/p><p><span style=\"color: var( --e-global-color-secondary );\">So kann ich diese Impulse f\u00fcr meine Arbeit mit nach Berlin nehmen. Deswegen liegt mir das Gespr\u00e4ch mit den B\u00fcrgern in meinem Wahlkreis sehr am Herzen.\u00a0<\/span><\/p><p><span style=\"color: var( --e-global-color-secondary );\">Es macht einen gro\u00dfen Teil meiner politischen Arbeit aus. Die CDU Kaarst unterh\u00e4lt gute Kontakte zu Ansgar Heveling und tauscht sich regelm\u00e4\u00dfig mit ihm aus.<\/span><\/p>\t\t\t\t\t\t\t\t<\/div>\n\t\t\t\t<\/div>\n\t\t\t\t<div class=\"elementor-element elementor-element-2fd454c elementor-widget elementor-widget-image\" data-id=\"2fd454c\" data-element_type=\"widget\" data-e-type=\"widget\" data-widget_type=\"image.default\">\n\t\t\t\t<div class=\"elementor-widget-container\">\n\t\t\t\t\t\t\t\t\t\t\t\t\t\t\t<img fetchpriority=\"high\" decoding=\"async\" width=\"400\" height=\"453\" src=\"https:\/\/cdu-kaarst.de\/wp-content\/uploads\/abgeordneter.jpg\" class=\"attachment-medium_large size-medium_large wp-image-2660\" alt=\"\" srcset=\"https:\/\/cdu-kaarst.de\/wp-content\/uploads\/abgeordneter.jpg 400w, https:\/\/cdu-kaarst.de\/wp-content\/uploads\/abgeordneter-265x300.jpg 265w\" sizes=\"(max-width: 400px) 100vw, 400px\" \/>\t\t\t\t\t\t\t\t\t\t\t\t\t\t\t<\/div>\n\t\t\t\t<\/div>\n\t\t\t\t\t<\/div>\n\t\t<\/div>\n\t\t\t\t\t<\/div>\n\t\t<\/section>\n\t\t\t\t<section class=\"elementor-section elementor-top-section elementor-element elementor-element-a90616f elementor-section-boxed elementor-section-height-default elementor-section-height-default\" data-id=\"a90616f\" data-element_type=\"section\" data-e-type=\"section\" data-settings=\"{&quot;jet_parallax_layout_list&quot;:[]}\">\n\t\t\t\t\t\t<div class=\"elementor-container elementor-column-gap-default\">\n\t\t\t\t\t<div class=\"elementor-column elementor-col-100 elementor-top-column elementor-element elementor-element-e9230a2\" data-id=\"e9230a2\" data-element_type=\"column\" data-e-type=\"column\">\n\t\t\t<div class=\"elementor-widget-wrap elementor-element-populated\">\n\t\t\t\t\t\t<div class=\"elementor-element elementor-element-51f1e3a elementor-widget__width-auto elementor-widget elementor-widget-heading\" data-id=\"51f1e3a\" data-element_type=\"widget\" data-e-type=\"widget\" data-widget_type=\"heading.default\">\n\t\t\t\t<div class=\"elementor-widget-container\">\n\t\t\t\t\t<h3 class=\"elementor-heading-title elementor-size-default\">Das sind wir:<\/h3>\t\t\t\t<\/div>\n\t\t\t\t<\/div>\n\t\t\t\t<div class=\"elementor-element elementor-element-b1514cc elementor-widget elementor-widget-jet-listing-grid\" data-id=\"b1514cc\" data-element_type=\"widget\" data-e-type=\"widget\" data-settings=\"{&quot;columns_tablet&quot;:&quot;2&quot;,&quot;columns_mobile&quot;:&quot;1&quot;,&quot;columns&quot;:3}\" data-widget_type=\"jet-listing-grid.default\">\n\t\t\t\t<div class=\"elementor-widget-container\">\n\t\t\t\t\t<div class=\"jet-listing-grid jet-listing\"><div class=\"jet-listing-grid__items grid-col-desk-3 grid-col-tablet-2 grid-col-mobile-1 jet-listing-grid--3077\" data-queried-id=\"636|WP_Post\" data-nav=\"{&quot;enabled&quot;:false,&quot;type&quot;:null,&quot;more_el&quot;:null,&quot;query&quot;:[],&quot;widget_settings&quot;:{&quot;lisitng_id&quot;:3077,&quot;posts_num&quot;:6,&quot;columns&quot;:3,&quot;columns_tablet&quot;:2,&quot;columns_mobile&quot;:1,&quot;column_min_width&quot;:240,&quot;column_min_width_tablet&quot;:240,&quot;column_min_width_mobile&quot;:240,&quot;inline_columns_css&quot;:false,&quot;is_archive_template&quot;:&quot;&quot;,&quot;post_status&quot;:[&quot;publish&quot;],&quot;use_random_posts_num&quot;:&quot;&quot;,&quot;max_posts_num&quot;:9,&quot;not_found_message&quot;:&quot;No data was found&quot;,&quot;is_masonry&quot;:false,&quot;equal_columns_height&quot;:&quot;&quot;,&quot;use_load_more&quot;:&quot;&quot;,&quot;load_more_id&quot;:&quot;&quot;,&quot;load_more_type&quot;:&quot;click&quot;,&quot;load_more_offset&quot;:null,&quot;use_custom_post_types&quot;:&quot;&quot;,&quot;custom_post_types&quot;:[],&quot;hide_widget_if&quot;:&quot;&quot;,&quot;carousel_enabled&quot;:&quot;&quot;,&quot;slides_to_scroll&quot;:&quot;1&quot;,&quot;arrows&quot;:&quot;true&quot;,&quot;arrow_icon&quot;:&quot;fa fa-angle-left&quot;,&quot;dots&quot;:&quot;&quot;,&quot;autoplay&quot;:&quot;true&quot;,&quot;pause_on_hover&quot;:&quot;true&quot;,&quot;autoplay_speed&quot;:5000,&quot;infinite&quot;:&quot;true&quot;,&quot;center_mode&quot;:&quot;&quot;,&quot;effect&quot;:&quot;slide&quot;,&quot;speed&quot;:500,&quot;inject_alternative_items&quot;:&quot;&quot;,&quot;injection_items&quot;:[],&quot;scroll_slider_enabled&quot;:&quot;&quot;,&quot;scroll_slider_on&quot;:[&quot;desktop&quot;,&quot;tablet&quot;,&quot;mobile&quot;],&quot;custom_query&quot;:false,&quot;custom_query_id&quot;:&quot;&quot;,&quot;_element_id&quot;:&quot;&quot;,&quot;collapse_first_last_gap&quot;:false,&quot;list_tag_selection&quot;:&quot;&quot;,&quot;list_items_wrapper_tag&quot;:&quot;div&quot;,&quot;list_item_tag&quot;:&quot;div&quot;,&quot;empty_items_wrapper_tag&quot;:&quot;div&quot;}}\" data-page=\"1\" data-pages=\"1\" data-listing-source=\"query\" data-listing-id=\"3077\" data-query-id=\"18\"><div class=\"jet-listing-grid__item jet-listing-dynamic-post-3074\" data-post-id=\"3074\"  >\t\t<div data-elementor-type=\"jet-listing-items\" data-elementor-id=\"3077\" class=\"elementor elementor-3077\" data-elementor-post-type=\"jet-engine\">\n\t\t\t\t\t\t<section class=\"elementor-section elementor-top-section elementor-element elementor-element-8509b8c elementor-section-boxed elementor-section-height-default elementor-section-height-default\" data-id=\"8509b8c\" data-element_type=\"section\" data-e-type=\"section\" data-settings=\"{&quot;jet_parallax_layout_list&quot;:[]}\">\n\t\t\t\t\t\t<div class=\"elementor-container elementor-column-gap-default\">\n\t\t\t\t\t<div class=\"elementor-column elementor-col-100 elementor-top-column elementor-element elementor-element-8f40cfb\" data-id=\"8f40cfb\" data-element_type=\"column\" data-e-type=\"column\">\n\t\t\t<div class=\"elementor-widget-wrap elementor-element-populated\">\n\t\t\t\t\t\t<div class=\"elementor-element elementor-element-0cee18a jedv-enabled--yes elementor-widget elementor-widget-jet-listing-dynamic-image\" data-id=\"0cee18a\" data-element_type=\"widget\" data-e-type=\"widget\" data-widget_type=\"jet-listing-dynamic-image.default\">\n\t\t\t\t<div class=\"elementor-widget-container\">\n\t\t\t\t\t<div class=\"jet-listing jet-listing-dynamic-image\" ><img decoding=\"async\" width=\"768\" height=\"768\" src=\"https:\/\/cdu-kaarst.de\/wp-content\/uploads\/cdu-mitglied-des-europaeischen-parlaments-dr-stefan-berger-768x768.jpg\" class=\"jet-listing-dynamic-image__img attachment-medium_large size-medium_large wp-post-image\" alt=\"cdu-mitglied-des-europaeischen-parlaments-dr-stefan-berger\" srcset=\"https:\/\/cdu-kaarst.de\/wp-content\/uploads\/cdu-mitglied-des-europaeischen-parlaments-dr-stefan-berger-768x768.jpg 768w, https:\/\/cdu-kaarst.de\/wp-content\/uploads\/cdu-mitglied-des-europaeischen-parlaments-dr-stefan-berger-300x300.jpg 300w, https:\/\/cdu-kaarst.de\/wp-content\/uploads\/cdu-mitglied-des-europaeischen-parlaments-dr-stefan-berger-150x150.jpg 150w, https:\/\/cdu-kaarst.de\/wp-content\/uploads\/cdu-mitglied-des-europaeischen-parlaments-dr-stefan-berger-12x12.jpg 12w, https:\/\/cdu-kaarst.de\/wp-content\/uploads\/cdu-mitglied-des-europaeischen-parlaments-dr-stefan-berger.jpg 1024w\" sizes=\"(max-width: 768px) 100vw, 768px\" loading=\"eager\" \/><\/div>\t\t\t\t<\/div>\n\t\t\t\t<\/div>\n\t\t\t\t<div class=\"elementor-element elementor-element-ea42603 elementor-widget elementor-widget-heading\" data-id=\"ea42603\" data-element_type=\"widget\" data-e-type=\"widget\" data-widget_type=\"heading.default\">\n\t\t\t\t<div class=\"elementor-widget-container\">\n\t\t\t\t\t<p class=\"elementor-heading-title elementor-size-default\">Mitglied des Europ\u00e4ischen Parlaments<\/p>\t\t\t\t<\/div>\n\t\t\t\t<\/div>\n\t\t\t\t<div class=\"elementor-element elementor-element-add4ba4 jedv-enabled--yes elementor-widget elementor-widget-theme-post-title elementor-page-title elementor-widget-heading\" data-id=\"add4ba4\" data-element_type=\"widget\" data-e-type=\"widget\" data-widget_type=\"theme-post-title.default\">\n\t\t\t\t<div class=\"elementor-widget-container\">\n\t\t\t\t\t<span class=\"elementor-heading-title elementor-size-default\">Dr. Stefan Berger<\/span>\t\t\t\t<\/div>\n\t\t\t\t<\/div>\n\t\t\t\t\t<\/div>\n\t\t<\/div>\n\t\t\t\t\t<\/div>\n\t\t<\/section>\n\t\t\t\t<\/div>\n\t\t<\/div><div class=\"jet-listing-grid__item jet-listing-dynamic-post-3075\" data-post-id=\"3075\"  >\t\t<div data-elementor-type=\"jet-listing-items\" data-elementor-id=\"3077\" class=\"elementor elementor-3077\" data-elementor-post-type=\"jet-engine\">\n\t\t\t\t\t\t<section class=\"elementor-section elementor-top-section elementor-element elementor-element-8509b8c elementor-section-boxed elementor-section-height-default elementor-section-height-default\" data-id=\"8509b8c\" data-element_type=\"section\" data-e-type=\"section\" data-settings=\"{&quot;jet_parallax_layout_list&quot;:[]}\">\n\t\t\t\t\t\t<div class=\"elementor-container elementor-column-gap-default\">\n\t\t\t\t\t<div class=\"elementor-column elementor-col-100 elementor-top-column elementor-element elementor-element-8f40cfb\" data-id=\"8f40cfb\" data-element_type=\"column\" data-e-type=\"column\">\n\t\t\t<div class=\"elementor-widget-wrap elementor-element-populated\">\n\t\t\t\t\t\t<div class=\"elementor-element elementor-element-0cee18a jedv-enabled--yes elementor-widget elementor-widget-jet-listing-dynamic-image\" data-id=\"0cee18a\" data-element_type=\"widget\" data-e-type=\"widget\" data-widget_type=\"jet-listing-dynamic-image.default\">\n\t\t\t\t<div class=\"elementor-widget-container\">\n\t\t\t\t\t<div class=\"jet-listing jet-listing-dynamic-image\" ><img decoding=\"async\" width=\"768\" height=\"768\" src=\"https:\/\/cdu-kaarst.de\/wp-content\/uploads\/cdu-bundestagsabgeordneter-ansgar-heveling-768x768.jpg\" class=\"jet-listing-dynamic-image__img attachment-medium_large size-medium_large wp-post-image\" alt=\"1972-07-03\" srcset=\"https:\/\/cdu-kaarst.de\/wp-content\/uploads\/cdu-bundestagsabgeordneter-ansgar-heveling-768x768.jpg 768w, https:\/\/cdu-kaarst.de\/wp-content\/uploads\/cdu-bundestagsabgeordneter-ansgar-heveling-300x300.jpg 300w, https:\/\/cdu-kaarst.de\/wp-content\/uploads\/cdu-bundestagsabgeordneter-ansgar-heveling-150x150.jpg 150w, https:\/\/cdu-kaarst.de\/wp-content\/uploads\/cdu-bundestagsabgeordneter-ansgar-heveling-12x12.jpg 12w, https:\/\/cdu-kaarst.de\/wp-content\/uploads\/cdu-bundestagsabgeordneter-ansgar-heveling.jpg 1024w\" sizes=\"(max-width: 768px) 100vw, 768px\" loading=\"eager\" \/><\/div>\t\t\t\t<\/div>\n\t\t\t\t<\/div>\n\t\t\t\t<div class=\"elementor-element elementor-element-ea42603 elementor-widget elementor-widget-heading\" data-id=\"ea42603\" data-element_type=\"widget\" data-e-type=\"widget\" data-widget_type=\"heading.default\">\n\t\t\t\t<div class=\"elementor-widget-container\">\n\t\t\t\t\t<p class=\"elementor-heading-title elementor-size-default\">Mitglied des Deutschen Bundestages<\/p>\t\t\t\t<\/div>\n\t\t\t\t<\/div>\n\t\t\t\t<div class=\"elementor-element elementor-element-add4ba4 jedv-enabled--yes elementor-widget elementor-widget-theme-post-title elementor-page-title elementor-widget-heading\" data-id=\"add4ba4\" data-element_type=\"widget\" data-e-type=\"widget\" data-widget_type=\"theme-post-title.default\">\n\t\t\t\t<div class=\"elementor-widget-container\">\n\t\t\t\t\t<span class=\"elementor-heading-title elementor-size-default\">Ansgar Heveling<\/span>\t\t\t\t<\/div>\n\t\t\t\t<\/div>\n\t\t\t\t\t<\/div>\n\t\t<\/div>\n\t\t\t\t\t<\/div>\n\t\t<\/section>\n\t\t\t\t<\/div>\n\t\t<\/div><\/div><\/div>\t\t\t\t<\/div>\n\t\t\t\t<\/div>\n\t\t\t\t\t<\/div>\n\t\t<\/div>\n\t\t\t\t\t<\/div>\n\t\t<\/section>\n\t\t\t\t<\/div>\n\t\t","protected":false},"excerpt":{"rendered":"<p>Bundestags&shy;abgeordneter Ansgar Heveling F\u00fcr Kaarst im Bundestag Aus Kaarst direkt ist kein Abgeordneter im Landtag bzw. Bundestag. Kaarst wird seit 2009 durch den Bundestagsabgeordneten\u00a0Ansgar Heveling vertreten. Neben der Arbeit im Parlament ist f\u00fcr Ansgar Heveling die Arbeit im Wahlkreis ein ebenso wichtiger Bestandteil seiner T\u00e4tigkeit als Abgeordneter. Politik findet nicht im luftleeren Raum in Berlin [&hellip;]<\/p>\n","protected":false},"author":1,"featured_media":1137,"parent":121,"menu_order":0,"comment_status":"closed","ping_status":"closed","template":"","meta":{"footnotes":""},"class_list":["post-636","page","type-page","status-publish","has-post-thumbnail","hentry"],"yoast_head":"<!-- This site is optimized with the Yoast SEO plugin v27.4 - https:\/\/yoast.com\/product\/yoast-seo-wordpress\/ -->\n<title>Abgeordnete - CDU Kaarst-B\u00fcttgen<\/title>\n<meta name=\"robots\" content=\"index, follow, max-snippet:-1, max-image-preview:large, max-video-preview:-1\" \/>\n<link rel=\"canonical\" href=\"https:\/\/cdu-kaarst.de\/en\/partei\/abgeordnete\/\" \/>\n<meta property=\"og:locale\" content=\"en_GB\" \/>\n<meta property=\"og:type\" content=\"article\" \/>\n<meta property=\"og:title\" content=\"Abgeordnete - CDU Kaarst-B\u00fcttgen\" \/>\n<meta property=\"og:description\" content=\"Bundestags&shy;abgeordneter Ansgar Heveling F\u00fcr Kaarst im Bundestag Aus Kaarst direkt ist kein Abgeordneter im Landtag bzw. Bundestag. Kaarst wird seit 2009 durch den Bundestagsabgeordneten\u00a0Ansgar Heveling vertreten. Neben der Arbeit im Parlament ist f\u00fcr Ansgar Heveling die Arbeit im Wahlkreis ein ebenso wichtiger Bestandteil seiner T\u00e4tigkeit als Abgeordneter. Politik findet nicht im luftleeren Raum in Berlin [&hellip;]\" \/>\n<meta property=\"og:url\" content=\"https:\/\/cdu-kaarst.de\/en\/partei\/abgeordnete\/\" \/>\n<meta property=\"og:site_name\" content=\"CDU Kaarst-B\u00fcttgen\" \/>\n<meta property=\"article:modified_time\" content=\"2025-02-10T10:45:12+00:00\" \/>\n<meta property=\"og:image\" content=\"https:\/\/cdu-kaarst.de\/wp-content\/uploads\/cdu-kaarst_wald_weg.jpg\" \/>\n\t<meta property=\"og:image:width\" content=\"1000\" \/>\n\t<meta property=\"og:image:height\" content=\"667\" \/>\n\t<meta property=\"og:image:type\" content=\"image\/jpeg\" \/>\n<meta name=\"twitter:card\" content=\"summary_large_image\" \/>\n<meta name=\"twitter:label1\" content=\"Estimated reading time\" \/>\n\t<meta name=\"twitter:data1\" content=\"4 minutes\" \/>\n<script type=\"application\/ld+json\" class=\"yoast-schema-graph\">{\"@context\":\"https:\\\/\\\/schema.org\",\"@graph\":[{\"@type\":\"WebPage\",\"@id\":\"https:\\\/\\\/cdu-kaarst.de\\\/partei\\\/abgeordnete\\\/\",\"url\":\"https:\\\/\\\/cdu-kaarst.de\\\/partei\\\/abgeordnete\\\/\",\"name\":\"Abgeordnete - CDU Kaarst-B\u00fcttgen\",\"isPartOf\":{\"@id\":\"https:\\\/\\\/cdu-kaarst.de\\\/#website\"},\"primaryImageOfPage\":{\"@id\":\"https:\\\/\\\/cdu-kaarst.de\\\/partei\\\/abgeordnete\\\/#primaryimage\"},\"image\":{\"@id\":\"https:\\\/\\\/cdu-kaarst.de\\\/partei\\\/abgeordnete\\\/#primaryimage\"},\"thumbnailUrl\":\"https:\\\/\\\/cdu-kaarst.de\\\/wp-content\\\/uploads\\\/cdu-kaarst_wald_weg.jpg\",\"datePublished\":\"2024-05-07T06:49:55+00:00\",\"dateModified\":\"2025-02-10T10:45:12+00:00\",\"breadcrumb\":{\"@id\":\"https:\\\/\\\/cdu-kaarst.de\\\/partei\\\/abgeordnete\\\/#breadcrumb\"},\"inLanguage\":\"en-GB\",\"potentialAction\":[{\"@type\":\"ReadAction\",\"target\":[\"https:\\\/\\\/cdu-kaarst.de\\\/partei\\\/abgeordnete\\\/\"]}]},{\"@type\":\"ImageObject\",\"inLanguage\":\"en-GB\",\"@id\":\"https:\\\/\\\/cdu-kaarst.de\\\/partei\\\/abgeordnete\\\/#primaryimage\",\"url\":\"https:\\\/\\\/cdu-kaarst.de\\\/wp-content\\\/uploads\\\/cdu-kaarst_wald_weg.jpg\",\"contentUrl\":\"https:\\\/\\\/cdu-kaarst.de\\\/wp-content\\\/uploads\\\/cdu-kaarst_wald_weg.jpg\",\"width\":1000,\"height\":667,\"caption\":\"CDU Kaarst | Wald\"},{\"@type\":\"BreadcrumbList\",\"@id\":\"https:\\\/\\\/cdu-kaarst.de\\\/partei\\\/abgeordnete\\\/#breadcrumb\",\"itemListElement\":[{\"@type\":\"ListItem\",\"position\":1,\"name\":\"Startseite\",\"item\":\"https:\\\/\\\/cdu-kaarst.de\\\/\"},{\"@type\":\"ListItem\",\"position\":2,\"name\":\"Partei\",\"item\":\"https:\\\/\\\/cdu-kaarst.de\\\/partei\\\/\"},{\"@type\":\"ListItem\",\"position\":3,\"name\":\"Abgeordnete\"}]},{\"@type\":\"WebSite\",\"@id\":\"https:\\\/\\\/cdu-kaarst.de\\\/#website\",\"url\":\"https:\\\/\\\/cdu-kaarst.de\\\/\",\"name\":\"CDU Kaarst-B\u00fcttgen\",\"description\":\"gut Leben in Kaarst\",\"publisher\":{\"@id\":\"https:\\\/\\\/cdu-kaarst.de\\\/#organization\"},\"potentialAction\":[{\"@type\":\"SearchAction\",\"target\":{\"@type\":\"EntryPoint\",\"urlTemplate\":\"https:\\\/\\\/cdu-kaarst.de\\\/?s={search_term_string}\"},\"query-input\":{\"@type\":\"PropertyValueSpecification\",\"valueRequired\":true,\"valueName\":\"search_term_string\"}}],\"inLanguage\":\"en-GB\"},{\"@type\":\"Organization\",\"@id\":\"https:\\\/\\\/cdu-kaarst.de\\\/#organization\",\"name\":\"CDU Kaarst-B\u00fcttgen\",\"url\":\"https:\\\/\\\/cdu-kaarst.de\\\/\",\"logo\":{\"@type\":\"ImageObject\",\"inLanguage\":\"en-GB\",\"@id\":\"https:\\\/\\\/cdu-kaarst.de\\\/#\\\/schema\\\/logo\\\/image\\\/\",\"url\":\"https:\\\/\\\/cdu-kaarst.de\\\/wp-content\\\/uploads\\\/cdu-gesamtlogo.png\",\"contentUrl\":\"https:\\\/\\\/cdu-kaarst.de\\\/wp-content\\\/uploads\\\/cdu-gesamtlogo.png\",\"width\":418,\"height\":120,\"caption\":\"CDU Kaarst-B\u00fcttgen\"},\"image\":{\"@id\":\"https:\\\/\\\/cdu-kaarst.de\\\/#\\\/schema\\\/logo\\\/image\\\/\"}}]}<\/script>\n<!-- \/ Yoast SEO plugin. -->","yoast_head_json":{"title":"Member of Parliament - CDU Kaarst-B\u00fcttgen","robots":{"index":"index","follow":"follow","max-snippet":"max-snippet:-1","max-image-preview":"max-image-preview:large","max-video-preview":"max-video-preview:-1"},"canonical":"https:\/\/cdu-kaarst.de\/en\/partei\/abgeordnete\/","og_locale":"en_GB","og_type":"article","og_title":"Abgeordnete - CDU Kaarst-B\u00fcttgen","og_description":"Bundestags&shy;abgeordneter Ansgar Heveling F\u00fcr Kaarst im Bundestag Aus Kaarst direkt ist kein Abgeordneter im Landtag bzw. Bundestag. Kaarst wird seit 2009 durch den Bundestagsabgeordneten\u00a0Ansgar Heveling vertreten. Neben der Arbeit im Parlament ist f\u00fcr Ansgar Heveling die Arbeit im Wahlkreis ein ebenso wichtiger Bestandteil seiner T\u00e4tigkeit als Abgeordneter. Politik findet nicht im luftleeren Raum in Berlin [&hellip;]","og_url":"https:\/\/cdu-kaarst.de\/en\/partei\/abgeordnete\/","og_site_name":"CDU Kaarst-B\u00fcttgen","article_modified_time":"2025-02-10T10:45:12+00:00","og_image":[{"width":1000,"height":667,"url":"https:\/\/cdu-kaarst.de\/wp-content\/uploads\/cdu-kaarst_wald_weg.jpg","type":"image\/jpeg"}],"twitter_card":"summary_large_image","twitter_misc":{"Estimated reading time":"4 minutes"},"schema":{"@context":"https:\/\/schema.org","@graph":[{"@type":"WebPage","@id":"https:\/\/cdu-kaarst.de\/partei\/abgeordnete\/","url":"https:\/\/cdu-kaarst.de\/partei\/abgeordnete\/","name":"Member of Parliament - CDU Kaarst-B\u00fcttgen","isPartOf":{"@id":"https:\/\/cdu-kaarst.de\/#website"},"primaryImageOfPage":{"@id":"https:\/\/cdu-kaarst.de\/partei\/abgeordnete\/#primaryimage"},"image":{"@id":"https:\/\/cdu-kaarst.de\/partei\/abgeordnete\/#primaryimage"},"thumbnailUrl":"https:\/\/cdu-kaarst.de\/wp-content\/uploads\/cdu-kaarst_wald_weg.jpg","datePublished":"2024-05-07T06:49:55+00:00","dateModified":"2025-02-10T10:45:12+00:00","breadcrumb":{"@id":"https:\/\/cdu-kaarst.de\/partei\/abgeordnete\/#breadcrumb"},"inLanguage":"en-GB","potentialAction":[{"@type":"ReadAction","target":["https:\/\/cdu-kaarst.de\/partei\/abgeordnete\/"]}]},{"@type":"ImageObject","inLanguage":"en-GB","@id":"https:\/\/cdu-kaarst.de\/partei\/abgeordnete\/#primaryimage","url":"https:\/\/cdu-kaarst.de\/wp-content\/uploads\/cdu-kaarst_wald_weg.jpg","contentUrl":"https:\/\/cdu-kaarst.de\/wp-content\/uploads\/cdu-kaarst_wald_weg.jpg","width":1000,"height":667,"caption":"CDU Kaarst | Wald"},{"@type":"BreadcrumbList","@id":"https:\/\/cdu-kaarst.de\/partei\/abgeordnete\/#breadcrumb","itemListElement":[{"@type":"ListItem","position":1,"name":"Startseite","item":"https:\/\/cdu-kaarst.de\/"},{"@type":"ListItem","position":2,"name":"Partei","item":"https:\/\/cdu-kaarst.de\/partei\/"},{"@type":"ListItem","position":3,"name":"Abgeordnete"}]},{"@type":"WebSite","@id":"https:\/\/cdu-kaarst.de\/#website","url":"https:\/\/cdu-kaarst.de\/","name":"CDU Kaarst-B\u00fcttgen","description":"living well in Kaarst","publisher":{"@id":"https:\/\/cdu-kaarst.de\/#organization"},"potentialAction":[{"@type":"SearchAction","target":{"@type":"EntryPoint","urlTemplate":"https:\/\/cdu-kaarst.de\/?s={search_term_string}"},"query-input":{"@type":"PropertyValueSpecification","valueRequired":true,"valueName":"search_term_string"}}],"inLanguage":"en-GB"},{"@type":"Organization","@id":"https:\/\/cdu-kaarst.de\/#organization","name":"CDU Kaarst-B\u00fcttgen","url":"https:\/\/cdu-kaarst.de\/","logo":{"@type":"ImageObject","inLanguage":"en-GB","@id":"https:\/\/cdu-kaarst.de\/#\/schema\/logo\/image\/","url":"https:\/\/cdu-kaarst.de\/wp-content\/uploads\/cdu-gesamtlogo.png","contentUrl":"https:\/\/cdu-kaarst.de\/wp-content\/uploads\/cdu-gesamtlogo.png","width":418,"height":120,"caption":"CDU Kaarst-B\u00fcttgen"},"image":{"@id":"https:\/\/cdu-kaarst.de\/#\/schema\/logo\/image\/"}}]}},"_links":{"self":[{"href":"https:\/\/cdu-kaarst.de\/en\/wp-json\/wp\/v2\/pages\/636","targetHints":{"allow":["GET"]}}],"collection":[{"href":"https:\/\/cdu-kaarst.de\/en\/wp-json\/wp\/v2\/pages"}],"about":[{"href":"https:\/\/cdu-kaarst.de\/en\/wp-json\/wp\/v2\/types\/page"}],"author":[{"embeddable":true,"href":"https:\/\/cdu-kaarst.de\/en\/wp-json\/wp\/v2\/users\/1"}],"replies":[{"embeddable":true,"href":"https:\/\/cdu-kaarst.de\/en\/wp-json\/wp\/v2\/comments?post=636"}],"version-history":[{"count":52,"href":"https:\/\/cdu-kaarst.de\/en\/wp-json\/wp\/v2\/pages\/636\/revisions"}],"predecessor-version":[{"id":6020,"href":"https:\/\/cdu-kaarst.de\/en\/wp-json\/wp\/v2\/pages\/636\/revisions\/6020"}],"up":[{"embeddable":true,"href":"https:\/\/cdu-kaarst.de\/en\/wp-json\/wp\/v2\/pages\/121"}],"wp:featuredmedia":[{"embeddable":true,"href":"https:\/\/cdu-kaarst.de\/en\/wp-json\/wp\/v2\/media\/1137"}],"wp:attachment":[{"href":"https:\/\/cdu-kaarst.de\/en\/wp-json\/wp\/v2\/media?parent=636"}],"curies":[{"name":"wp","href":"https:\/\/api.w.org\/{rel}","templated":true}]}}