{"id":5381,"date":"2024-11-22T12:27:30","date_gmt":"2024-11-22T11:27:30","guid":{"rendered":"https:\/\/cdu-kaarst.de\/?post_type=termin&#038;p=5381"},"modified":"2024-11-26T15:15:22","modified_gmt":"2024-11-26T14:15:22","slug":"mitgliederversammlung-des-stadtverbands-aufstellung-der-ratskandidaten","status":"publish","type":"termin","link":"https:\/\/cdu-kaarst.de\/en\/termin\/mitgliederversammlung-des-stadtverbands-aufstellung-der-ratskandidaten\/","title":{"rendered":"General meeting of the city association, nomination of council candidates"},"content":{"rendered":"<p>In the run-up to the city council elections in Kaarst on <strong>14 September 2025<\/strong> we cordially invite all members to a preparatory meeting. Together we would like to discuss important topics and set the course for a successful election.<\/p>\n<p><strong>Date:<\/strong> Monday, 9 December 2024, 7:00 pm<br \/>\n<strong>Location:<\/strong> Georg-B\u00fcchner-Gymnasium, Am Holzb\u00fcttger Haus 1, 41564 Kaarst<\/p>\n<p>The agenda is listed below:<\/p>\n<h2>Agenda:<\/h2>\n<ol>\n<li>Opening and welcome<\/li>\n<li>Regulations\n<ol type=\"a\">\n<li>Determination of the proper convening of the meeting and the quorum<\/li>\n<li>Election of a chairman of the meeting<\/li>\n<li>Approval of the agenda<\/li>\n<li>Election of an election commission<\/li>\n<li>Election of a secretary for the minutes to be prepared in accordance with the model local election regulations (KWahlO)<\/li>\n<li>Election of two meeting participants for the affidavit<\/li>\n<li>Election of a shop steward and deputy shop steward<\/li>\n<\/ol>\n<\/li>\n<li>Report of the Chairman<\/li>\n<li>Report of the Election Commission<\/li>\n<li>Notes and findings on the preparation procedure<\/li>\n<li>Election of candidates for the council elections\n<ol type=\"a\">\n<li>Election of candidates for the constituencies<\/li>\n<li>Election of candidates for the reserve list including determination of their order<\/li>\n<\/ol>\n<\/li>\n<li>Reading and approval of the minutes according to the KWahlO model<\/li>\n<li>Vote on the appointment of district council candidates and piggyback candidates<\/li>\n<li>Miscellaneous<\/li>\n<li>Closing remarks and end of the event<\/li>\n<\/ol>\n<p><strong>Please also note the following important information!\u00a0<\/strong><\/p>\n<h3><em><strong>Notes:<\/strong><\/em><\/h3>\n<ol>\n<li><em>If the invitation is issued in due form and time, the meeting has a quorum regardless of the number of attendees.<\/em><\/li>\n<li><em>Please bring your identity card with you so that you can identify yourself and the Credentials Committee can check your eligibility to vote if necessary.<\/em><\/li>\n<li><em>All offices and functions are of course equally open to women, men and people of diverse genders, regardless of the linguistic designation. The use of the generic masculine in this invitation is merely for the sake of better readability.<\/em><\/li>\n<li><em>Only CDU members who are entitled to vote on the day of the meeting in accordance with the Local Elections Act (\u00a7\u00a7 7, 8 KWahlG) may participate in the election of candidates and substitute candidates for the council election.<\/em><\/li>\n<\/ol>\n<p>The invitation is available <a href=\"https:\/\/cdu-kaarst.de\/wp-content\/uploads\/Einladung-MV-09.12.2024.pdf\" target=\"_blank\" rel=\"noopener\">here as PDF for printing<\/a> available.<\/p>\n<p>We look forward to your participation!<\/p>\n<p>Christian Horn-Heinemann<br \/>\nElke Bong<br \/>\nDennis Oscheja<br \/>\n(Chairman and Deputy Chairman)<\/p>","protected":false},"featured_media":4371,"template":"","meta":{"datum":1733702400,"uhr":"19:00","bis":"","platz":"Georg-B\u00fcchner-Gymnasium","adresse":"Am Holzb\u00fcttger Haus 1, 41564 Kaarst","button-text":"Mehr Erfahren","einladung-herunterladen":"https:\/\/cdu-kaarst.de\/wp-content\/uploads\/Einladung-MV-09.12.2024.pdf"},"gemeinschaften":[],"class_list":["post-5381","termin","type-termin","status-publish","has-post-thumbnail","hentry"],"yoast_head":"<!-- This site is optimized with the Yoast SEO plugin v27.4 - https:\/\/yoast.com\/product\/yoast-seo-wordpress\/ -->\n<title>Mitgliederversammlung des Stadtverbands, Aufstellung der Ratskandidaten - CDU Kaarst-B\u00fcttgen<\/title>\n<meta name=\"robots\" content=\"noindex, follow\" \/>\n<meta property=\"og:locale\" content=\"en_GB\" \/>\n<meta property=\"og:type\" content=\"article\" \/>\n<meta property=\"og:title\" content=\"Mitgliederversammlung des Stadtverbands, Aufstellung der Ratskandidaten - CDU Kaarst-B\u00fcttgen\" \/>\n<meta property=\"og:description\" content=\"Im Vorfeld der Stadtratswahl in Kaarst am 14. September 2025 laden wir alle Mitglieder herzlich zu einer vorbereitenden Versammlung ein. Gemeinsam m\u00f6chten wir wichtige Themen besprechen und die Weichen f\u00fcr eine erfolgreiche Wahl stellen. Termin: Montag, 9. Dezember 2024, 19:00 Uhr Ort: Georg-B\u00fcchner-Gymnasium, Am Holzb\u00fcttger Haus 1, 41564 Kaarst Die Tagesordnung wird im Folgenden aufgelistet: [&hellip;]\" \/>\n<meta property=\"og:url\" content=\"https:\/\/cdu-kaarst.de\/en\/termin\/mitgliederversammlung-des-stadtverbands-aufstellung-der-ratskandidaten\/\" \/>\n<meta property=\"og:site_name\" content=\"CDU Kaarst-B\u00fcttgen\" \/>\n<meta property=\"article:modified_time\" content=\"2024-11-26T14:15:22+00:00\" \/>\n<meta property=\"og:image\" content=\"https:\/\/cdu-kaarst.de\/wp-content\/uploads\/cdu-termine-mitgliederversammlung.jpg\" \/>\n\t<meta property=\"og:image:width\" content=\"1000\" \/>\n\t<meta property=\"og:image:height\" content=\"568\" \/>\n\t<meta property=\"og:image:type\" content=\"image\/jpeg\" \/>\n<meta name=\"twitter:card\" content=\"summary_large_image\" \/>\n<meta name=\"twitter:label1\" content=\"Estimated reading time\" \/>\n\t<meta name=\"twitter:data1\" content=\"2 minutes\" \/>\n<script type=\"application\/ld+json\" class=\"yoast-schema-graph\">{\"@context\":\"https:\\\/\\\/schema.org\",\"@graph\":[{\"@type\":\"WebPage\",\"@id\":\"https:\\\/\\\/cdu-kaarst.de\\\/termin\\\/mitgliederversammlung-des-stadtverbands-aufstellung-der-ratskandidaten\\\/\",\"url\":\"https:\\\/\\\/cdu-kaarst.de\\\/termin\\\/mitgliederversammlung-des-stadtverbands-aufstellung-der-ratskandidaten\\\/\",\"name\":\"Mitgliederversammlung des Stadtverbands, Aufstellung der Ratskandidaten - CDU Kaarst-B\u00fcttgen\",\"isPartOf\":{\"@id\":\"https:\\\/\\\/cdu-kaarst.de\\\/#website\"},\"primaryImageOfPage\":{\"@id\":\"https:\\\/\\\/cdu-kaarst.de\\\/termin\\\/mitgliederversammlung-des-stadtverbands-aufstellung-der-ratskandidaten\\\/#primaryimage\"},\"image\":{\"@id\":\"https:\\\/\\\/cdu-kaarst.de\\\/termin\\\/mitgliederversammlung-des-stadtverbands-aufstellung-der-ratskandidaten\\\/#primaryimage\"},\"thumbnailUrl\":\"https:\\\/\\\/cdu-kaarst.de\\\/wp-content\\\/uploads\\\/cdu-termine-mitgliederversammlung.jpg\",\"datePublished\":\"2024-11-22T11:27:30+00:00\",\"dateModified\":\"2024-11-26T14:15:22+00:00\",\"breadcrumb\":{\"@id\":\"https:\\\/\\\/cdu-kaarst.de\\\/termin\\\/mitgliederversammlung-des-stadtverbands-aufstellung-der-ratskandidaten\\\/#breadcrumb\"},\"inLanguage\":\"en-GB\",\"potentialAction\":[{\"@type\":\"ReadAction\",\"target\":[\"https:\\\/\\\/cdu-kaarst.de\\\/termin\\\/mitgliederversammlung-des-stadtverbands-aufstellung-der-ratskandidaten\\\/\"]}]},{\"@type\":\"ImageObject\",\"inLanguage\":\"en-GB\",\"@id\":\"https:\\\/\\\/cdu-kaarst.de\\\/termin\\\/mitgliederversammlung-des-stadtverbands-aufstellung-der-ratskandidaten\\\/#primaryimage\",\"url\":\"https:\\\/\\\/cdu-kaarst.de\\\/wp-content\\\/uploads\\\/cdu-termine-mitgliederversammlung.jpg\",\"contentUrl\":\"https:\\\/\\\/cdu-kaarst.de\\\/wp-content\\\/uploads\\\/cdu-termine-mitgliederversammlung.jpg\",\"width\":1000,\"height\":568},{\"@type\":\"BreadcrumbList\",\"@id\":\"https:\\\/\\\/cdu-kaarst.de\\\/termin\\\/mitgliederversammlung-des-stadtverbands-aufstellung-der-ratskandidaten\\\/#breadcrumb\",\"itemListElement\":[{\"@type\":\"ListItem\",\"position\":1,\"name\":\"Startseite\",\"item\":\"https:\\\/\\\/cdu-kaarst.de\\\/\"},{\"@type\":\"ListItem\",\"position\":2,\"name\":\"Termin\",\"item\":\"https:\\\/\\\/cdu-kaarst.de\\\/termin\\\/\"},{\"@type\":\"ListItem\",\"position\":3,\"name\":\"Mitgliederversammlung des Stadtverbands, Aufstellung der Ratskandidaten\"}]},{\"@type\":\"WebSite\",\"@id\":\"https:\\\/\\\/cdu-kaarst.de\\\/#website\",\"url\":\"https:\\\/\\\/cdu-kaarst.de\\\/\",\"name\":\"CDU Kaarst-B\u00fcttgen\",\"description\":\"gut Leben in Kaarst\",\"publisher\":{\"@id\":\"https:\\\/\\\/cdu-kaarst.de\\\/#organization\"},\"potentialAction\":[{\"@type\":\"SearchAction\",\"target\":{\"@type\":\"EntryPoint\",\"urlTemplate\":\"https:\\\/\\\/cdu-kaarst.de\\\/?s={search_term_string}\"},\"query-input\":{\"@type\":\"PropertyValueSpecification\",\"valueRequired\":true,\"valueName\":\"search_term_string\"}}],\"inLanguage\":\"en-GB\"},{\"@type\":\"Organization\",\"@id\":\"https:\\\/\\\/cdu-kaarst.de\\\/#organization\",\"name\":\"CDU Kaarst-B\u00fcttgen\",\"url\":\"https:\\\/\\\/cdu-kaarst.de\\\/\",\"logo\":{\"@type\":\"ImageObject\",\"inLanguage\":\"en-GB\",\"@id\":\"https:\\\/\\\/cdu-kaarst.de\\\/#\\\/schema\\\/logo\\\/image\\\/\",\"url\":\"https:\\\/\\\/cdu-kaarst.de\\\/wp-content\\\/uploads\\\/cdu-gesamtlogo.png\",\"contentUrl\":\"https:\\\/\\\/cdu-kaarst.de\\\/wp-content\\\/uploads\\\/cdu-gesamtlogo.png\",\"width\":418,\"height\":120,\"caption\":\"CDU Kaarst-B\u00fcttgen\"},\"image\":{\"@id\":\"https:\\\/\\\/cdu-kaarst.de\\\/#\\\/schema\\\/logo\\\/image\\\/\"}}]}<\/script>\n<!-- \/ Yoast SEO plugin. -->","yoast_head_json":{"title":"Mitgliederversammlung des Stadtverbands, Aufstellung der Ratskandidaten - CDU Kaarst-B\u00fcttgen","robots":{"index":"noindex","follow":"follow"},"og_locale":"en_GB","og_type":"article","og_title":"Mitgliederversammlung des Stadtverbands, Aufstellung der Ratskandidaten - CDU Kaarst-B\u00fcttgen","og_description":"Im Vorfeld der Stadtratswahl in Kaarst am 14. September 2025 laden wir alle Mitglieder herzlich zu einer vorbereitenden Versammlung ein. Gemeinsam m\u00f6chten wir wichtige Themen besprechen und die Weichen f\u00fcr eine erfolgreiche Wahl stellen. Termin: Montag, 9. Dezember 2024, 19:00 Uhr Ort: Georg-B\u00fcchner-Gymnasium, Am Holzb\u00fcttger Haus 1, 41564 Kaarst Die Tagesordnung wird im Folgenden aufgelistet: [&hellip;]","og_url":"https:\/\/cdu-kaarst.de\/en\/termin\/mitgliederversammlung-des-stadtverbands-aufstellung-der-ratskandidaten\/","og_site_name":"CDU Kaarst-B\u00fcttgen","article_modified_time":"2024-11-26T14:15:22+00:00","og_image":[{"width":1000,"height":568,"url":"https:\/\/cdu-kaarst.de\/wp-content\/uploads\/cdu-termine-mitgliederversammlung.jpg","type":"image\/jpeg"}],"twitter_card":"summary_large_image","twitter_misc":{"Estimated reading time":"2 minutes"},"schema":{"@context":"https:\/\/schema.org","@graph":[{"@type":"WebPage","@id":"https:\/\/cdu-kaarst.de\/termin\/mitgliederversammlung-des-stadtverbands-aufstellung-der-ratskandidaten\/","url":"https:\/\/cdu-kaarst.de\/termin\/mitgliederversammlung-des-stadtverbands-aufstellung-der-ratskandidaten\/","name":"Mitgliederversammlung des Stadtverbands, Aufstellung der Ratskandidaten - CDU Kaarst-B\u00fcttgen","isPartOf":{"@id":"https:\/\/cdu-kaarst.de\/#website"},"primaryImageOfPage":{"@id":"https:\/\/cdu-kaarst.de\/termin\/mitgliederversammlung-des-stadtverbands-aufstellung-der-ratskandidaten\/#primaryimage"},"image":{"@id":"https:\/\/cdu-kaarst.de\/termin\/mitgliederversammlung-des-stadtverbands-aufstellung-der-ratskandidaten\/#primaryimage"},"thumbnailUrl":"https:\/\/cdu-kaarst.de\/wp-content\/uploads\/cdu-termine-mitgliederversammlung.jpg","datePublished":"2024-11-22T11:27:30+00:00","dateModified":"2024-11-26T14:15:22+00:00","breadcrumb":{"@id":"https:\/\/cdu-kaarst.de\/termin\/mitgliederversammlung-des-stadtverbands-aufstellung-der-ratskandidaten\/#breadcrumb"},"inLanguage":"en-GB","potentialAction":[{"@type":"ReadAction","target":["https:\/\/cdu-kaarst.de\/termin\/mitgliederversammlung-des-stadtverbands-aufstellung-der-ratskandidaten\/"]}]},{"@type":"ImageObject","inLanguage":"en-GB","@id":"https:\/\/cdu-kaarst.de\/termin\/mitgliederversammlung-des-stadtverbands-aufstellung-der-ratskandidaten\/#primaryimage","url":"https:\/\/cdu-kaarst.de\/wp-content\/uploads\/cdu-termine-mitgliederversammlung.jpg","contentUrl":"https:\/\/cdu-kaarst.de\/wp-content\/uploads\/cdu-termine-mitgliederversammlung.jpg","width":1000,"height":568},{"@type":"BreadcrumbList","@id":"https:\/\/cdu-kaarst.de\/termin\/mitgliederversammlung-des-stadtverbands-aufstellung-der-ratskandidaten\/#breadcrumb","itemListElement":[{"@type":"ListItem","position":1,"name":"Startseite","item":"https:\/\/cdu-kaarst.de\/"},{"@type":"ListItem","position":2,"name":"Termin","item":"https:\/\/cdu-kaarst.de\/termin\/"},{"@type":"ListItem","position":3,"name":"Mitgliederversammlung des Stadtverbands, Aufstellung der Ratskandidaten"}]},{"@type":"WebSite","@id":"https:\/\/cdu-kaarst.de\/#website","url":"https:\/\/cdu-kaarst.de\/","name":"CDU Kaarst-B\u00fcttgen","description":"living well in Kaarst","publisher":{"@id":"https:\/\/cdu-kaarst.de\/#organization"},"potentialAction":[{"@type":"SearchAction","target":{"@type":"EntryPoint","urlTemplate":"https:\/\/cdu-kaarst.de\/?s={search_term_string}"},"query-input":{"@type":"PropertyValueSpecification","valueRequired":true,"valueName":"search_term_string"}}],"inLanguage":"en-GB"},{"@type":"Organization","@id":"https:\/\/cdu-kaarst.de\/#organization","name":"CDU Kaarst-B\u00fcttgen","url":"https:\/\/cdu-kaarst.de\/","logo":{"@type":"ImageObject","inLanguage":"en-GB","@id":"https:\/\/cdu-kaarst.de\/#\/schema\/logo\/image\/","url":"https:\/\/cdu-kaarst.de\/wp-content\/uploads\/cdu-gesamtlogo.png","contentUrl":"https:\/\/cdu-kaarst.de\/wp-content\/uploads\/cdu-gesamtlogo.png","width":418,"height":120,"caption":"CDU Kaarst-B\u00fcttgen"},"image":{"@id":"https:\/\/cdu-kaarst.de\/#\/schema\/logo\/image\/"}}]}},"_links":{"self":[{"href":"https:\/\/cdu-kaarst.de\/en\/wp-json\/wp\/v2\/termin\/5381","targetHints":{"allow":["GET"]}}],"collection":[{"href":"https:\/\/cdu-kaarst.de\/en\/wp-json\/wp\/v2\/termin"}],"about":[{"href":"https:\/\/cdu-kaarst.de\/en\/wp-json\/wp\/v2\/types\/termin"}],"wp:featuredmedia":[{"embeddable":true,"href":"https:\/\/cdu-kaarst.de\/en\/wp-json\/wp\/v2\/media\/4371"}],"wp:attachment":[{"href":"https:\/\/cdu-kaarst.de\/en\/wp-json\/wp\/v2\/media?parent=5381"}],"wp:term":[{"taxonomy":"gemeinschaften","embeddable":true,"href":"https:\/\/cdu-kaarst.de\/en\/wp-json\/wp\/v2\/gemeinschaften?post=5381"}],"curies":[{"name":"wp","href":"https:\/\/api.w.org\/{rel}","templated":true}]}}