{"id":5737,"date":"2025-01-06T15:57:58","date_gmt":"2025-01-06T14:57:58","guid":{"rendered":"https:\/\/cdu-kaarst.de\/?post_type=termin&#038;p=5737"},"modified":"2025-01-06T16:02:37","modified_gmt":"2025-01-06T15:02:37","slug":"einladung-zum-gruenkohlessen","status":"publish","type":"termin","link":"https:\/\/cdu-kaarst.de\/en\/termin\/einladung-zum-gruenkohlessen\/","title":{"rendered":"Invitation to a kale dinner"},"content":{"rendered":"<h2>Dear members of the <a href=\"https:\/\/cdu-kaarst.de\/en\/partei\/vereinigungen\/senioren-union\/\" target=\"_blank\" rel=\"noopener\">Kaarster Seniors' Union<\/a>,<\/h2>\n<p>We hereby cordially invite you to the first 2025 event.<\/p>\n<h3><strong>Friday, 17 January 2025<\/strong><br \/>\n<strong>Start 16:00 \/ Admission 15:30<\/strong><br \/>\n<a href=\"https:\/\/www.google.com\/maps\/place\/\/data=!4m2!3m1!1s0x47b8b3cea563cfa9:0xd31273d729368d31?sa=X&amp;ved=1t:8290&amp;ictx=111\" target=\"_blank\" rel=\"noopener\"><strong>in Johnens Tenne in Kaarst,<br \/>\nBroichdorfstra\u00dfe 57<\/strong><\/a><\/h3>\n<h3><strong>Living well in Kaarst<\/strong><br \/>\n<strong>\"Information on urban development\"<\/strong><br \/>\n<strong>Speaker: <a href=\"https:\/\/cdu-kaarst.de\/en\/personen\/christian-horn-heinemann\/\" target=\"_blank\" rel=\"noopener\">Christian Horn-Heinemann<\/a><\/strong><br \/>\n<strong>Candidate for mayor of the CDU Kaarst<\/strong><\/h3>\n<p>This is followed by a communal kale meal.<br \/>\n<strong><span style=\"color: #ff0000;\">For organisational reasons, please register in writing by 13.01.2025, stating your meal preference.<\/span><\/strong><\/p>\n<p><a href=\"https:\/\/cdu-kaarst.de\/wp-content\/uploads\/Rueckantwort-Gruenkohlessen-2025.pdf\" target=\"_blank\" rel=\"noopener\">Download registration<\/a><\/p>\n<ol>\n<li><strong>Kale with smoked sausage or smoked pork loin (kale can be served later)<\/strong><\/li>\n<li><strong>Fried potatoes with brawn<\/strong><\/li>\n<li><strong>Cold roast beef with roast potatoes<\/strong><\/li>\n<\/ol>\n<p>&nbsp;<\/p>\n<p>Each dish at a price of 15.50\u20ac (self-paying)<\/p>\n<p>We look forward to seeing you again and to a cheerful get-together. Guests are very welcome! Admission is free!<\/p>\n<p>Yours sincerely<\/p>\n<p><a href=\"https:\/\/cdu-kaarst.de\/en\/personen\/theo-thissen\/\">Theo Thissen<\/a><br \/>\nPhone: 02131 666792<br \/>\nE-mail: tthissen@gmx.de<\/p>\n<p>Heinz K\u00e4sgen<br \/>\nPhone: 02131 605343<\/p>\n<p><a href=\"https:\/\/cdu-kaarst.de\/en\/partei\/vereinigungen\/senioren-union\/\"><img decoding=\"async\" class=\"alignnone wp-image-5741 size-medium\" src=\"https:\/\/cdu-kaarst.de\/wp-content\/uploads\/cdu-kaarst-senioren-union-300x147.jpg\" alt=\"\" width=\"300\" height=\"147\" srcset=\"https:\/\/cdu-kaarst.de\/wp-content\/uploads\/cdu-kaarst-senioren-union-300x147.jpg 300w, https:\/\/cdu-kaarst.de\/wp-content\/uploads\/cdu-kaarst-senioren-union-18x9.jpg 18w, https:\/\/cdu-kaarst.de\/wp-content\/uploads\/cdu-kaarst-senioren-union.jpg 452w\" sizes=\"(max-width: 300px) 100vw, 300px\" \/><\/a><\/p>","protected":false},"featured_media":5743,"template":"","meta":{"datum":1737072000,"uhr":"15:30","bis":"","platz":"Johnen\u2019s Tenne \u2013 Haus Broicherdorf","adresse":"Broicherdorfstra\u00dfe 57, 41564 Kaarst","button-text":"Mehr Erfahren","einladung-herunterladen":"https:\/\/cdu-kaarst.de\/wp-content\/uploads\/Einladung-Gruenkohlessen-und-Anmeldung-17.01.2025.pdf"},"gemeinschaften":[],"class_list":["post-5737","termin","type-termin","status-publish","has-post-thumbnail","hentry"],"yoast_head":"<!-- This site is optimized with the Yoast SEO plugin v27.4 - https:\/\/yoast.com\/product\/yoast-seo-wordpress\/ -->\n<title>Einladung zum Gr\u00fcnkohlessen - CDU Kaarst-B\u00fcttgen<\/title>\n<meta name=\"robots\" content=\"noindex, follow\" \/>\n<meta property=\"og:locale\" content=\"en_GB\" \/>\n<meta property=\"og:type\" content=\"article\" \/>\n<meta property=\"og:title\" content=\"Einladung zum Gr\u00fcnkohlessen - CDU Kaarst-B\u00fcttgen\" \/>\n<meta property=\"og:description\" content=\"Liebe Mitglieder der Kaarster Senioren-Union, hiermit laden wir zur ersten Veranstaltung 2025 sehr herzlich ein. Freitag, 17. Januar 2025 Beginn 16:00 Uhr \/ Einlass 15:30 Uhr in Johnens Tenne in Kaarst, Broichdorfstra\u00dfe 57 Gut leben in Kaarst &#8222;Informationen zur Stadtentwicklung&#8220; Referent: Christian Horn-Heinemann B\u00fcrgermeisterkandidat der CDU Kaarst Im Anschluss findet das gemeinsame Gr\u00fcnkohlessen statt. Aus [&hellip;]\" \/>\n<meta property=\"og:url\" content=\"https:\/\/cdu-kaarst.de\/en\/termin\/einladung-zum-gruenkohlessen\/\" \/>\n<meta property=\"og:site_name\" content=\"CDU Kaarst-B\u00fcttgen\" \/>\n<meta property=\"article:modified_time\" content=\"2025-01-06T15:02:37+00:00\" \/>\n<meta property=\"og:image\" content=\"https:\/\/cdu-kaarst.de\/wp-content\/uploads\/cdu-kaarst-gruenkohlessen-senioren-union.jpg\" \/>\n\t<meta property=\"og:image:width\" content=\"1024\" \/>\n\t<meta property=\"og:image:height\" content=\"768\" \/>\n\t<meta property=\"og:image:type\" content=\"image\/jpeg\" \/>\n<meta name=\"twitter:card\" content=\"summary_large_image\" \/>\n<meta name=\"twitter:label1\" content=\"Estimated reading time\" \/>\n\t<meta name=\"twitter:data1\" content=\"1 minute\" \/>\n<script type=\"application\/ld+json\" class=\"yoast-schema-graph\">{\"@context\":\"https:\\\/\\\/schema.org\",\"@graph\":[{\"@type\":\"WebPage\",\"@id\":\"https:\\\/\\\/cdu-kaarst.de\\\/termin\\\/einladung-zum-gruenkohlessen\\\/\",\"url\":\"https:\\\/\\\/cdu-kaarst.de\\\/termin\\\/einladung-zum-gruenkohlessen\\\/\",\"name\":\"Einladung zum Gr\u00fcnkohlessen - CDU Kaarst-B\u00fcttgen\",\"isPartOf\":{\"@id\":\"https:\\\/\\\/cdu-kaarst.de\\\/#website\"},\"primaryImageOfPage\":{\"@id\":\"https:\\\/\\\/cdu-kaarst.de\\\/termin\\\/einladung-zum-gruenkohlessen\\\/#primaryimage\"},\"image\":{\"@id\":\"https:\\\/\\\/cdu-kaarst.de\\\/termin\\\/einladung-zum-gruenkohlessen\\\/#primaryimage\"},\"thumbnailUrl\":\"https:\\\/\\\/cdu-kaarst.de\\\/wp-content\\\/uploads\\\/cdu-kaarst-gruenkohlessen-senioren-union.jpg\",\"datePublished\":\"2025-01-06T14:57:58+00:00\",\"dateModified\":\"2025-01-06T15:02:37+00:00\",\"breadcrumb\":{\"@id\":\"https:\\\/\\\/cdu-kaarst.de\\\/termin\\\/einladung-zum-gruenkohlessen\\\/#breadcrumb\"},\"inLanguage\":\"en-GB\",\"potentialAction\":[{\"@type\":\"ReadAction\",\"target\":[\"https:\\\/\\\/cdu-kaarst.de\\\/termin\\\/einladung-zum-gruenkohlessen\\\/\"]}]},{\"@type\":\"ImageObject\",\"inLanguage\":\"en-GB\",\"@id\":\"https:\\\/\\\/cdu-kaarst.de\\\/termin\\\/einladung-zum-gruenkohlessen\\\/#primaryimage\",\"url\":\"https:\\\/\\\/cdu-kaarst.de\\\/wp-content\\\/uploads\\\/cdu-kaarst-gruenkohlessen-senioren-union.jpg\",\"contentUrl\":\"https:\\\/\\\/cdu-kaarst.de\\\/wp-content\\\/uploads\\\/cdu-kaarst-gruenkohlessen-senioren-union.jpg\",\"width\":1024,\"height\":768},{\"@type\":\"BreadcrumbList\",\"@id\":\"https:\\\/\\\/cdu-kaarst.de\\\/termin\\\/einladung-zum-gruenkohlessen\\\/#breadcrumb\",\"itemListElement\":[{\"@type\":\"ListItem\",\"position\":1,\"name\":\"Startseite\",\"item\":\"https:\\\/\\\/cdu-kaarst.de\\\/\"},{\"@type\":\"ListItem\",\"position\":2,\"name\":\"Termin\",\"item\":\"https:\\\/\\\/cdu-kaarst.de\\\/termin\\\/\"},{\"@type\":\"ListItem\",\"position\":3,\"name\":\"Einladung zum Gr\u00fcnkohlessen\"}]},{\"@type\":\"WebSite\",\"@id\":\"https:\\\/\\\/cdu-kaarst.de\\\/#website\",\"url\":\"https:\\\/\\\/cdu-kaarst.de\\\/\",\"name\":\"CDU Kaarst-B\u00fcttgen\",\"description\":\"gut Leben in Kaarst\",\"publisher\":{\"@id\":\"https:\\\/\\\/cdu-kaarst.de\\\/#organization\"},\"potentialAction\":[{\"@type\":\"SearchAction\",\"target\":{\"@type\":\"EntryPoint\",\"urlTemplate\":\"https:\\\/\\\/cdu-kaarst.de\\\/?s={search_term_string}\"},\"query-input\":{\"@type\":\"PropertyValueSpecification\",\"valueRequired\":true,\"valueName\":\"search_term_string\"}}],\"inLanguage\":\"en-GB\"},{\"@type\":\"Organization\",\"@id\":\"https:\\\/\\\/cdu-kaarst.de\\\/#organization\",\"name\":\"CDU Kaarst-B\u00fcttgen\",\"url\":\"https:\\\/\\\/cdu-kaarst.de\\\/\",\"logo\":{\"@type\":\"ImageObject\",\"inLanguage\":\"en-GB\",\"@id\":\"https:\\\/\\\/cdu-kaarst.de\\\/#\\\/schema\\\/logo\\\/image\\\/\",\"url\":\"https:\\\/\\\/cdu-kaarst.de\\\/wp-content\\\/uploads\\\/cdu-gesamtlogo.png\",\"contentUrl\":\"https:\\\/\\\/cdu-kaarst.de\\\/wp-content\\\/uploads\\\/cdu-gesamtlogo.png\",\"width\":418,\"height\":120,\"caption\":\"CDU Kaarst-B\u00fcttgen\"},\"image\":{\"@id\":\"https:\\\/\\\/cdu-kaarst.de\\\/#\\\/schema\\\/logo\\\/image\\\/\"}}]}<\/script>\n<!-- \/ Yoast SEO plugin. -->","yoast_head_json":{"title":"Einladung zum Gr\u00fcnkohlessen - CDU Kaarst-B\u00fcttgen","robots":{"index":"noindex","follow":"follow"},"og_locale":"en_GB","og_type":"article","og_title":"Einladung zum Gr\u00fcnkohlessen - CDU Kaarst-B\u00fcttgen","og_description":"Liebe Mitglieder der Kaarster Senioren-Union, hiermit laden wir zur ersten Veranstaltung 2025 sehr herzlich ein. Freitag, 17. Januar 2025 Beginn 16:00 Uhr \/ Einlass 15:30 Uhr in Johnens Tenne in Kaarst, Broichdorfstra\u00dfe 57 Gut leben in Kaarst &#8222;Informationen zur Stadtentwicklung&#8220; Referent: Christian Horn-Heinemann B\u00fcrgermeisterkandidat der CDU Kaarst Im Anschluss findet das gemeinsame Gr\u00fcnkohlessen statt. Aus [&hellip;]","og_url":"https:\/\/cdu-kaarst.de\/en\/termin\/einladung-zum-gruenkohlessen\/","og_site_name":"CDU Kaarst-B\u00fcttgen","article_modified_time":"2025-01-06T15:02:37+00:00","og_image":[{"width":1024,"height":768,"url":"https:\/\/cdu-kaarst.de\/wp-content\/uploads\/cdu-kaarst-gruenkohlessen-senioren-union.jpg","type":"image\/jpeg"}],"twitter_card":"summary_large_image","twitter_misc":{"Estimated reading time":"1 minute"},"schema":{"@context":"https:\/\/schema.org","@graph":[{"@type":"WebPage","@id":"https:\/\/cdu-kaarst.de\/termin\/einladung-zum-gruenkohlessen\/","url":"https:\/\/cdu-kaarst.de\/termin\/einladung-zum-gruenkohlessen\/","name":"Einladung zum Gr\u00fcnkohlessen - CDU Kaarst-B\u00fcttgen","isPartOf":{"@id":"https:\/\/cdu-kaarst.de\/#website"},"primaryImageOfPage":{"@id":"https:\/\/cdu-kaarst.de\/termin\/einladung-zum-gruenkohlessen\/#primaryimage"},"image":{"@id":"https:\/\/cdu-kaarst.de\/termin\/einladung-zum-gruenkohlessen\/#primaryimage"},"thumbnailUrl":"https:\/\/cdu-kaarst.de\/wp-content\/uploads\/cdu-kaarst-gruenkohlessen-senioren-union.jpg","datePublished":"2025-01-06T14:57:58+00:00","dateModified":"2025-01-06T15:02:37+00:00","breadcrumb":{"@id":"https:\/\/cdu-kaarst.de\/termin\/einladung-zum-gruenkohlessen\/#breadcrumb"},"inLanguage":"en-GB","potentialAction":[{"@type":"ReadAction","target":["https:\/\/cdu-kaarst.de\/termin\/einladung-zum-gruenkohlessen\/"]}]},{"@type":"ImageObject","inLanguage":"en-GB","@id":"https:\/\/cdu-kaarst.de\/termin\/einladung-zum-gruenkohlessen\/#primaryimage","url":"https:\/\/cdu-kaarst.de\/wp-content\/uploads\/cdu-kaarst-gruenkohlessen-senioren-union.jpg","contentUrl":"https:\/\/cdu-kaarst.de\/wp-content\/uploads\/cdu-kaarst-gruenkohlessen-senioren-union.jpg","width":1024,"height":768},{"@type":"BreadcrumbList","@id":"https:\/\/cdu-kaarst.de\/termin\/einladung-zum-gruenkohlessen\/#breadcrumb","itemListElement":[{"@type":"ListItem","position":1,"name":"Startseite","item":"https:\/\/cdu-kaarst.de\/"},{"@type":"ListItem","position":2,"name":"Termin","item":"https:\/\/cdu-kaarst.de\/termin\/"},{"@type":"ListItem","position":3,"name":"Einladung zum Gr\u00fcnkohlessen"}]},{"@type":"WebSite","@id":"https:\/\/cdu-kaarst.de\/#website","url":"https:\/\/cdu-kaarst.de\/","name":"CDU Kaarst-B\u00fcttgen","description":"living well in Kaarst","publisher":{"@id":"https:\/\/cdu-kaarst.de\/#organization"},"potentialAction":[{"@type":"SearchAction","target":{"@type":"EntryPoint","urlTemplate":"https:\/\/cdu-kaarst.de\/?s={search_term_string}"},"query-input":{"@type":"PropertyValueSpecification","valueRequired":true,"valueName":"search_term_string"}}],"inLanguage":"en-GB"},{"@type":"Organization","@id":"https:\/\/cdu-kaarst.de\/#organization","name":"CDU Kaarst-B\u00fcttgen","url":"https:\/\/cdu-kaarst.de\/","logo":{"@type":"ImageObject","inLanguage":"en-GB","@id":"https:\/\/cdu-kaarst.de\/#\/schema\/logo\/image\/","url":"https:\/\/cdu-kaarst.de\/wp-content\/uploads\/cdu-gesamtlogo.png","contentUrl":"https:\/\/cdu-kaarst.de\/wp-content\/uploads\/cdu-gesamtlogo.png","width":418,"height":120,"caption":"CDU Kaarst-B\u00fcttgen"},"image":{"@id":"https:\/\/cdu-kaarst.de\/#\/schema\/logo\/image\/"}}]}},"_links":{"self":[{"href":"https:\/\/cdu-kaarst.de\/en\/wp-json\/wp\/v2\/termin\/5737","targetHints":{"allow":["GET"]}}],"collection":[{"href":"https:\/\/cdu-kaarst.de\/en\/wp-json\/wp\/v2\/termin"}],"about":[{"href":"https:\/\/cdu-kaarst.de\/en\/wp-json\/wp\/v2\/types\/termin"}],"wp:featuredmedia":[{"embeddable":true,"href":"https:\/\/cdu-kaarst.de\/en\/wp-json\/wp\/v2\/media\/5743"}],"wp:attachment":[{"href":"https:\/\/cdu-kaarst.de\/en\/wp-json\/wp\/v2\/media?parent=5737"}],"wp:term":[{"taxonomy":"gemeinschaften","embeddable":true,"href":"https:\/\/cdu-kaarst.de\/en\/wp-json\/wp\/v2\/gemeinschaften?post=5737"}],"curies":[{"name":"wp","href":"https:\/\/api.w.org\/{rel}","templated":true}]}}